{"id":8677,"date":"2023-05-16T10:51:25","date_gmt":"2023-05-16T08:51:25","guid":{"rendered":"https:\/\/www.corius.de\/impressum\/"},"modified":"2026-04-01T08:29:35","modified_gmt":"2026-04-01T06:29:35","slug":"imprint","status":"publish","type":"page","link":"https:\/\/www.corius.de\/en\/imprint\/","title":{"rendered":"Imprint"},"content":{"rendered":"\n<h2 class=\"wp-block-heading\">Information provided according to Sec. 5 Digital Services Act (DDG):<\/h2>\n\n\n\n<p>Corius Deutschland GmbH<br>Karlstra\u00dfe 60<br>80333 M\u00fcnchen<br>Germany<\/p>\n\n\n\n<h3 class=\"wp-block-heading\">Contact<\/h3>\n\n\n\n<p>Tel. <a href=\"tel:+4989588043250\">+49 89 588043250<\/a><br>E-Mail: <a href=\"mailto:info@corius.de\">info@corius.de<\/a><br><a href=\"https:\/\/www.corius.de\/en\/\" target=\"_blank\" rel=\"noreferrer noopener\">www.corius.de<\/a><\/p>\n\n\n\n<h3 class=\"wp-block-heading\">Represented by<\/h3>\n\n\n\n<p>Joel Euler<br>Heidi Niem\u00f6ller<\/p>\n\n\n\n<h3 class=\"wp-block-heading\">Register entry<\/h3>\n\n\n\n<p>HRB&nbsp;250888<br>Amtsgericht M\u00fcnchen<\/p>\n\n\n\n<h3 class=\"wp-block-heading\">VAT identification number:<\/h3>\n\n\n\n<p>DE312577602<\/p>\n\n\n\n<h3 class=\"wp-block-heading\">Liability for Contents<\/h3>\n\n\n\n<p>Although we endeavour to ensure that the content of our pages is up-to-date, complete and correct, we cannot guarantee this. As a service provider, we are responsible for our own content on these pages in accordance with general legislation pursuant to Section 7 (1) of the Digital Services Act (DDG). However, according to \u00a7\u00a7 8 to 10 of the Digital Services Act (DDG), as a service provider we are not obliged to monitor transmitted or stored third-party information or to investigate circumstances that indicate illegal activity. As soon as we become aware of any legal infringements, we will remove the relevant content immediately. However, any liability in this respect will only be assumed from the time we become aware of specific legal violations. Obligations to remove or block the use of information in accordance with general legislation remain unaffected by this. However, liability in this respect is only possible from the time of knowledge of a specific infringement. As soon as we become aware of such infringements, we will remove this content immediately.<\/p>\n\n\n\n<h3 class=\"wp-block-heading\">Liability for Links<\/h3>\n\n\n\n<p>Our offer includes links to external third party websites. We have no influence on the contents of those websites, therefore we cannot guarantee for those contents. Providers or administrators of linked websites are always responsible for their own contents. The linked websites had been checked for possible violations of law at the time of the establishment of the link. Illegal contents were not detected at the time of the linking. A permanent monitoring of the contents of linked websites cannot be imposed without reasonable indications that there has been a violation of law. Illegal links will be removed immediately at the time we get knowledge of them.<\/p>\n\n\n\n<h3 class=\"wp-block-heading\">Copyright<\/h3>\n\n\n\n<p>Contents and compilations published on these websites by the providers are subject to German copyright laws. Reproduction, editing, distribution as well as the use of any kind outside the scope of the copyright law require a written permission of the author or originator. Downloads and copies of these websites are permitted for private use only. The commercial use of our contents without permission of the originator is prohibited. Copyright laws of third parties are respected as long as the contents on these websites do not originate from the provider. Contributions of third parties on this site are indicated as such. However, if you notice any violations of copyright law, please inform us. Such contents will be removed immediately.<\/p>\n\n\n\n<h3 class=\"wp-block-heading\">Photo Credit<\/h3>\n\n\n\n<p>Foto (Wissenschaftler sprechen in pathology lab): \u00a9 Hybrid Images, Quelle: <a href=\"https:\/\/www.istockphoto.com\/de\/foto\/wissenschaftler-sprechen-in-pathology-lab-gm137547809-78491373\" target=\"_blank\" rel=\"noreferrer noopener\">iStock<\/a><br>Foto (Portrait of doctors with anamnesis questionnaire): \u00a9 Westend61, Quelle: <a href=\"https:\/\/www.gettyimages.de\/detail\/foto\/portrait-of-doctors-with-anamnesis-questionnaire-lizenzfreies-bild\/1056340998\" target=\"_blank\" rel=\"noreferrer noopener\">gettyimages<\/a><br>Foto (Dermatoskopie): \u00a9 zoranm, Quelle: <a href=\"https:\/\/www.istockphoto.com\/de\/foto\/dermatoskopie-gm177635141-26657599\" target=\"_blank\" rel=\"noreferrer noopener\">iStock<\/a><br>Foto (Zwei \u00c4rzte sprechen, w\u00e4hrend sie durch modernes Krankenhaus gehen): \u00a9 monkeybusinessimages, Quelle: <a href=\"https:\/\/www.istockphoto.com\/de\/foto\/zwei-%C3%A4rzte-sprechen-w%C3%A4hrend-sie-durch-modernes-krankenhaus-gehen-gm600072006-103145629\" target=\"_blank\" rel=\"noreferrer noopener\">iStock<\/a><br>Foto (Arzt im Krankenhaus schrieben medizinische Dokumentation und mit Laptop): \u00a9 pcess609, Quelle: <a href=\"https:\/\/www.istockphoto.com\/de\/foto\/arzt-im-krankenhaus-schreiben-medizinische-dokumentation-und-mit-laptop-gm1156853489-315450860\" target=\"_blank\" rel=\"noreferrer noopener\">iStock<\/a><br>Foto (Zwei Gesch\u00e4ftsleute beim H\u00e4ndesch\u00fctteln) \u00a9 AndreyPopov, Quelle: <a href=\"https:\/\/www.istockphoto.com\/de\/foto\/zwei-gesch%C3%A4ftsleute-beim-h%C3%A4ndesch%C3%BCtteln-gm1037082170-277618986\" target=\"_blank\" rel=\"noreferrer noopener\">iStock<\/a><br>Foto (Haben Sie in der Krankenhaus-\u00c4rzte Diskussion beim Tablet-Computer verwenden. Im Hintergrund Patienten und medizinisches Personal. Neue moderne voll funktionsf\u00e4hige medizinische Einrichtung) \u00a9 gorodenkoff, Quelle: <a href=\"https:\/\/www.istockphoto.com\/de\/foto\/haben-sie-in-der-krankenhaus-%C3%A4rzte-diskussion-beim-tablet-computer-verwenden-im-gm995338576-269418649\" target=\"_blank\" rel=\"noreferrer noopener\">iStock<\/a><br>Foto (Weibliche \u00c4rztin, die eine m\u00e4nnliche Patiententests zeigt, testet Ergebnisse auf digitales Tablet im Amt) \u00a9 monkeybusinessimages, Quelle: <a href=\"https:\/\/www.istockphoto.com\/de\/foto\/weibliche-%C3%A4rztin-die-eine-m%C3%A4nnliche-patiententests-zeigt-testet-ergebnisse-auf-gm1147973509-309862235\" target=\"_blank\" rel=\"noreferrer noopener\">iStock<\/a><br>Foto (Ihre Gesundheit ist mir wichtig) \u00a9 kupicoo, Quelle: <a href=\"https:\/\/www.istockphoto.com\/de\/foto\/ihre-gesundheit-ist-mir-wichtig-gm475832228-66177563\" target=\"_blank\" rel=\"noreferrer noopener\">iStock<\/a><br>Foto (Arzt und Administratoren im Gespr\u00e4ch in der Krankenhauslobby) \u00a9 Martin Barraud, Quelle: <a href=\"https:\/\/www.istockphoto.com\/de\/foto\/arzt-und-administratoren-im-gespr%C3%A4ch-in-der-krankenhauslobby-gm495829493-495829493\" target=\"_blank\" rel=\"noreferrer noopener\">iStock<\/a><br>Foto: (Krankenversicherung \u2013 Konzept) \u00a9 scyther5, Quelle <a href=\"https:\/\/www.istockphoto.com\/de\/foto\/krankenversicherung-konzept-gm1208672944-349457300\" target=\"_blank\" rel=\"noreferrer noopener\">iStock<\/a><br>Foto: (Medizinstudenten im Zimmer des Patienten im Krankenhaus) \u00a9 SDI Productions, Quelle: <a href=\"https:\/\/www.istockphoto.com\/de\/foto\/medizinstudenten-im-zimmer-des-patienten-im-krankenhaus-gm696824554-129034987\" target=\"_blank\" rel=\"noreferrer noopener\">iStock<\/a><br>Foto: (Gesch\u00e4ftsleute, die Planung \u00fcber selbstklebende Noten) \u00a9 St\u00edgur M\u00e1r Karlsson \/Heimsmyndir, Quelle: <a href=\"https:\/\/www.istockphoto.com\/de\/foto\/gesch%C3%A4ftsleute-die-planung-%C3%BCber-selbstklebende-noten-gm919504624-252814213\" target=\"_blank\" rel=\"noreferrer noopener\">iStock<\/a><br>Foto (M\u00e4nnlicher Business-Coach-Sprecher in Anzug geben Flipchart-Pr\u00e4sentation) \u00a9 fizkes, Quelle: <a href=\"https:\/\/www.istockphoto.com\/de\/foto\/m%C3%A4nnlicher-business-coach-sprecher-in-anzug-geben-flipchart-pr%C3%A4sentation-gm1151593834-312150544\" target=\"_blank\" rel=\"noreferrer noopener\">iStock<\/a><br>Foto (Gesch\u00e4ftsleute bei einem Seminar) \u00a9 sanjeri, Quelle: <a href=\"https:\/\/www.istockphoto.com\/de\/foto\/gesch%C3%A4ftsleute-bei-einem-seminar-gm1181252319-331236642\" target=\"_blank\" rel=\"noreferrer noopener\">iStock<\/a><br>Foto (Gesch\u00e4ftstreffen der \u00c4rzte) \u00a9 AnnaStills, Quelle: <a href=\"https:\/\/www.istockphoto.com\/de\/foto\/gesch%C3%A4ftstreffen-der-%C3%A4rzte-gm1224424267-360025096\" target=\"_blank\" rel=\"noreferrer noopener\">iStock<\/a><br>Foto (Gesch\u00e4ftliche Diskussion) \u00a9 filadendron, Quelle: <a href=\"https:\/\/www.istockphoto.com\/de\/foto\/gesch%C3%A4ftliche-diskussion-gm1350473993-426566421\" target=\"_blank\" rel=\"noreferrer noopener\">iStock<\/a><br>Foto (image of a speaker giving a lecture at a business seminar) \u00a9 ASDF, Quelle: <a href=\"https:\/\/stock.adobe.com\/de\/images\/image-of-a-speaker-giving-a-lecture-at-a-business-seminar\/353728078\" target=\"_blank\" rel=\"noreferrer noopener\">iStock<\/a><br>Fotos (Gesch\u00e4fsf\u00fchrung) \u00a9 <a href=\"https:\/\/johanna-lohr.de\/\" target=\"_blank\" rel=\"noreferrer noopener\">Johanna Lohr<\/a><br>Foto (Bandscheibenklinik Gensingen): \u00a9 Fotostudio L\u00f6ffler<br>Foto (skin + more MVZ): \u00a9 CORIUS<br>Foto (Laser-Klink): \u00a9 CORIUS<br>Foto (MVZ Hansaklinik): \u00a9 Markus Steur Fotografie<br>Foto (MVZ Dermatologisches Zentrum Bonn \u2013 alle Standorte): \u00a9 CORIUS<br>Foto (Blue Lagoon): \u00a9 CORIUS<br>Foto (SanaSkin): \u00a9 medBrander GROUP<br>Foto (Hautarztpraxis): \u00a9 Mattes Films AG<br>Foto (MVZ Praxis Dr. Cornely D\u00fcsseldorf): \u00a9 CORIUS<br>Foto (MVZ-Dermatologie am Neuen Wall): \u00a9 Eva H\u00e4berle<br>Foto (Heinz-Werner-Seifert-Institut Bonn): \u00a9 deepblue4you, Quelle: <a href=\"https:\/\/www.istockphoto.com\/de\/foto\/hospital-die-glast%C3%BCren-f%C3%BCr-den-betrieb-bereich-gm171586919-20784522\" target=\"_blank\" rel=\"noreferrer noopener\">iStock<\/a><br>Foto (Dermatologie am See): \u00a9 CORIUS<br>Foto (CG LYMPHA &#8211; alle Standorte): \u00a9 CG LYMPHA<br>Foto (MVZ-Dermatologie &amp; \u00c4sthetik Saarland &#8211; alle Standorte): \u00a9 CORIUS<br>Foto (Care Cosmetic): \u00a9 CORIUS<br>Foto (VenenZentrum am See): \u00a9 CORIUS<br>Foto (MVZ Das Gef\u00e4\u00dfzentrum am Rudolfplatz): \u00a9 HHC Hertel &amp; Medtronic GmbH<br>Foto (MVZ Hautzentrum an der Oper): \u00a9 MVZ Haut- und Laserzentrum an der Oper<br>Foto (AIYASHA Medical Spa): \u00a9 AIYASHA Medical Spa<br>Foto (MVZ Hautzentrum am Kalten Markt): \u00a9 CORIUS<br>Foto (MVZ Hautzentrum am Kurpark): \u00a9 MVZ Hautzentrum am Kurpark<br>Foto (MVZ f\u00fcr Neurochirurgie\/Neuroradiologie Mainz): \u00a9 CORIUS<br>Foto (Derma Limmattal): \u00a9 Derma Limmattal<br>Foto (Hautarztpraxis Dr. Monika Br\u00fcck): \u00a9 Ralf Koch &amp; Beate Armbruster<br>Foto (MVZ Hautzentrum Dr. Dirting &#8211; alle Standorte): \u00a9 Charles Deluvio, Quelle:\u00a0<a href=\"https:\/\/unsplash.com\/photos\/alOZCV-GrcY\" target=\"_blank\" rel=\"noopener\">Unsplash<\/a><br>Foto (Hautzentrum am Riga Ring): \u00a9 Hautzentrum am Riga Ring<br>Foto (MVZ Dermatologie im Villenviertel): \u00a9 MVZ Dermatologie im Villenviertel<br>Foto (Hautzentrum am Starnberger See): \u00a9 www.starnberg-werbeagentur.de<br>Foto (Kliniek Veldhoven): \u00a9 Mauritsklinieken<br>Foto (Mauritsklinieken &#8211; alle Standorte): \u00a9 Mauritsklinieken<br>Foto (MVZ Venenzentrum L\u00fcneburg): \u00a9 Roland W\u00f6lk<br>Foto (MVZ FOKUS HAUT- Koblenz): \u00a9 DREImalE<br>Foto (Dermatologie am Friedensengel): \u00a9 brphotographie<br>Foto (MVZ Haut &amp; Laser \u00d6hringen): \u00a9 MVZ Haut &amp; Laser \u00d6hringen<br>Foto (Aesthetic-Institut \u00d6hringen): \u00a9 Aesthetic-Institut \u00d6hringen<br>Foto (Dermatologie Potsdam MVZ): \u00a9 BILDHAUS<br>Foto (Kosmetikinstitut Potsdam): \u00a9 BILDHAUS<br>Foto (MVZ Hautzentrum Vechta): \u00a9 Werbefotografie Timo Lutz<br>Foto (MVZ Hautzentrum Cloppenburg): \u00a9 Werbefotografie Timo Lutz<br>Foto (MVZ Dermatologie &amp; Histologie Westerstede &#8211; alle Standorte): \u00a9 CORIUS<br>Foto (Ceulen Klinieken &#8211; alle Standorte): \u00a9 Fotostudio L\u00f6ffler<br>Foto (Dermatologisch Centrum Utrecht \u2013 alle Standorte): \u00a9 Dermatologisches Centrum Utrecht<br>Foto (MVZ Hautzentrum Meyer-Rogge): \u00a9 Baden 360\/ Benjamin Sch\u00e4fer<br>Foto (Derma-Clinic): \u00a9 Baden 360\/ Benjamin Sch\u00e4fer<br>Foto (Cosmetic Center Karlsruhe): \u00a9 Baden 360\/ Benjamin Sch\u00e4fer<br>Foto (Mohs Klinieken \u2013 alle Standorte): \u00a9 Mohs Klinieken<br>Foto (M\u00e4dchen mit Smartphone): \u00a9 D-Kleine, Quelle: Getty Images Signature \/ Canva<br>Foto (Draufsicht auf Beine und Schuhe auf der Stra\u00dfe mit Text der Generation Alpha): \u00a9 charnsitr, Quelle: Getty Images \/ Canva<br>Foto (Haut\u00e4rztliches MVZ Kempen GmbH): \u00a9 Haut\u00e4rztliches MVZ Kempen GmbH<br>Foto (MVZ Dermatologie an der Oper): \u00a9 Pavel Madue\u00f1o<br>Foto (17ziele): \u00a9 United Nations, Quelle: <a href=\"https:\/\/17ziele.de\/downloads.html\" target=\"_blank\" rel=\"noreferrer noopener\">Ziele f\u00fcr nachhaltige Entwicklung<\/a><br>Foto (Charta der Vielfalt): \u00a9 Charta der Vielfalt e. V., Quelle: <a href=\"https:\/\/www.charta-der-vielfalt.de\/\" target=\"_blank\" rel=\"noreferrer noopener\">Charta der Vielfalt e. V.<\/a><br>Foto (MVZ Hautzentrum Radolfzell): \u00a9 MVZ Hautzentrum Radolfzell<br>Foto (MVZ Haut- und Laserzentrum W\u00fcrzburg): \u00a9 MVZ Haut- und Laserzentrum W\u00fcrzburg<br>Foto (MVZ Philippstor GmbH): \u00a9 Dr. Roswitha Brettschneider<br>Fotos (MVZ Corius Hautzentrum am Musikforum): \u00a9 Oliver C. Gregor<br>Foto (Zentrum f\u00fcr Dermatologie, Allergologie und Dermatopathologie Darmstadt MVZ): \u00a9 Zentrum f\u00fcr Dermatologie, Allergologie und Dermatopathologie Darmstadt MVZ<br>Foto (MVZ MediCorium): \u00a9 MVZ MediCorium<br>Foto (MVZ MediCorium): \u00a9 dieBergerDesigner<br>Foto (MVZ f\u00fcr Gef\u00e4\u00dfmedizin und Venenchirurgie K\u00f6ln \u2013 Eingangsbereich): \u00a9 J\u00fcrgen Eugen Geretti Klapp<br>Foto (MVZ Haut- und Laserzentrum Barnim \u2013 Eingangsbereich): \u00a9 Dr. med. Linda Duhn<br>Foto (Die Hautarztpraxis MVZ K\u00f6nigstein im Taunus): \u00a9 Thomas Koculak<br>Foto (linse-tilt-shift-labor-medizin-8442094) \u00a9 Pavel Danilyuk, Quelle: <a href=\"https:\/\/www.pexels.com\/de-de\/foto\/linse-tilt-shift-labor-medizin-8442094\/\" target=\"_blank\" rel=\"noreferrer noopener\">pexels<\/a><br>Foto (MVZ Hautzentrum Leipzig): \u00a9 MVZ Hautzentrum Leipzig<\/p>\n\n\n\n<div style=\"height:100px\" aria-hidden=\"true\" class=\"wp-block-spacer\"><\/div>\n","protected":false},"excerpt":{"rendered":"<p>Information provided according to Sec. 5 Digital Services Act (DDG):&#8230;<\/p>\n","protected":false},"author":1,"featured_media":0,"parent":0,"menu_order":0,"comment_status":"closed","ping_status":"closed","template":"","meta":{"footnotes":""},"class_list":["post-8677","page","type-page","status-publish","hentry"],"acf":[],"_links":{"self":[{"href":"https:\/\/www.corius.de\/en\/wp-json\/wp\/v2\/pages\/8677","targetHints":{"allow":["GET"]}}],"collection":[{"href":"https:\/\/www.corius.de\/en\/wp-json\/wp\/v2\/pages"}],"about":[{"href":"https:\/\/www.corius.de\/en\/wp-json\/wp\/v2\/types\/page"}],"author":[{"embeddable":true,"href":"https:\/\/www.corius.de\/en\/wp-json\/wp\/v2\/users\/1"}],"replies":[{"embeddable":true,"href":"https:\/\/www.corius.de\/en\/wp-json\/wp\/v2\/comments?post=8677"}],"version-history":[{"count":21,"href":"https:\/\/www.corius.de\/en\/wp-json\/wp\/v2\/pages\/8677\/revisions"}],"predecessor-version":[{"id":19917,"href":"https:\/\/www.corius.de\/en\/wp-json\/wp\/v2\/pages\/8677\/revisions\/19917"}],"wp:attachment":[{"href":"https:\/\/www.corius.de\/en\/wp-json\/wp\/v2\/media?parent=8677"}],"curies":[{"name":"wp","href":"https:\/\/api.w.org\/{rel}","templated":true}]}}