{"id":10708,"date":"2023-05-30T15:33:45","date_gmt":"2023-05-30T13:33:45","guid":{"rendered":"https:\/\/www.corius.de\/about-corius\/standorte\/"},"modified":"2023-08-09T10:27:19","modified_gmt":"2023-08-09T08:27:19","slug":"locations","status":"publish","type":"page","link":"https:\/\/www.corius.de\/en\/about-corius\/locations\/","title":{"rendered":"Locations"},"content":{"rendered":"\n\n\n<section id=\"res-txt-block_69b91ae31659de0ec4f2bc0c05f2a9e0\" class=\"res-block res-txt alignfull style-standard layout01 py-4 Beige\" style=\"background-color: #F6F4F0;\">\n\t\n\t\t\t\n\t\n  <div class=\"inner-container container \" data-aos=\"res-fadeIn\">\n  \n\n\t  \n\t\t  \n\t\t \t  \n      \n      <div class=\"layout-1 txt-section\">\n\t\t<div class=\"row\">\t\n\t\t\t\n\t\t            \n                           <style>      \n                 @media only screen and (min-width: 970px) {\n                     #res-txt-block_69b91ae31659de0ec4f2bc0c05f2a9e0.res-txt .spalten-abstand {\n                         margin-right: 2%;\n                     }\n                 }\n              <\/style>\n                 \n            \n\t\t\t\t<div class=\"col-md-5 txt-title-field var-2spalten\">\n                    <div class=\"spalten-abstand \">\n\t\t\t\t\n\t\t\t\t\t\t\t\t\t\t   <h1 class=\"title-h1\">Our locations<\/h1>\n\t\t\t\t\t\t\n\n\t\t\t\t\t  \n\t\t\t\t\t   <h2 class=\"title-h2\">Cross-regional network<\/h2>\n\t\t\t\t\t\n\t\t\t\t\t\t\n                        \t\t\t\t \n\t\t\t\t\t\t\n\t\n                   <\/div>\n\t\t\t\t<\/div> \n\t\t\t\t\n\t\t\t\t\n\t\t\t\t<div class=\"col-md txt-textfield var-2spalten postContent \">\n\n\t\t\t\t\t\t\t\t\t\t  <p>The CORIUS Group brings together prestigious <strong>practices <\/strong>and<strong> clinics<\/strong>. Our locations in <strong>Germany<\/strong>, <strong>Switzerland<\/strong> and the <strong>Netherlands<\/strong> are characterised by many years of experience and the unparalleled commitment with which they care for our patients every day. They do so by tapping into our network of wide-ranging, interdisciplinary expertise here at CORIUS. We are working with all members of the Group to shape the future of dermatology.<\/p>\n<p>You can find an overview of all of our locations here &#8211; access the websites of our practices and clinics with just one click.<\/p>\n\t\t\t\t\t\n\n\t\t\t\t  <\/div>\n\t\n\t\t\t\t\t <\/div> \t\n\t\t<\/div>\n\t \n\t  \n \n \n\t<\/div>\n<\/section>\n\n\n\n \n\t<section id=\"res-boxes-block_367695294f2dc1b910f4d955801254b8\" class=\"res-block res-boxes alignwide style-standard py-3 Transparent\" style=\"background: transparent;\">\n\t\t<div class=\"inner-container container-off \" data-aos=\"res-fadeIn\">\n\n\t\t\t<style>\n\t\t\t\t                \n                \n\t\t\t\t@media only screen and (min-width: 970px) {\n\t\t\t\t#res-boxes-block_367695294f2dc1b910f4d955801254b8 .box-inner {margin-right: 30px;}\n\t\t\t\t\t\t\t\t}\n\t\t\t<\/style>\n\n\t\t\t\n\t\t\t\n\t\t\t\n\t\t\t\t\t\t                        <div class=\"container\">\n\t\t\t\t\t\t<div class=\"row mb-2 align-items-center\">\n                                <div class=\"col-sm-6\">\n\t\t\t\t\t\t\t\t\t                                        <h3>\n\t\t\t\t\t\t\t\t\t\t\tOur locations                                        <\/h3>\n\t\t\t\t\t\t\t\t\t                                    <div class=\"input_search mb-3\">\n                                        <div class=\"input_search\">\n                                            <form role=\"search\" method=\"get\" class=\"search-form h-100\" action=\"javascript:void(0);\">\n                                                <label class=\"m-0 h-100\">\n                                                    <span class=\"screen-reader-text\">Search for:<\/span>\n                                                    <input type=\"search\" class=\"search-field h-100\" placeholder=\"Search location...\" name=\"s\"\n                                                           data-rlvlive=\"true\" data-rlvparentel=\"#rlvlive\" data-rlvconfig=\"default\">\n                                                    <i class=\"fa-regular fa-magnifying-glass\"><\/i>\n                                                <\/label>\n                                                <div id=\"rlvlive\"><\/div>\n                                            <\/form>\n                                        <\/div>\n                                    <\/div>\n                                    <div class=\"land-filter mb-2\">\n                                        <p><strong>Country:<\/strong><\/p>\n                                        <div class=\"d-flex flex-wrap\">\n\t\t\t\t\t\t\t\t\t\t\t                                            <ul id=\"res-boxes-block_367695294f2dc1b910f4d955801254b8_filter\" class=\"ml-0 res-boxes-filter nav nav-pills nav-fill\">\n                                                <li class=\"res-filter-item mr-2 active\" data-filter=\"reset\">\n                                                    <input type=\"radio\" id=\"alle-standorte\"\n                                                           name=\"land\" value=\"View all\" checked=\"checked\">\n                                                    <label for=\"alle-standorte\">View all<\/label>\n                                                <\/li>\n\t\t\t\t\t\t\t\t\t\t\t\t                                                    <li class=\"res-filter-item mr-2\" data-filter=\"germany\">\n                                                        <input type=\"radio\" id=\"germany\"\n                                                               name=\"land\" value=\"Germany\">\n                                                        <label for=\"germany\">Germany<\/label>\n                                                    <\/li>\n\t\t\t\t\t\t\t\t\t\t\t\t                                                    <li class=\"res-filter-item mr-2\" data-filter=\"netherlands\">\n                                                        <input type=\"radio\" id=\"netherlands\"\n                                                               name=\"land\" value=\"Netherlands\">\n                                                        <label for=\"netherlands\">Netherlands<\/label>\n                                                    <\/li>\n\t\t\t\t\t\t\t\t\t\t\t\t                                                    <li class=\"res-filter-item mr-2\" data-filter=\"switzerland\">\n                                                        <input type=\"radio\" id=\"switzerland\"\n                                                               name=\"land\" value=\"Switzerland\">\n                                                        <label for=\"switzerland\">Switzerland<\/label>\n                                                    <\/li>\n\t\t\t\t\t\t\t\t\t\t\t\t                                            <\/ul>\n\t\t\t\t\t\t\t\t\t\t\t\t                                        <\/div>\n                                    <\/div>\n\n                                    <div class=\"fachbereich-filter\">\n                                        <p><strong>Specialisations:<\/strong><\/p>\n                                        <div class=\"d-flex flex-wrap\">\n\t\t\t\t\t\t\t\t\t\t\t                                            <ul id=\"res-boxes-block_367695294f2dc1b910f4d955801254b8_filter_fachbereich\" class=\"ml-0 res-boxes-filter nav nav-pills nav-fill\">\n\t\t\t\t\t\t\t\t\t\t\t\t                                                <li class=\"res-filter-item mr-2\" data-filter=\"cosmetics-institute\">\n                                                    <input type=\"checkbox\" id=\"cosmetics-institute\" name=\"land\" value=\"Cosmetics Institute\">\n                                                        <label for=\"cosmetics-institute\">Cosmetics Institute<\/label><br>\n                                                <\/li>\n\t\t\t\t\t\t\t\t\t\t\t\t                                                <li class=\"res-filter-item mr-2\" data-filter=\"dermatology\">\n                                                    <input type=\"checkbox\" id=\"dermatology\" name=\"land\" value=\"Dermatology\">\n                                                        <label for=\"dermatology\">Dermatology<\/label><br>\n                                                <\/li>\n\t\t\t\t\t\t\t\t\t\t\t\t                                                <li class=\"res-filter-item mr-2\" data-filter=\"lab\">\n                                                    <input type=\"checkbox\" id=\"lab\" name=\"land\" value=\"Lab\">\n                                                        <label for=\"lab\">Lab<\/label><br>\n                                                <\/li>\n\t\t\t\t\t\t\t\t\t\t\t\t                                                <li class=\"res-filter-item mr-2\" data-filter=\"lymphology\">\n                                                    <input type=\"checkbox\" id=\"lymphology\" name=\"land\" value=\"Lymphology\">\n                                                        <label for=\"lymphology\">Lymphology<\/label><br>\n                                                <\/li>\n\t\t\t\t\t\t\t\t\t\t\t\t                                                <li class=\"res-filter-item mr-2\" data-filter=\"micro-neurosurgery\">\n                                                    <input type=\"checkbox\" id=\"micro-neurosurgery\" name=\"land\" value=\"Micro-neurosurgery\">\n                                                        <label for=\"micro-neurosurgery\">Micro-neurosurgery<\/label><br>\n                                                <\/li>\n\t\t\t\t\t\t\t\t\t\t\t\t                                                <li class=\"res-filter-item mr-2\" data-filter=\"phlebology\">\n                                                    <input type=\"checkbox\" id=\"phlebology\" name=\"land\" value=\"Phlebology\">\n                                                        <label for=\"phlebology\">Phlebology<\/label><br>\n                                                <\/li>\n\t\t\t\t\t\t\t\t\t\t\t\t                                            <\/ul>\n\t\t\t\t\t\t\t\t\t\t\t\t                                        <\/div>\n                                    <\/div>\n                                <\/div>\n                                <div class=\"col-sm-6 d-none d-sm-block\">\n                                    <div id=\"initial-map\" class=\"standort-map standort-map-all\">\n                                       <img decoding=\"async\" class=\"img-fluid w-100\" src=\"https:\/\/www.corius.de\/wp-content\/uploads\/2026\/03\/corius-standorte-maerz-2026.jpg\">\n                                    <\/div>\n                                    <div id=\"de-map\" class=\"standort-map standort-map-de\">\n                                        <img decoding=\"async\" class=\"img-fluid w-100\" src=\"https:\/\/www.corius.de\/wp-content\/uploads\/2026\/03\/corius-standorte-maerz-2026.jpg\">\n                                    <\/div>\n                                    <div id=\"ch-map\" class=\"standort-map standort-map-ch\">\n                                        <img decoding=\"async\" class=\"img-fluid w-100\" src=\"https:\/\/www.corius.de\/wp-content\/uploads\/2026\/03\/corius-standorte-maerz-2026.jpg\">\n                                    <\/div>\n                                    <div id=\"nl-map\" class=\"standort-map standort-map-nl\">\n                                        <img decoding=\"async\" class=\"img-fluid w-100\" src=\"https:\/\/www.corius.de\/wp-content\/uploads\/2026\/03\/corius-standorte-maerz-2026.jpg\">\n                                    <\/div>\n                                <\/div>\n                            <\/div>\n\t\t\t\t\t\t\t<\/div>\n\t\t\t\t\t\t\n\t\t\t<div id=\"res-boxes-block_367695294f2dc1b910f4d955801254b8_content\" class=\"row row-cols-1 row-cols-md-3 row-cols-lg-4 no-gutters boxes-frame equal-boxheight \" >\n\n\t\t\t\t\n\t\t\t\t\n\t\t\t\t            <div class=\"col-md box-col mb-3 mb-md-3 box-item  boxlayout04 germany dermatology     \">\n\n                <div class=\"box-inner flatbox scale-box h-100 \">\n\n\t\t\t\t\t                    <a href=\"https:\/\/www.hautzentrum-holzmarkt.de\/\" target=\"_blank\" rel=\"noopener\">\n\t\t\t\t\t\t                        <div class=\"postBox text-left \">\n\n\t\t\t\t\t\t\t                                <div class=\"postImg box-img overflow-hidden  position-relative\">\n\t\t\t\t\t\t\t\t\t<img decoding=\"async\" width=\"500\" height=\"404\" src=\"https:\/\/www.corius.de\/wp-content\/uploads\/2023\/05\/skin-and-more-mvz-500x404.jpg\" class=\"img-fluid w-100\" alt=\"\" \/>\n\t\t\t\t\t\t\t\t\t                                <\/div>\n\t\t\t\t\t\t\t\n                            <div class=\"postContent box-no-paddding h-100\">\n\n\t\t\t\t\t\t\t\t                                    <div class=\"box-post-category \">\n\t\t\t\t\t\t\t\t\t\t<span>Dermatology<\/span>                                    <\/div>\n\t\t\t\t\t\t\t\t\n\n                                <p class=\"standort-title\">Hautzentrum am Holzmarkt<\/p>\n\n\t\t\t\t\t\t\t                                <div class=\"vorschau-text pb-1 \">\n\t\t\t\t\t\t\t\t\tHolzmarkt 6, 88400 Biberach                                <\/div>\n\t\t\t\t\t\t\t\n\t\t\t\t\t\t\t\t\t\t\t\t\t\t\t\t\t\t\t\t\t\t\t\t\t\t\t\t\t\t\n                        <\/div>\n                <\/div>\n\t\t\t\t                    <\/a>\n\t\t\t\t\n\t\t\t\t\n            <\/div>\n\n        <\/div>\n\t\t\n\t\t\t\t            <div class=\"col-md box-col mb-3 mb-md-3 box-item  boxlayout04 germany dermatology     \">\n\n                <div class=\"box-inner flatbox scale-box h-100 \">\n\n\t\t\t\t\t                    <a href=\"https:\/\/www.hautklinik-biberach.de\/\" target=\"_blank\" rel=\"noopener\">\n\t\t\t\t\t\t                        <div class=\"postBox text-left \">\n\n\t\t\t\t\t\t\t                                <div class=\"postImg box-img overflow-hidden  position-relative\">\n\t\t\t\t\t\t\t\t\t<img decoding=\"async\" width=\"500\" height=\"404\" src=\"https:\/\/www.corius.de\/wp-content\/uploads\/2023\/05\/laser-klinik-500x404.jpg\" class=\"img-fluid w-100\" alt=\"\" \/>\n\t\t\t\t\t\t\t\t\t                                <\/div>\n\t\t\t\t\t\t\t\n                            <div class=\"postContent box-no-paddding h-100\">\n\n\t\t\t\t\t\t\t\t                                    <div class=\"box-post-category \">\n\t\t\t\t\t\t\t\t\t\t<span>Dermatology<\/span>                                    <\/div>\n\t\t\t\t\t\t\t\t\n\n                                <p class=\"standort-title\">Hautklinik am Holzmarkt<\/p>\n\n\t\t\t\t\t\t\t                                <div class=\"vorschau-text pb-1 \">\n\t\t\t\t\t\t\t\t\tHolzmarkt 6, 88400 Biberach                                <\/div>\n\t\t\t\t\t\t\t\n\t\t\t\t\t\t\t\t\t\t\t\t\t\t\t\t\t\t\t\t\t\t\t\t\t\t\t\t\t\t\n                        <\/div>\n                <\/div>\n\t\t\t\t                    <\/a>\n\t\t\t\t\n\t\t\t\t\n            <\/div>\n\n        <\/div>\n\t\t\n\t\t\t\t            <div class=\"col-md box-col mb-3 mb-md-3 box-item  boxlayout04 germany dermatology     \">\n\n                <div class=\"box-inner flatbox scale-box h-100 \">\n\n\t\t\t\t\t                    <a href=\"https:\/\/www.hansaklinik.de\/\" target=\"_blank\" rel=\"noopener\">\n\t\t\t\t\t\t                        <div class=\"postBox text-left \">\n\n\t\t\t\t\t\t\t                                <div class=\"postImg box-img overflow-hidden  position-relative\">\n\t\t\t\t\t\t\t\t\t<img decoding=\"async\" width=\"500\" height=\"404\" src=\"https:\/\/www.corius.de\/wp-content\/uploads\/2023\/05\/mvz-hansaklinik-500x404.jpg\" class=\"img-fluid w-100\" alt=\"\" \/>\n\t\t\t\t\t\t\t\t\t                                <\/div>\n\t\t\t\t\t\t\t\n                            <div class=\"postContent box-no-paddding h-100\">\n\n\t\t\t\t\t\t\t\t                                    <div class=\"box-post-category \">\n\t\t\t\t\t\t\t\t\t\t<span>Dermatology<\/span>                                    <\/div>\n\t\t\t\t\t\t\t\t\n\n                                <p class=\"standort-title\">MVZ Hansaklinik<\/p>\n\n\t\t\t\t\t\t\t                                <div class=\"vorschau-text pb-1 \">\n\t\t\t\t\t\t\t\t\tHansastrasse 67, 44137 Dortmund                                <\/div>\n\t\t\t\t\t\t\t\n\t\t\t\t\t\t\t\t\t\t\t\t\t\t\t\t\t\t\t\t\t\t\t\t\t\t\t\t\t\t\n                        <\/div>\n                <\/div>\n\t\t\t\t                    <\/a>\n\t\t\t\t\n\t\t\t\t\n            <\/div>\n\n        <\/div>\n\t\t\n\t\t\t\t            <div class=\"col-md box-col mb-3 mb-md-3 box-item  boxlayout04 germany dermatology     \">\n\n                <div class=\"box-inner flatbox scale-box h-100 \">\n\n\t\t\t\t\t                    <a href=\"https:\/\/derma-bonn.de\/\" target=\"_blank\" rel=\"noopener\">\n\t\t\t\t\t\t                        <div class=\"postBox text-left \">\n\n\t\t\t\t\t\t\t                                <div class=\"postImg box-img overflow-hidden  position-relative\">\n\t\t\t\t\t\t\t\t\t<img decoding=\"async\" width=\"500\" height=\"404\" src=\"https:\/\/www.corius.de\/wp-content\/uploads\/2023\/07\/mvz-dermatologisches-zentrum-bonn-in-beuel-500x404.jpg\" class=\"img-fluid w-100\" alt=\"MVZ Dermatologisches Zentrum Bonn Beuel\" srcset=\"https:\/\/www.corius.de\/wp-content\/uploads\/2023\/07\/mvz-dermatologisches-zentrum-bonn-in-beuel-500x404.jpg 500w, https:\/\/www.corius.de\/wp-content\/uploads\/2023\/07\/mvz-dermatologisches-zentrum-bonn-in-beuel-600x485.jpg 600w, https:\/\/www.corius.de\/wp-content\/uploads\/2023\/07\/mvz-dermatologisches-zentrum-bonn-in-beuel-768x621.jpg 768w, https:\/\/www.corius.de\/wp-content\/uploads\/2023\/07\/mvz-dermatologisches-zentrum-bonn-in-beuel.jpg 1000w\" sizes=\"(max-width: 500px) 100vw, 500px\" \/>\n\t\t\t\t\t\t\t\t\t                                <\/div>\n\t\t\t\t\t\t\t\n                            <div class=\"postContent box-no-paddding h-100\">\n\n\t\t\t\t\t\t\t\t                                    <div class=\"box-post-category \">\n\t\t\t\t\t\t\t\t\t\t<span>Dermatology<\/span>                                    <\/div>\n\t\t\t\t\t\t\t\t\n\n                                <p class=\"standort-title\">MVZ Dermatologisches Zentrum Bonn \u2013 Beuel<\/p>\n\n\t\t\t\t\t\t\t                                <div class=\"vorschau-text pb-1 \">\n\t\t\t\t\t\t\t\t\tFriedrich-Breuer-Strasse 74, 53225 Bonn                                <\/div>\n\t\t\t\t\t\t\t\n\t\t\t\t\t\t\t\t\t\t\t\t\t\t\t\t\t\t\t\t\t\t\t\t\t\t\t\t\t\t\n                        <\/div>\n                <\/div>\n\t\t\t\t                    <\/a>\n\t\t\t\t\n\t\t\t\t\n            <\/div>\n\n        <\/div>\n\t\t\n\t\t\t\t            <div class=\"col-md box-col mb-3 mb-md-3 box-item  boxlayout04 germany dermatology     \">\n\n                <div class=\"box-inner flatbox scale-box h-100 \">\n\n\t\t\t\t\t                    <a href=\"https:\/\/derma-bonn.de\/\" target=\"_blank\" rel=\"noopener\">\n\t\t\t\t\t\t                        <div class=\"postBox text-left \">\n\n\t\t\t\t\t\t\t                                <div class=\"postImg box-img overflow-hidden  position-relative\">\n\t\t\t\t\t\t\t\t\t<img decoding=\"async\" width=\"500\" height=\"404\" src=\"https:\/\/www.corius.de\/wp-content\/uploads\/2023\/05\/mvz-dermatologisches-zentrum-bonn-500x404.jpg\" class=\"img-fluid w-100\" alt=\"\" \/>\n\t\t\t\t\t\t\t\t\t                                <\/div>\n\t\t\t\t\t\t\t\n                            <div class=\"postContent box-no-paddding h-100\">\n\n\t\t\t\t\t\t\t\t                                    <div class=\"box-post-category \">\n\t\t\t\t\t\t\t\t\t\t<span>Dermatology<\/span>                                    <\/div>\n\t\t\t\t\t\t\t\t\n\n                                <p class=\"standort-title\">MVZ Dermatologisches Zentrum Bonn \u2013 Friedensplatz<\/p>\n\n\t\t\t\t\t\t\t                                <div class=\"vorschau-text pb-1 \">\n\t\t\t\t\t\t\t\t\tFriedensplatz 16, 53111 Bonn\n                                <\/div>\n\t\t\t\t\t\t\t\n\t\t\t\t\t\t\t\t\t\t\t\t\t\t\t\t\t\t\t\t\t\t\t\t\t\t\t\t\t\t\n                        <\/div>\n                <\/div>\n\t\t\t\t                    <\/a>\n\t\t\t\t\n\t\t\t\t\n            <\/div>\n\n        <\/div>\n\t\t\n\t\t\t\t            <div class=\"col-md box-col mb-3 mb-md-3 box-item  boxlayout04 germany cosmetics-institute     \">\n\n                <div class=\"box-inner flatbox scale-box h-100 \">\n\n\t\t\t\t\t                    <a href=\"https:\/\/bluelagoon-bonn.de\/\" target=\"_blank\" rel=\"noopener\">\n\t\t\t\t\t\t                        <div class=\"postBox text-left \">\n\n\t\t\t\t\t\t\t                                <div class=\"postImg box-img overflow-hidden  position-relative\">\n\t\t\t\t\t\t\t\t\t<img decoding=\"async\" width=\"500\" height=\"404\" src=\"https:\/\/www.corius.de\/wp-content\/uploads\/2023\/05\/blue-lagoon-500x404.jpg\" class=\"img-fluid w-100\" alt=\"\" \/>\n\t\t\t\t\t\t\t\t\t                                <\/div>\n\t\t\t\t\t\t\t\n                            <div class=\"postContent box-no-paddding h-100\">\n\n\t\t\t\t\t\t\t\t                                    <div class=\"box-post-category \">\n\t\t\t\t\t\t\t\t\t\t<span>Cosmetics Institute<\/span>                                    <\/div>\n\t\t\t\t\t\t\t\t\n\n                                <p class=\"standort-title\">Blue Lagoon<\/p>\n\n\t\t\t\t\t\t\t                                <div class=\"vorschau-text pb-1 \">\n\t\t\t\t\t\t\t\t\tFriedensplatz 16, 53111 Bonn                                <\/div>\n\t\t\t\t\t\t\t\n\t\t\t\t\t\t\t\t\t\t\t\t\t\t\t\t\t\t\t\t\t\t\t\t\t\t\t\t\t\t\n                        <\/div>\n                <\/div>\n\t\t\t\t                    <\/a>\n\t\t\t\t\n\t\t\t\t\n            <\/div>\n\n        <\/div>\n\t\t\n\t\t\t\t            <div class=\"col-md box-col mb-3 mb-md-3 box-item  boxlayout04 switzerland dermatology     \">\n\n                <div class=\"box-inner flatbox scale-box h-100 \">\n\n\t\t\t\t\t                    <a href=\"https:\/\/www.sanaskin.ch\/\" target=\"_blank\" rel=\"noopener\">\n\t\t\t\t\t\t                        <div class=\"postBox text-left \">\n\n\t\t\t\t\t\t\t                                <div class=\"postImg box-img overflow-hidden  position-relative\">\n\t\t\t\t\t\t\t\t\t<img decoding=\"async\" width=\"500\" height=\"404\" src=\"https:\/\/www.corius.de\/wp-content\/uploads\/2023\/07\/sanaskin-zuerich-500x404.jpg\" class=\"img-fluid w-100\" alt=\"SanaSkin in Z\u00fcrich\" srcset=\"https:\/\/www.corius.de\/wp-content\/uploads\/2023\/07\/sanaskin-zuerich-500x404.jpg 500w, https:\/\/www.corius.de\/wp-content\/uploads\/2023\/07\/sanaskin-zuerich-600x485.jpg 600w, https:\/\/www.corius.de\/wp-content\/uploads\/2023\/07\/sanaskin-zuerich-768x621.jpg 768w, https:\/\/www.corius.de\/wp-content\/uploads\/2023\/07\/sanaskin-zuerich.jpg 1000w\" sizes=\"(max-width: 500px) 100vw, 500px\" \/>\n\t\t\t\t\t\t\t\t\t                                <\/div>\n\t\t\t\t\t\t\t\n                            <div class=\"postContent box-no-paddding h-100\">\n\n\t\t\t\t\t\t\t\t                                    <div class=\"box-post-category \">\n\t\t\t\t\t\t\t\t\t\t<span>Dermatology<\/span>                                    <\/div>\n\t\t\t\t\t\t\t\t\n\n                                <p class=\"standort-title\">SanaSkin<\/p>\n\n\t\t\t\t\t\t\t                                <div class=\"vorschau-text pb-1 \">\n\t\t\t\t\t\t\t\t\tBahnhofstrasse 14, 8001 Z\u00fcrich                                <\/div>\n\t\t\t\t\t\t\t\n\t\t\t\t\t\t\t\t\t\t\t\t\t\t\t\t\t\t\t\t\t\t\t\t\t\t\t\t\t\t\n                        <\/div>\n                <\/div>\n\t\t\t\t                    <\/a>\n\t\t\t\t\n\t\t\t\t\n            <\/div>\n\n        <\/div>\n\t\t\n\t\t\t\t            <div class=\"col-md box-col mb-3 mb-md-3 box-item  boxlayout04 switzerland dermatology     \">\n\n                <div class=\"box-inner flatbox scale-box h-100 \">\n\n\t\t\t\t\t                    <a href=\"https:\/\/www.hautstation.ch\/\" target=\"_blank\" rel=\"noopener\">\n\t\t\t\t\t\t                        <div class=\"postBox text-left \">\n\n\t\t\t\t\t\t\t                                <div class=\"postImg box-img overflow-hidden  position-relative\">\n\t\t\t\t\t\t\t\t\t<img decoding=\"async\" width=\"500\" height=\"404\" src=\"https:\/\/www.corius.de\/wp-content\/uploads\/2023\/05\/hautstation-winterthur-500x404.jpg\" class=\"img-fluid w-100\" alt=\"Empfang der Hautarztpraxis HAUTSTATION in Winterthur\" \/>\n\t\t\t\t\t\t\t\t\t                                <\/div>\n\t\t\t\t\t\t\t\n                            <div class=\"postContent box-no-paddding h-100\">\n\n\t\t\t\t\t\t\t\t                                    <div class=\"box-post-category \">\n\t\t\t\t\t\t\t\t\t\t<span>Dermatology<\/span>                                    <\/div>\n\t\t\t\t\t\t\t\t\n\n                                <p class=\"standort-title\">HAUTSTATION<\/p>\n\n\t\t\t\t\t\t\t                                <div class=\"vorschau-text pb-1 \">\n\t\t\t\t\t\t\t\t\tBahnhofplatz 17, 8400 Winterthur                                <\/div>\n\t\t\t\t\t\t\t\n\t\t\t\t\t\t\t\t\t\t\t\t\t\t\t\t\t\t\t\t\t\t\t\t\t\t\t\t\t\t\n                        <\/div>\n                <\/div>\n\t\t\t\t                    <\/a>\n\t\t\t\t\n\t\t\t\t\n            <\/div>\n\n        <\/div>\n\t\t\n\t\t\t\t            <div class=\"col-md box-col mb-3 mb-md-3 box-item  boxlayout04 germany lymphology     \">\n\n                <div class=\"box-inner flatbox scale-box h-100 \">\n\n\t\t\t\t\t                    <a href=\"https:\/\/www.cg-lympha.de\/\" target=\"_blank\" rel=\"noopener\">\n\t\t\t\t\t\t                        <div class=\"postBox text-left \">\n\n\t\t\t\t\t\t\t                                <div class=\"postImg box-img overflow-hidden  position-relative\">\n\t\t\t\t\t\t\t\t\t<img decoding=\"async\" width=\"500\" height=\"404\" src=\"https:\/\/www.corius.de\/wp-content\/uploads\/2023\/07\/cg-lympha-gereonstrasse-500x404.jpg\" class=\"img-fluid w-100\" alt=\"C\" srcset=\"https:\/\/www.corius.de\/wp-content\/uploads\/2023\/07\/cg-lympha-gereonstrasse-500x404.jpg 500w, https:\/\/www.corius.de\/wp-content\/uploads\/2023\/07\/cg-lympha-gereonstrasse-600x485.jpg 600w, https:\/\/www.corius.de\/wp-content\/uploads\/2023\/07\/cg-lympha-gereonstrasse-768x621.jpg 768w, https:\/\/www.corius.de\/wp-content\/uploads\/2023\/07\/cg-lympha-gereonstrasse.jpg 1000w\" sizes=\"(max-width: 500px) 100vw, 500px\" \/>\n\t\t\t\t\t\t\t\t\t                                <\/div>\n\t\t\t\t\t\t\t\n                            <div class=\"postContent box-no-paddding h-100\">\n\n\t\t\t\t\t\t\t\t                                    <div class=\"box-post-category \">\n\t\t\t\t\t\t\t\t\t\t<span>Lymphology<\/span>                                    <\/div>\n\t\t\t\t\t\t\t\t\n\n                                <p class=\"standort-title\">CG LYMPHA \u2013 Ordination<\/p>\n\n\t\t\t\t\t\t\t                                <div class=\"vorschau-text pb-1 \">\n\t\t\t\t\t\t\t\t\tGereonstrasse 18-32, 50670 Cologne                                <\/div>\n\t\t\t\t\t\t\t\n\t\t\t\t\t\t\t\t\t\t\t\t\t\t\t\t\t\t\t\t\t\t\t\t\t\t\t\t\t\t\n                        <\/div>\n                <\/div>\n\t\t\t\t                    <\/a>\n\t\t\t\t\n\t\t\t\t\n            <\/div>\n\n        <\/div>\n\t\t\n\t\t\t\t            <div class=\"col-md box-col mb-3 mb-md-3 box-item  boxlayout04 germany lymphology     \">\n\n                <div class=\"box-inner flatbox scale-box h-100 \">\n\n\t\t\t\t\t                    <a href=\"https:\/\/www.cg-lympha.de\/\" target=\"_blank\" rel=\"noopener\">\n\t\t\t\t\t\t                        <div class=\"postBox text-left \">\n\n\t\t\t\t\t\t\t                                <div class=\"postImg box-img overflow-hidden  position-relative\">\n\t\t\t\t\t\t\t\t\t<img decoding=\"async\" width=\"500\" height=\"404\" src=\"https:\/\/www.corius.de\/wp-content\/uploads\/2023\/05\/cg-lympha-500x404.jpg\" class=\"img-fluid w-100\" alt=\"CG LYMPHA \" \/>\n\t\t\t\t\t\t\t\t\t                                <\/div>\n\t\t\t\t\t\t\t\n                            <div class=\"postContent box-no-paddding h-100\">\n\n\t\t\t\t\t\t\t\t                                    <div class=\"box-post-category \">\n\t\t\t\t\t\t\t\t\t\t<span>Lymphology<\/span>                                    <\/div>\n\t\t\t\t\t\t\t\t\n\n                                <p class=\"standort-title\">CG LYMPHA \u2013 Operationen<\/p>\n\n\t\t\t\t\t\t\t                                <div class=\"vorschau-text pb-1 \">\n\t\t\t\t\t\t\t\t\tBachemer Strasse 31, 50931 Cologne                                <\/div>\n\t\t\t\t\t\t\t\n\t\t\t\t\t\t\t\t\t\t\t\t\t\t\t\t\t\t\t\t\t\t\t\t\t\t\t\t\t\t\n                        <\/div>\n                <\/div>\n\t\t\t\t                    <\/a>\n\t\t\t\t\n\t\t\t\t\n            <\/div>\n\n        <\/div>\n\t\t\n\t\t\t\t            <div class=\"col-md box-col mb-3 mb-md-3 box-item  boxlayout04 germany dermatology     \">\n\n                <div class=\"box-inner flatbox scale-box h-100 \">\n\n\t\t\t\t\t                    <a href=\"https:\/\/www.hautarzt-duesseldorf.de\/\" target=\"_blank\" rel=\"noopener\">\n\t\t\t\t\t\t                        <div class=\"postBox text-left \">\n\n\t\t\t\t\t\t\t                                <div class=\"postImg box-img overflow-hidden  position-relative\">\n\t\t\t\t\t\t\t\t\t<img decoding=\"async\" width=\"500\" height=\"404\" src=\"https:\/\/www.corius.de\/wp-content\/uploads\/2023\/05\/mvz-praxis-dr-cornely-duesseldorf-500x404.jpg\" class=\"img-fluid w-100\" alt=\"\" \/>\n\t\t\t\t\t\t\t\t\t                                <\/div>\n\t\t\t\t\t\t\t\n                            <div class=\"postContent box-no-paddding h-100\">\n\n\t\t\t\t\t\t\t\t                                    <div class=\"box-post-category \">\n\t\t\t\t\t\t\t\t\t\t<span>Dermatology<\/span>                                    <\/div>\n\t\t\t\t\t\t\t\t\n\n                                <p class=\"standort-title\">MVZ Hautzentrum am Reeser Platz<\/p>\n\n\t\t\t\t\t\t\t                                <div class=\"vorschau-text pb-1 \">\n\t\t\t\t\t\t\t\t\tKaiserswerther Strasse 296, 40474 Duesseldorf                                <\/div>\n\t\t\t\t\t\t\t\n\t\t\t\t\t\t\t\t\t\t\t\t\t\t\t\t\t\t\t\t\t\t\t\t\t\t\t\t\t\t\n                        <\/div>\n                <\/div>\n\t\t\t\t                    <\/a>\n\t\t\t\t\n\t\t\t\t\n            <\/div>\n\n        <\/div>\n\t\t\n\t\t\t\t            <div class=\"col-md box-col mb-3 mb-md-3 box-item  boxlayout04 germany dermatology     \">\n\n                <div class=\"box-inner flatbox scale-box h-100 \">\n\n\t\t\t\t\t                    <a href=\"https:\/\/derma-neuerwall.de\/\" target=\"_blank\" rel=\"noopener\">\n\t\t\t\t\t\t                        <div class=\"postBox text-left \">\n\n\t\t\t\t\t\t\t                                <div class=\"postImg box-img overflow-hidden  position-relative\">\n\t\t\t\t\t\t\t\t\t<img decoding=\"async\" width=\"500\" height=\"404\" src=\"https:\/\/www.corius.de\/wp-content\/uploads\/2023\/05\/mvz-dermatologie-am-neuen-wall-500x404.jpg\" class=\"img-fluid w-100\" alt=\"\" \/>\n\t\t\t\t\t\t\t\t\t                                <\/div>\n\t\t\t\t\t\t\t\n                            <div class=\"postContent box-no-paddding h-100\">\n\n\t\t\t\t\t\t\t\t                                    <div class=\"box-post-category \">\n\t\t\t\t\t\t\t\t\t\t<span>Dermatology<\/span>                                    <\/div>\n\t\t\t\t\t\t\t\t\n\n                                <p class=\"standort-title\">MVZ Dermatologie am Neuen Wall<\/p>\n\n\t\t\t\t\t\t\t                                <div class=\"vorschau-text pb-1 \">\n\t\t\t\t\t\t\t\t\tPoststrasse 2, 20354 Hamburg                                <\/div>\n\t\t\t\t\t\t\t\n\t\t\t\t\t\t\t\t\t\t\t\t\t\t\t\t\t\t\t\t\t\t\t\t\t\t\t\t\t\t\n                        <\/div>\n                <\/div>\n\t\t\t\t                    <\/a>\n\t\t\t\t\n\t\t\t\t\n            <\/div>\n\n        <\/div>\n\t\t\n\t\t\t\t            <div class=\"col-md box-col mb-3 mb-md-3 box-item  boxlayout04 germany lab     \">\n\n                <div class=\"box-inner flatbox scale-box h-100 \">\n\n\t\t\t\t\t                    <a href=\"https:\/\/dermpath-koelnbonn.de\/\" target=\"_blank\" rel=\"noopener\">\n\t\t\t\t\t\t                        <div class=\"postBox text-left \">\n\n\t\t\t\t\t\t\t                                <div class=\"postImg box-img overflow-hidden  position-relative\">\n\t\t\t\t\t\t\t\t\t<img decoding=\"async\" width=\"500\" height=\"404\" src=\"https:\/\/www.corius.de\/wp-content\/uploads\/2023\/05\/heinz-werner-seiffert-institut-fuer-dermapathologie-bonn-500x404.jpg\" class=\"img-fluid w-100\" alt=\"\" \/>\n\t\t\t\t\t\t\t\t\t                                <\/div>\n\t\t\t\t\t\t\t\n                            <div class=\"postContent box-no-paddding h-100\">\n\n\t\t\t\t\t\t\t\t                                    <div class=\"box-post-category \">\n\t\t\t\t\t\t\t\t\t\t<span>Lab<\/span>                                    <\/div>\n\t\t\t\t\t\t\t\t\n\n                                <p class=\"standort-title\">Heinz-Werner-Seifert-Institut fuer Dermatopathologie &#8211; Bonn<\/p>\n\n\t\t\t\t\t\t\t                                <div class=\"vorschau-text pb-1 \">\n\t\t\t\t\t\t\t\t\tTrierer Strasse 70-72, 53115 Bonn                                <\/div>\n\t\t\t\t\t\t\t\n\t\t\t\t\t\t\t\t\t\t\t\t\t\t\t\t\t\t\t\t\t\t\t\t\t\t\t\t\t\t\n                        <\/div>\n                <\/div>\n\t\t\t\t                    <\/a>\n\t\t\t\t\n\t\t\t\t\n            <\/div>\n\n        <\/div>\n\t\t\n\t\t\t\t            <div class=\"col-md box-col mb-3 mb-md-3 box-item  boxlayout04 germany lab     \">\n\n                <div class=\"box-inner flatbox scale-box h-100 \">\n\n\t\t\t\t\t                    <a href=\"https:\/\/dermpath-koelnbonn.de\/\" target=\"_blank\" rel=\"noopener\">\n\t\t\t\t\t\t                        <div class=\"postBox text-left \">\n\n\t\t\t\t\t\t\t                                <div class=\"postImg box-img overflow-hidden  position-relative\">\n\t\t\t\t\t\t\t\t\t<img decoding=\"async\" width=\"500\" height=\"404\" src=\"https:\/\/www.corius.de\/wp-content\/uploads\/2024\/01\/dermatopathologie-koeln-500x404.jpg\" class=\"img-fluid w-100\" alt=\"Heinz-Werner-Seifert-Institut f\u00fcr Dermatopathologie\" srcset=\"https:\/\/www.corius.de\/wp-content\/uploads\/2024\/01\/dermatopathologie-koeln-500x404.jpg 500w, https:\/\/www.corius.de\/wp-content\/uploads\/2024\/01\/dermatopathologie-koeln-600x485.jpg 600w, https:\/\/www.corius.de\/wp-content\/uploads\/2024\/01\/dermatopathologie-koeln-768x621.jpg 768w, https:\/\/www.corius.de\/wp-content\/uploads\/2024\/01\/dermatopathologie-koeln.jpg 1000w\" sizes=\"(max-width: 500px) 100vw, 500px\" \/>\n\t\t\t\t\t\t\t\t\t                                <\/div>\n\t\t\t\t\t\t\t\n                            <div class=\"postContent box-no-paddding h-100\">\n\n\t\t\t\t\t\t\t\t                                    <div class=\"box-post-category \">\n\t\t\t\t\t\t\t\t\t\t<span>Lab<\/span>                                    <\/div>\n\t\t\t\t\t\t\t\t\n\n                                <p class=\"standort-title\">Heinz-Werner-Seifert-Institut fuer Dermatopathologie &#8211; Cologne<\/p>\n\n\t\t\t\t\t\t\t                                <div class=\"vorschau-text pb-1 \">\n\t\t\t\t\t\t\t\t\tOtto-Hahn-Strasse 7, 50997 Cologne                                <\/div>\n\t\t\t\t\t\t\t\n\t\t\t\t\t\t\t\t\t\t\t\t\t\t\t\t\t\t\t\t\t\t\t\t\t\t\t\t\t\t\n                        <\/div>\n                <\/div>\n\t\t\t\t                    <\/a>\n\t\t\t\t\n\t\t\t\t\n            <\/div>\n\n        <\/div>\n\t\t\n\t\t\t\t            <div class=\"col-md box-col mb-3 mb-md-3 box-item  boxlayout04 switzerland dermatology     \">\n\n                <div class=\"box-inner flatbox scale-box h-100 \">\n\n\t\t\t\t\t                    <a href=\"https:\/\/www.dermatologie-am-see.ch\/\" target=\"_blank\" rel=\"noopener\">\n\t\t\t\t\t\t                        <div class=\"postBox text-left \">\n\n\t\t\t\t\t\t\t                                <div class=\"postImg box-img overflow-hidden  position-relative\">\n\t\t\t\t\t\t\t\t\t<img decoding=\"async\" width=\"500\" height=\"404\" src=\"https:\/\/www.corius.de\/wp-content\/uploads\/2023\/05\/dermatologie-am-see-500x404.jpg\" class=\"img-fluid w-100\" alt=\"\" srcset=\"https:\/\/www.corius.de\/wp-content\/uploads\/2023\/05\/dermatologie-am-see-500x404.jpg 500w, https:\/\/www.corius.de\/wp-content\/uploads\/2023\/05\/dermatologie-am-see-600x485.jpg 600w, https:\/\/www.corius.de\/wp-content\/uploads\/2023\/05\/dermatologie-am-see-768x621.jpg 768w, https:\/\/www.corius.de\/wp-content\/uploads\/2023\/05\/dermatologie-am-see.jpg 1000w\" sizes=\"(max-width: 500px) 100vw, 500px\" \/>\n\t\t\t\t\t\t\t\t\t                                <\/div>\n\t\t\t\t\t\t\t\n                            <div class=\"postContent box-no-paddding h-100\">\n\n\t\t\t\t\t\t\t\t                                    <div class=\"box-post-category \">\n\t\t\t\t\t\t\t\t\t\t<span>Dermatology<\/span>                                    <\/div>\n\t\t\t\t\t\t\t\t\n\n                                <p class=\"standort-title\">Dermatologie am See<\/p>\n\n\t\t\t\t\t\t\t                                <div class=\"vorschau-text pb-1 \">\n\t\t\t\t\t\t\t\t\tGeneral-Wille-Strasse 59,8706 Feldmeilen                                <\/div>\n\t\t\t\t\t\t\t\n\t\t\t\t\t\t\t\t\t\t\t\t\t\t\t\t\t\t\t\t\t\t\t\t\t\t\t\t\t\t\n                        <\/div>\n                <\/div>\n\t\t\t\t                    <\/a>\n\t\t\t\t\n\t\t\t\t\n            <\/div>\n\n        <\/div>\n\t\t\n\t\t\t\t            <div class=\"col-md box-col mb-3 mb-md-3 box-item  boxlayout04 germany dermatology     \">\n\n                <div class=\"box-inner flatbox scale-box h-100 \">\n\n\t\t\t\t\t                    <a href=\"https:\/\/www.hautaerzte-saar.de\/\" target=\"_blank\" rel=\"noopener\">\n\t\t\t\t\t\t                        <div class=\"postBox text-left \">\n\n\t\t\t\t\t\t\t                                <div class=\"postImg box-img overflow-hidden  position-relative\">\n\t\t\t\t\t\t\t\t\t<img decoding=\"async\" width=\"500\" height=\"404\" src=\"https:\/\/www.corius.de\/wp-content\/uploads\/2023\/05\/mvz-dermatologie-aesthetic-saarland.jpg\" class=\"img-fluid w-100\" alt=\"\" \/>\n\t\t\t\t\t\t\t\t\t                                <\/div>\n\t\t\t\t\t\t\t\n                            <div class=\"postContent box-no-paddding h-100\">\n\n\t\t\t\t\t\t\t\t                                    <div class=\"box-post-category \">\n\t\t\t\t\t\t\t\t\t\t<span>Dermatology<\/span>                                    <\/div>\n\t\t\t\t\t\t\t\t\n\n                                <p class=\"standort-title\">MVZ Dermatologie &#038; Aesthetik Saarland \u2013Kleinblittersdorf<\/p>\n\n\t\t\t\t\t\t\t                                <div class=\"vorschau-text pb-1 \">\n\t\t\t\t\t\t\t\t\tElsaesser Strasse 14, 66271 Kleinblittersdorf                                <\/div>\n\t\t\t\t\t\t\t\n\t\t\t\t\t\t\t\t\t\t\t\t\t\t\t\t\t\t\t\t\t\t\t\t\t\t\t\t\t\t\n                        <\/div>\n                <\/div>\n\t\t\t\t                    <\/a>\n\t\t\t\t\n\t\t\t\t\n            <\/div>\n\n        <\/div>\n\t\t\n\t\t\t\t            <div class=\"col-md box-col mb-3 mb-md-3 box-item  boxlayout04 germany dermatology     \">\n\n                <div class=\"box-inner flatbox scale-box h-100 \">\n\n\t\t\t\t\t                    <a href=\"https:\/\/www.hautaerzte-saar.de\/\" target=\"_blank\" rel=\"noopener\">\n\t\t\t\t\t\t                        <div class=\"postBox text-left \">\n\n\t\t\t\t\t\t\t                                <div class=\"postImg box-img overflow-hidden  position-relative\">\n\t\t\t\t\t\t\t\t\t<img decoding=\"async\" width=\"500\" height=\"404\" src=\"https:\/\/www.corius.de\/wp-content\/uploads\/2023\/05\/mvz-dermatologie-aesthetic-saarland.jpg\" class=\"img-fluid w-100\" alt=\"\" \/>\n\t\t\t\t\t\t\t\t\t                                <\/div>\n\t\t\t\t\t\t\t\n                            <div class=\"postContent box-no-paddding h-100\">\n\n\t\t\t\t\t\t\t\t                                    <div class=\"box-post-category \">\n\t\t\t\t\t\t\t\t\t\t<span>Dermatology<\/span>                                    <\/div>\n\t\t\t\t\t\t\t\t\n\n                                <p class=\"standort-title\">MVZ Dermatologie &#038; \u00c4sthetik Saarland \u2013 Privatpraxis Saarbr\u00fccken<\/p>\n\n\t\t\t\t\t\t\t                                <div class=\"vorschau-text pb-1 \">\n\t\t\t\t\t\t\t\t\tScheidter Strasse 110, 66123 Saarbruecken                                <\/div>\n\t\t\t\t\t\t\t\n\t\t\t\t\t\t\t\t\t\t\t\t\t\t\t\t\t\t\t\t\t\t\t\t\t\t\t\t\t\t\n                        <\/div>\n                <\/div>\n\t\t\t\t                    <\/a>\n\t\t\t\t\n\t\t\t\t\n            <\/div>\n\n        <\/div>\n\t\t\n\t\t\t\t            <div class=\"col-md box-col mb-3 mb-md-3 box-item  boxlayout04 germany cosmetics-institute     \">\n\n                <div class=\"box-inner flatbox scale-box h-100 \">\n\n\t\t\t\t\t                    <a href=\"https:\/\/www.kosmetik-saar.de\/\" target=\"_blank\" rel=\"noopener\">\n\t\t\t\t\t\t                        <div class=\"postBox text-left \">\n\n\t\t\t\t\t\t\t                                <div class=\"postImg box-img overflow-hidden  position-relative\">\n\t\t\t\t\t\t\t\t\t<img decoding=\"async\" width=\"500\" height=\"404\" src=\"https:\/\/www.corius.de\/wp-content\/uploads\/2023\/05\/care-cosmetic-500x404.jpg\" class=\"img-fluid w-100\" alt=\"\" srcset=\"https:\/\/www.corius.de\/wp-content\/uploads\/2023\/05\/care-cosmetic-500x404.jpg 500w, https:\/\/www.corius.de\/wp-content\/uploads\/2023\/05\/care-cosmetic-600x485.jpg 600w, https:\/\/www.corius.de\/wp-content\/uploads\/2023\/05\/care-cosmetic-768x621.jpg 768w, https:\/\/www.corius.de\/wp-content\/uploads\/2023\/05\/care-cosmetic.jpg 1000w\" sizes=\"(max-width: 500px) 100vw, 500px\" \/>\n\t\t\t\t\t\t\t\t\t                                <\/div>\n\t\t\t\t\t\t\t\n                            <div class=\"postContent box-no-paddding h-100\">\n\n\t\t\t\t\t\t\t\t                                    <div class=\"box-post-category \">\n\t\t\t\t\t\t\t\t\t\t<span>Cosmetics Institute<\/span>                                    <\/div>\n\t\t\t\t\t\t\t\t\n\n                                <p class=\"standort-title\">Care Cosmetic<\/p>\n\n\t\t\t\t\t\t\t                                <div class=\"vorschau-text pb-1 \">\n\t\t\t\t\t\t\t\t\tScheidter Strasse 110, 66123 Saarbruecken                                <\/div>\n\t\t\t\t\t\t\t\n\t\t\t\t\t\t\t\t\t\t\t\t\t\t\t\t\t\t\t\t\t\t\t\t\t\t\t\t\t\t\n                        <\/div>\n                <\/div>\n\t\t\t\t                    <\/a>\n\t\t\t\t\n\t\t\t\t\n            <\/div>\n\n        <\/div>\n\t\t\n\t\t\t\t            <div class=\"col-md box-col mb-3 mb-md-3 box-item  boxlayout04 switzerland phlebology     \">\n\n                <div class=\"box-inner flatbox scale-box h-100 \">\n\n\t\t\t\t\t                    <a href=\"https:\/\/www.venenzentrum-am-see.ch\/\" target=\"_blank\" rel=\"noopener\">\n\t\t\t\t\t\t                        <div class=\"postBox text-left \">\n\n\t\t\t\t\t\t\t                                <div class=\"postImg box-img overflow-hidden  position-relative\">\n\t\t\t\t\t\t\t\t\t<img decoding=\"async\" width=\"500\" height=\"404\" src=\"https:\/\/www.corius.de\/wp-content\/uploads\/2023\/05\/venenzentrum-am-see-500x404.jpg\" class=\"img-fluid w-100\" alt=\"\" srcset=\"https:\/\/www.corius.de\/wp-content\/uploads\/2023\/05\/venenzentrum-am-see-500x404.jpg 500w, https:\/\/www.corius.de\/wp-content\/uploads\/2023\/05\/venenzentrum-am-see-600x485.jpg 600w, https:\/\/www.corius.de\/wp-content\/uploads\/2023\/05\/venenzentrum-am-see-768x621.jpg 768w, https:\/\/www.corius.de\/wp-content\/uploads\/2023\/05\/venenzentrum-am-see.jpg 1000w\" sizes=\"(max-width: 500px) 100vw, 500px\" \/>\n\t\t\t\t\t\t\t\t\t                                <\/div>\n\t\t\t\t\t\t\t\n                            <div class=\"postContent box-no-paddding h-100\">\n\n\t\t\t\t\t\t\t\t                                    <div class=\"box-post-category \">\n\t\t\t\t\t\t\t\t\t\t<span>Phlebology<\/span>                                    <\/div>\n\t\t\t\t\t\t\t\t\n\n                                <p class=\"standort-title\">Venenzentrum am See<\/p>\n\n\t\t\t\t\t\t\t                                <div class=\"vorschau-text pb-1 \">\n\t\t\t\t\t\t\t\t\tGeneral-Wille-Strasse 59, 8706 Feldmeilen                                <\/div>\n\t\t\t\t\t\t\t\n\t\t\t\t\t\t\t\t\t\t\t\t\t\t\t\t\t\t\t\t\t\t\t\t\t\t\t\t\t\t\n                        <\/div>\n                <\/div>\n\t\t\t\t                    <\/a>\n\t\t\t\t\n\t\t\t\t\n            <\/div>\n\n        <\/div>\n\t\t\n\t\t\t\t            <div class=\"col-md box-col mb-3 mb-md-3 box-item  boxlayout04 germany phlebology     \">\n\n                <div class=\"box-inner flatbox scale-box h-100 \">\n\n\t\t\t\t\t                    <a href=\"https:\/\/www.angio-koeln.de\/\" target=\"_blank\" rel=\"noopener\">\n\t\t\t\t\t\t                        <div class=\"postBox text-left \">\n\n\t\t\t\t\t\t\t                                <div class=\"postImg box-img overflow-hidden  position-relative\">\n\t\t\t\t\t\t\t\t\t<img decoding=\"async\" width=\"500\" height=\"404\" src=\"https:\/\/www.corius.de\/wp-content\/uploads\/2023\/06\/mvz-koeln-gefaesszentrum-am-rudolfsplatz-500x404.jpg\" class=\"img-fluid w-100\" alt=\"\" srcset=\"https:\/\/www.corius.de\/wp-content\/uploads\/2023\/06\/mvz-koeln-gefaesszentrum-am-rudolfsplatz-500x404.jpg 500w, https:\/\/www.corius.de\/wp-content\/uploads\/2023\/06\/mvz-koeln-gefaesszentrum-am-rudolfsplatz-600x485.jpg 600w, https:\/\/www.corius.de\/wp-content\/uploads\/2023\/06\/mvz-koeln-gefaesszentrum-am-rudolfsplatz-768x621.jpg 768w, https:\/\/www.corius.de\/wp-content\/uploads\/2023\/06\/mvz-koeln-gefaesszentrum-am-rudolfsplatz.jpg 1000w\" sizes=\"(max-width: 500px) 100vw, 500px\" \/>\n\t\t\t\t\t\t\t\t\t                                <\/div>\n\t\t\t\t\t\t\t\n                            <div class=\"postContent box-no-paddding h-100\">\n\n\t\t\t\t\t\t\t\t                                    <div class=\"box-post-category \">\n\t\t\t\t\t\t\t\t\t\t<span>Phlebology<\/span>                                    <\/div>\n\t\t\t\t\t\t\t\t\n\n                                <p class=\"standort-title\">MVZ Das Gef\u00e4\u00dfzentrum am Rudolfplatz<\/p>\n\n\t\t\t\t\t\t\t                                <div class=\"vorschau-text pb-1 \">\n\t\t\t\t\t\t\t\t\tRichard-Wagner-Strasse 9-17, 50674 Cologne                                <\/div>\n\t\t\t\t\t\t\t\n\t\t\t\t\t\t\t\t\t\t\t\t\t\t\t\t\t\t\t\t\t\t\t\t\t\t\t\t\t\t\n                        <\/div>\n                <\/div>\n\t\t\t\t                    <\/a>\n\t\t\t\t\n\t\t\t\t\n            <\/div>\n\n        <\/div>\n\t\t\n\t\t\t\t            <div class=\"col-md box-col mb-3 mb-md-3 box-item  boxlayout04 germany phlebology     \">\n\n                <div class=\"box-inner flatbox scale-box h-100 \">\n\n\t\t\t\t\t                    <a href=\"https:\/\/hernien-koeln.de\/\" target=\"_blank\" rel=\"noopener\">\n\t\t\t\t\t\t                        <div class=\"postBox text-left \">\n\n\t\t\t\t\t\t\t                                <div class=\"postImg box-img overflow-hidden  position-relative\">\n\t\t\t\t\t\t\t\t\t<img decoding=\"async\" width=\"500\" height=\"404\" src=\"https:\/\/www.corius.de\/wp-content\/uploads\/2023\/06\/mvz-koeln-gefaesszentrum-am-rudolfsplatz-500x404.jpg\" class=\"img-fluid w-100\" alt=\"\" srcset=\"https:\/\/www.corius.de\/wp-content\/uploads\/2023\/06\/mvz-koeln-gefaesszentrum-am-rudolfsplatz-500x404.jpg 500w, https:\/\/www.corius.de\/wp-content\/uploads\/2023\/06\/mvz-koeln-gefaesszentrum-am-rudolfsplatz-600x485.jpg 600w, https:\/\/www.corius.de\/wp-content\/uploads\/2023\/06\/mvz-koeln-gefaesszentrum-am-rudolfsplatz-768x621.jpg 768w, https:\/\/www.corius.de\/wp-content\/uploads\/2023\/06\/mvz-koeln-gefaesszentrum-am-rudolfsplatz.jpg 1000w\" sizes=\"(max-width: 500px) 100vw, 500px\" \/>\n\t\t\t\t\t\t\t\t\t                                <\/div>\n\t\t\t\t\t\t\t\n                            <div class=\"postContent box-no-paddding h-100\">\n\n\t\t\t\t\t\t\t\t                                    <div class=\"box-post-category \">\n\t\t\t\t\t\t\t\t\t\t<span>Phlebology<\/span>                                    <\/div>\n\t\t\t\t\t\t\t\t\n\n                                <p class=\"standort-title\">Hernienzentrum am Rudolfplatz<\/p>\n\n\t\t\t\t\t\t\t                                <div class=\"vorschau-text pb-1 \">\n\t\t\t\t\t\t\t\t\tRichard-Wagner-Strasse 9-17, 50674 Cologne                                <\/div>\n\t\t\t\t\t\t\t\n\t\t\t\t\t\t\t\t\t\t\t\t\t\t\t\t\t\t\t\t\t\t\t\t\t\t\t\t\t\t\n                        <\/div>\n                <\/div>\n\t\t\t\t                    <\/a>\n\t\t\t\t\n\t\t\t\t\n            <\/div>\n\n        <\/div>\n\t\t\n\t\t\t\t            <div class=\"col-md box-col mb-3 mb-md-3 box-item  boxlayout04 germany dermatology     \">\n\n                <div class=\"box-inner flatbox scale-box h-100 \">\n\n\t\t\t\t\t                    <a href=\"https:\/\/www.haut-und-laser-zentrum.de\/\" target=\"_blank\" rel=\"noopener\">\n\t\t\t\t\t\t                        <div class=\"postBox text-left \">\n\n\t\t\t\t\t\t\t                                <div class=\"postImg box-img overflow-hidden  position-relative\">\n\t\t\t\t\t\t\t\t\t<img decoding=\"async\" width=\"500\" height=\"404\" src=\"https:\/\/www.corius.de\/wp-content\/uploads\/2023\/06\/mvz-hautzentrum-an-der-oper-500x404.jpg\" class=\"img-fluid w-100\" alt=\"\" srcset=\"https:\/\/www.corius.de\/wp-content\/uploads\/2023\/06\/mvz-hautzentrum-an-der-oper-500x404.jpg 500w, https:\/\/www.corius.de\/wp-content\/uploads\/2023\/06\/mvz-hautzentrum-an-der-oper-600x485.jpg 600w, https:\/\/www.corius.de\/wp-content\/uploads\/2023\/06\/mvz-hautzentrum-an-der-oper-768x621.jpg 768w, https:\/\/www.corius.de\/wp-content\/uploads\/2023\/06\/mvz-hautzentrum-an-der-oper.jpg 1000w\" sizes=\"(max-width: 500px) 100vw, 500px\" \/>\n\t\t\t\t\t\t\t\t\t                                <\/div>\n\t\t\t\t\t\t\t\n                            <div class=\"postContent box-no-paddding h-100\">\n\n\t\t\t\t\t\t\t\t                                    <div class=\"box-post-category \">\n\t\t\t\t\t\t\t\t\t\t<span>Dermatology<\/span>                                    <\/div>\n\t\t\t\t\t\t\t\t\n\n                                <p class=\"standort-title\">MVZ Haut- und Laserzentrum an der Oper<\/p>\n\n\t\t\t\t\t\t\t                                <div class=\"vorschau-text pb-1 \">\n\t\t\t\t\t\t\t\t\tPerusastrasse 5, 80333 Munich                                <\/div>\n\t\t\t\t\t\t\t\n\t\t\t\t\t\t\t\t\t\t\t\t\t\t\t\t\t\t\t\t\t\t\t\t\t\t\t\t\t\t\n                        <\/div>\n                <\/div>\n\t\t\t\t                    <\/a>\n\t\t\t\t\n\t\t\t\t\n            <\/div>\n\n        <\/div>\n\t\t\n\t\t\t\t            <div class=\"col-md box-col mb-3 mb-md-3 box-item  boxlayout04 germany cosmetics-institute     \">\n\n                <div class=\"box-inner flatbox scale-box h-100 \">\n\n\t\t\t\t\t                    <a href=\"https:\/\/www.aiyasha-spa.de\/\" target=\"_blank\" rel=\"noopener\">\n\t\t\t\t\t\t                        <div class=\"postBox text-left \">\n\n\t\t\t\t\t\t\t                                <div class=\"postImg box-img overflow-hidden  position-relative\">\n\t\t\t\t\t\t\t\t\t<img decoding=\"async\" width=\"500\" height=\"404\" src=\"https:\/\/www.corius.de\/wp-content\/uploads\/2023\/05\/aiyasha-medical-spa-500x404.jpg\" class=\"img-fluid w-100\" alt=\"\" srcset=\"https:\/\/www.corius.de\/wp-content\/uploads\/2023\/05\/aiyasha-medical-spa-500x404.jpg 500w, https:\/\/www.corius.de\/wp-content\/uploads\/2023\/05\/aiyasha-medical-spa-600x485.jpg 600w, https:\/\/www.corius.de\/wp-content\/uploads\/2023\/05\/aiyasha-medical-spa-768x621.jpg 768w, https:\/\/www.corius.de\/wp-content\/uploads\/2023\/05\/aiyasha-medical-spa.jpg 1000w\" sizes=\"(max-width: 500px) 100vw, 500px\" \/>\n\t\t\t\t\t\t\t\t\t                                <\/div>\n\t\t\t\t\t\t\t\n                            <div class=\"postContent box-no-paddding h-100\">\n\n\t\t\t\t\t\t\t\t                                    <div class=\"box-post-category \">\n\t\t\t\t\t\t\t\t\t\t<span>Cosmetics Institute<\/span>                                    <\/div>\n\t\t\t\t\t\t\t\t\n\n                                <p class=\"standort-title\">AIYASHA Medical Spa<\/p>\n\n\t\t\t\t\t\t\t                                <div class=\"vorschau-text pb-1 \">\n\t\t\t\t\t\t\t\t\tPerusastrasse 5, 80333 Munich                                <\/div>\n\t\t\t\t\t\t\t\n\t\t\t\t\t\t\t\t\t\t\t\t\t\t\t\t\t\t\t\t\t\t\t\t\t\t\t\t\t\t\n                        <\/div>\n                <\/div>\n\t\t\t\t                    <\/a>\n\t\t\t\t\n\t\t\t\t\n            <\/div>\n\n        <\/div>\n\t\t\n\t\t\t\t            <div class=\"col-md box-col mb-3 mb-md-3 box-item  boxlayout04 germany dermatology     \">\n\n                <div class=\"box-inner flatbox scale-box h-100 \">\n\n\t\t\t\t\t                    <a href=\"https:\/\/www.hautarzt-gmuend.de\/\" target=\"_blank\" rel=\"noopener\">\n\t\t\t\t\t\t                        <div class=\"postBox text-left \">\n\n\t\t\t\t\t\t\t                                <div class=\"postImg box-img overflow-hidden  position-relative\">\n\t\t\t\t\t\t\t\t\t<img decoding=\"async\" width=\"500\" height=\"404\" src=\"https:\/\/www.corius.de\/wp-content\/uploads\/2023\/06\/mvz-hautzentrum-am-kalten-markt-500x404.jpg\" class=\"img-fluid w-100\" alt=\"\" \/>\n\t\t\t\t\t\t\t\t\t                                <\/div>\n\t\t\t\t\t\t\t\n                            <div class=\"postContent box-no-paddding h-100\">\n\n\t\t\t\t\t\t\t\t                                    <div class=\"box-post-category \">\n\t\t\t\t\t\t\t\t\t\t<span>Dermatology<\/span>                                    <\/div>\n\t\t\t\t\t\t\t\t\n\n                                <p class=\"standort-title\">MVZ Hautzentrum am Kalten Markt<\/p>\n\n\t\t\t\t\t\t\t                                <div class=\"vorschau-text pb-1 \">\n\t\t\t\t\t\t\t\t\tKalter Markt 27, 73525 Schwaebisch Gmuend                                <\/div>\n\t\t\t\t\t\t\t\n\t\t\t\t\t\t\t\t\t\t\t\t\t\t\t\t\t\t\t\t\t\t\t\t\t\t\t\t\t\t\n                        <\/div>\n                <\/div>\n\t\t\t\t                    <\/a>\n\t\t\t\t\n\t\t\t\t\n            <\/div>\n\n        <\/div>\n\t\t\n\t\t\t\t            <div class=\"col-md box-col mb-3 mb-md-3 box-item  boxlayout04 germany dermatology     \">\n\n                <div class=\"box-inner flatbox scale-box h-100 \">\n\n\t\t\t\t\t                    <a href=\"https:\/\/www.hautzentrum-am-kurpark.de\/\" target=\"_blank\" rel=\"noopener\">\n\t\t\t\t\t\t                        <div class=\"postBox text-left \">\n\n\t\t\t\t\t\t\t                                <div class=\"postImg box-img overflow-hidden  position-relative\">\n\t\t\t\t\t\t\t\t\t<img decoding=\"async\" width=\"500\" height=\"404\" src=\"https:\/\/www.corius.de\/wp-content\/uploads\/2023\/06\/mvz-hautzentrum-am-kurpark-500x404.jpg\" class=\"img-fluid w-100\" alt=\"\" srcset=\"https:\/\/www.corius.de\/wp-content\/uploads\/2023\/06\/mvz-hautzentrum-am-kurpark-500x404.jpg 500w, https:\/\/www.corius.de\/wp-content\/uploads\/2023\/06\/mvz-hautzentrum-am-kurpark-600x485.jpg 600w, https:\/\/www.corius.de\/wp-content\/uploads\/2023\/06\/mvz-hautzentrum-am-kurpark-768x621.jpg 768w, https:\/\/www.corius.de\/wp-content\/uploads\/2023\/06\/mvz-hautzentrum-am-kurpark.jpg 1000w\" sizes=\"(max-width: 500px) 100vw, 500px\" \/>\n\t\t\t\t\t\t\t\t\t                                <\/div>\n\t\t\t\t\t\t\t\n                            <div class=\"postContent box-no-paddding h-100\">\n\n\t\t\t\t\t\t\t\t                                    <div class=\"box-post-category \">\n\t\t\t\t\t\t\t\t\t\t<span>Dermatology<\/span>                                    <\/div>\n\t\t\t\t\t\t\t\t\n\n                                <p class=\"standort-title\">MVZ Hautzentrum am Kurpark<\/p>\n\n\t\t\t\t\t\t\t                                <div class=\"vorschau-text pb-1 \">\n\t\t\t\t\t\t\t\t\tK\u00f6nig-Karl-Strasse 28, 70372 Stuttgart                                <\/div>\n\t\t\t\t\t\t\t\n\t\t\t\t\t\t\t\t\t\t\t\t\t\t\t\t\t\t\t\t\t\t\t\t\t\t\t\t\t\t\n                        <\/div>\n                <\/div>\n\t\t\t\t                    <\/a>\n\t\t\t\t\n\t\t\t\t\n            <\/div>\n\n        <\/div>\n\t\t\n\t\t\t\t            <div class=\"col-md box-col mb-3 mb-md-3 box-item  boxlayout04 switzerland dermatology     \">\n\n                <div class=\"box-inner flatbox scale-box h-100 \">\n\n\t\t\t\t\t                    <a href=\"https:\/\/derma-limmattal.ch\/\" target=\"_blank\" rel=\"noopener\">\n\t\t\t\t\t\t                        <div class=\"postBox text-left \">\n\n\t\t\t\t\t\t\t                                <div class=\"postImg box-img overflow-hidden  position-relative\">\n\t\t\t\t\t\t\t\t\t<img decoding=\"async\" width=\"500\" height=\"404\" src=\"https:\/\/www.corius.de\/wp-content\/uploads\/2023\/06\/derma-limmattal-500x404.jpg\" class=\"img-fluid w-100\" alt=\"\" srcset=\"https:\/\/www.corius.de\/wp-content\/uploads\/2023\/06\/derma-limmattal-500x404.jpg 500w, https:\/\/www.corius.de\/wp-content\/uploads\/2023\/06\/derma-limmattal-600x485.jpg 600w, https:\/\/www.corius.de\/wp-content\/uploads\/2023\/06\/derma-limmattal-768x621.jpg 768w, https:\/\/www.corius.de\/wp-content\/uploads\/2023\/06\/derma-limmattal.jpg 1000w\" sizes=\"(max-width: 500px) 100vw, 500px\" \/>\n\t\t\t\t\t\t\t\t\t                                <\/div>\n\t\t\t\t\t\t\t\n                            <div class=\"postContent box-no-paddding h-100\">\n\n\t\t\t\t\t\t\t\t                                    <div class=\"box-post-category \">\n\t\t\t\t\t\t\t\t\t\t<span>Dermatology<\/span>                                    <\/div>\n\t\t\t\t\t\t\t\t\n\n                                <p class=\"standort-title\">Derma Limmattal<\/p>\n\n\t\t\t\t\t\t\t                                <div class=\"vorschau-text pb-1 \">\n\t\t\t\t\t\t\t\t\tUitikonerstrasse 9, 8952 Schlieren                                <\/div>\n\t\t\t\t\t\t\t\n\t\t\t\t\t\t\t\t\t\t\t\t\t\t\t\t\t\t\t\t\t\t\t\t\t\t\t\t\t\t\n                        <\/div>\n                <\/div>\n\t\t\t\t                    <\/a>\n\t\t\t\t\n\t\t\t\t\n            <\/div>\n\n        <\/div>\n\t\t\n\t\t\t\t            <div class=\"col-md box-col mb-3 mb-md-3 box-item  boxlayout04 germany dermatology     \">\n\n                <div class=\"box-inner flatbox scale-box h-100 \">\n\n\t\t\t\t\t                    <a href=\"https:\/\/hautarzt-dr-brueck.de\/\" target=\"_blank\" rel=\"noopener\">\n\t\t\t\t\t\t                        <div class=\"postBox text-left \">\n\n\t\t\t\t\t\t\t                                <div class=\"postImg box-img overflow-hidden  position-relative\">\n\t\t\t\t\t\t\t\t\t<img decoding=\"async\" width=\"500\" height=\"404\" src=\"https:\/\/www.corius.de\/wp-content\/uploads\/2025\/06\/obere-waessere-500x404.jpg\" class=\"img-fluid w-100\" alt=\"MVZ Hautzentrum Obere W\u00e4ssere in Reutlingen\" srcset=\"https:\/\/www.corius.de\/wp-content\/uploads\/2025\/06\/obere-waessere-500x404.jpg 500w, https:\/\/www.corius.de\/wp-content\/uploads\/2025\/06\/obere-waessere-600x485.jpg 600w, https:\/\/www.corius.de\/wp-content\/uploads\/2025\/06\/obere-waessere-768x621.jpg 768w, https:\/\/www.corius.de\/wp-content\/uploads\/2025\/06\/obere-waessere.jpg 1000w\" sizes=\"(max-width: 500px) 100vw, 500px\" \/>\n\t\t\t\t\t\t\t\t\t                                <\/div>\n\t\t\t\t\t\t\t\n                            <div class=\"postContent box-no-paddding h-100\">\n\n\t\t\t\t\t\t\t\t                                    <div class=\"box-post-category \">\n\t\t\t\t\t\t\t\t\t\t<span>Dermatology<\/span>                                    <\/div>\n\t\t\t\t\t\t\t\t\n\n                                <p class=\"standort-title\">MVZ Hautzentrum Obere W\u00e4ssere<\/p>\n\n\t\t\t\t\t\t\t                                <div class=\"vorschau-text pb-1 \">\n\t\t\t\t\t\t\t\t\tObere Waessere 9, 72764 Reutlingen                                <\/div>\n\t\t\t\t\t\t\t\n\t\t\t\t\t\t\t\t\t\t\t\t\t\t\t\t\t\t\t\t\t\t\t\t\t\t\t\t\t\t\n                        <\/div>\n                <\/div>\n\t\t\t\t                    <\/a>\n\t\t\t\t\n\t\t\t\t\n            <\/div>\n\n        <\/div>\n\t\t\n\t\t\t\t            <div class=\"col-md box-col mb-3 mb-md-3 box-item  boxlayout04 germany dermatology     \">\n\n                <div class=\"box-inner flatbox scale-box h-100 \">\n\n\t\t\t\t\t                    <a href=\"https:\/\/hautzentrum-hanau.de\/\" target=\"_blank\" rel=\"noopener\">\n\t\t\t\t\t\t                        <div class=\"postBox text-left \">\n\n\t\t\t\t\t\t\t                                <div class=\"postImg box-img overflow-hidden  position-relative\">\n\t\t\t\t\t\t\t\t\t<img decoding=\"async\" width=\"500\" height=\"404\" src=\"https:\/\/www.corius.de\/wp-content\/uploads\/2023\/07\/mvz-hautzentrum-dr-dirting-hanau-500x404.jpg\" class=\"img-fluid w-100\" alt=\"MVZ Hautzentrum Hanau\" srcset=\"https:\/\/www.corius.de\/wp-content\/uploads\/2023\/07\/mvz-hautzentrum-dr-dirting-hanau-500x404.jpg 500w, https:\/\/www.corius.de\/wp-content\/uploads\/2023\/07\/mvz-hautzentrum-dr-dirting-hanau-600x485.jpg 600w, https:\/\/www.corius.de\/wp-content\/uploads\/2023\/07\/mvz-hautzentrum-dr-dirting-hanau-768x621.jpg 768w, https:\/\/www.corius.de\/wp-content\/uploads\/2023\/07\/mvz-hautzentrum-dr-dirting-hanau.jpg 1000w\" sizes=\"(max-width: 500px) 100vw, 500px\" \/>\n\t\t\t\t\t\t\t\t\t                                <\/div>\n\t\t\t\t\t\t\t\n                            <div class=\"postContent box-no-paddding h-100\">\n\n\t\t\t\t\t\t\t\t                                    <div class=\"box-post-category \">\n\t\t\t\t\t\t\t\t\t\t<span>Dermatology<\/span>                                    <\/div>\n\t\t\t\t\t\t\t\t\n\n                                <p class=\"standort-title\">MVZ Hautzentrum Hanau<\/p>\n\n\t\t\t\t\t\t\t                                <div class=\"vorschau-text pb-1 \">\n\t\t\t\t\t\t\t\t\tNuernberger Strasse 20, 63450 Hanau                                <\/div>\n\t\t\t\t\t\t\t\n\t\t\t\t\t\t\t\t\t\t\t\t\t\t\t\t\t\t\t\t\t\t\t\t\t\t\t\t\t\t\n                        <\/div>\n                <\/div>\n\t\t\t\t                    <\/a>\n\t\t\t\t\n\t\t\t\t\n            <\/div>\n\n        <\/div>\n\t\t\n\t\t\t\t            <div class=\"col-md box-col mb-3 mb-md-3 box-item  boxlayout04 germany dermatology     \">\n\n                <div class=\"box-inner flatbox scale-box h-100 \">\n\n\t\t\t\t\t                    <a href=\"https:\/\/www.hautarzt-karl.de\/\" target=\"_blank\" rel=\"noopener\">\n\t\t\t\t\t\t                        <div class=\"postBox text-left \">\n\n\t\t\t\t\t\t\t                                <div class=\"postImg box-img overflow-hidden  position-relative\">\n\t\t\t\t\t\t\t\t\t<img decoding=\"async\" width=\"500\" height=\"404\" src=\"https:\/\/www.corius.de\/wp-content\/uploads\/2023\/06\/hautzentrum-am-riga-ring-500x404.jpg\" class=\"img-fluid w-100\" alt=\"\" srcset=\"https:\/\/www.corius.de\/wp-content\/uploads\/2023\/06\/hautzentrum-am-riga-ring-500x404.jpg 500w, https:\/\/www.corius.de\/wp-content\/uploads\/2023\/06\/hautzentrum-am-riga-ring-600x485.jpg 600w, https:\/\/www.corius.de\/wp-content\/uploads\/2023\/06\/hautzentrum-am-riga-ring-768x621.jpg 768w, https:\/\/www.corius.de\/wp-content\/uploads\/2023\/06\/hautzentrum-am-riga-ring.jpg 1000w\" sizes=\"(max-width: 500px) 100vw, 500px\" \/>\n\t\t\t\t\t\t\t\t\t                                <\/div>\n\t\t\t\t\t\t\t\n                            <div class=\"postContent box-no-paddding h-100\">\n\n\t\t\t\t\t\t\t\t                                    <div class=\"box-post-category \">\n\t\t\t\t\t\t\t\t\t\t<span>Dermatology<\/span>                                    <\/div>\n\t\t\t\t\t\t\t\t\n\n                                <p class=\"standort-title\">Hautzentrum am Riga Ring<\/p>\n\n\t\t\t\t\t\t\t                                <div class=\"vorschau-text pb-1 \">\n\t\t\t\t\t\t\t\t\tRiga Ring 15, 59494 Soest                                <\/div>\n\t\t\t\t\t\t\t\n\t\t\t\t\t\t\t\t\t\t\t\t\t\t\t\t\t\t\t\t\t\t\t\t\t\t\t\t\t\t\n                        <\/div>\n                <\/div>\n\t\t\t\t                    <\/a>\n\t\t\t\t\n\t\t\t\t\n            <\/div>\n\n        <\/div>\n\t\t\n\t\t\t\t            <div class=\"col-md box-col mb-3 mb-md-3 box-item  boxlayout04 germany dermatology     \">\n\n                <div class=\"box-inner flatbox scale-box h-100 \">\n\n\t\t\t\t\t                    <a href=\"https:\/\/dermatologie-bonn.de\/\" target=\"_blank\" rel=\"noopener\">\n\t\t\t\t\t\t                        <div class=\"postBox text-left \">\n\n\t\t\t\t\t\t\t                                <div class=\"postImg box-img overflow-hidden  position-relative\">\n\t\t\t\t\t\t\t\t\t<img decoding=\"async\" width=\"500\" height=\"404\" src=\"https:\/\/www.corius.de\/wp-content\/uploads\/2023\/06\/mvz-dermatologie-im-villenviertel-500x404.jpg\" class=\"img-fluid w-100\" alt=\"\" srcset=\"https:\/\/www.corius.de\/wp-content\/uploads\/2023\/06\/mvz-dermatologie-im-villenviertel-500x404.jpg 500w, https:\/\/www.corius.de\/wp-content\/uploads\/2023\/06\/mvz-dermatologie-im-villenviertel-600x485.jpg 600w, https:\/\/www.corius.de\/wp-content\/uploads\/2023\/06\/mvz-dermatologie-im-villenviertel-768x621.jpg 768w, https:\/\/www.corius.de\/wp-content\/uploads\/2023\/06\/mvz-dermatologie-im-villenviertel.jpg 1000w\" sizes=\"(max-width: 500px) 100vw, 500px\" \/>\n\t\t\t\t\t\t\t\t\t                                <\/div>\n\t\t\t\t\t\t\t\n                            <div class=\"postContent box-no-paddding h-100\">\n\n\t\t\t\t\t\t\t\t                                    <div class=\"box-post-category \">\n\t\t\t\t\t\t\t\t\t\t<span>Dermatology<\/span>                                    <\/div>\n\t\t\t\t\t\t\t\t\n\n                                <p class=\"standort-title\">MVZ Dermatologie im Villenviertel<\/p>\n\n\t\t\t\t\t\t\t                                <div class=\"vorschau-text pb-1 \">\n\t\t\t\t\t\t\t\t\tRuengsdorfer Strasse 26a, 53173 Bonn                                <\/div>\n\t\t\t\t\t\t\t\n\t\t\t\t\t\t\t\t\t\t\t\t\t\t\t\t\t\t\t\t\t\t\t\t\t\t\t\t\t\t\n                        <\/div>\n                <\/div>\n\t\t\t\t                    <\/a>\n\t\t\t\t\n\t\t\t\t\n            <\/div>\n\n        <\/div>\n\t\t\n\t\t\t\t            <div class=\"col-md box-col mb-3 mb-md-3 box-item  boxlayout04 germany dermatology     \">\n\n                <div class=\"box-inner flatbox scale-box h-100 \">\n\n\t\t\t\t\t                    <a href=\"https:\/\/www.professor-heckmann.de\/home.html\" target=\"_blank\" rel=\"noopener\">\n\t\t\t\t\t\t                        <div class=\"postBox text-left \">\n\n\t\t\t\t\t\t\t                                <div class=\"postImg box-img overflow-hidden  position-relative\">\n\t\t\t\t\t\t\t\t\t<img decoding=\"async\" width=\"500\" height=\"404\" src=\"https:\/\/www.corius.de\/wp-content\/uploads\/2023\/06\/hautzentrum-am-starnberger-see-500x404.jpg\" class=\"img-fluid w-100\" alt=\"\" srcset=\"https:\/\/www.corius.de\/wp-content\/uploads\/2023\/06\/hautzentrum-am-starnberger-see-500x404.jpg 500w, https:\/\/www.corius.de\/wp-content\/uploads\/2023\/06\/hautzentrum-am-starnberger-see-600x485.jpg 600w, https:\/\/www.corius.de\/wp-content\/uploads\/2023\/06\/hautzentrum-am-starnberger-see-768x621.jpg 768w, https:\/\/www.corius.de\/wp-content\/uploads\/2023\/06\/hautzentrum-am-starnberger-see.jpg 1000w\" sizes=\"(max-width: 500px) 100vw, 500px\" \/>\n\t\t\t\t\t\t\t\t\t                                <\/div>\n\t\t\t\t\t\t\t\n                            <div class=\"postContent box-no-paddding h-100\">\n\n\t\t\t\t\t\t\t\t                                    <div class=\"box-post-category \">\n\t\t\t\t\t\t\t\t\t\t<span>Dermatology<\/span>                                    <\/div>\n\t\t\t\t\t\t\t\t\n\n                                <p class=\"standort-title\">Hautzentrum am Starnberger See<\/p>\n\n\t\t\t\t\t\t\t                                <div class=\"vorschau-text pb-1 \">\n\t\t\t\t\t\t\t\t\tKreuzstrasse 26, 82319 Starnberg                                <\/div>\n\t\t\t\t\t\t\t\n\t\t\t\t\t\t\t\t\t\t\t\t\t\t\t\t\t\t\t\t\t\t\t\t\t\t\t\t\t\t\n                        <\/div>\n                <\/div>\n\t\t\t\t                    <\/a>\n\t\t\t\t\n\t\t\t\t\n            <\/div>\n\n        <\/div>\n\t\t\n\t\t\t\t            <div class=\"col-md box-col mb-3 mb-md-3 box-item  boxlayout04 netherlands dermatology     \">\n\n                <div class=\"box-inner flatbox scale-box h-100 \">\n\n\t\t\t\t\t                    <a href=\"https:\/\/mauritskliniek.nl\/\" target=\"_blank\" rel=\"noopener\">\n\t\t\t\t\t\t                        <div class=\"postBox text-left \">\n\n\t\t\t\t\t\t\t                                <div class=\"postImg box-img overflow-hidden  position-relative\">\n\t\t\t\t\t\t\t\t\t<img decoding=\"async\" width=\"500\" height=\"404\" src=\"https:\/\/www.corius.de\/wp-content\/uploads\/2023\/06\/mauritskliniek-utrecht-500x404.jpg\" class=\"img-fluid w-100\" alt=\"Mauritskliniek Utrecht\" \/>\n\t\t\t\t\t\t\t\t\t                                <\/div>\n\t\t\t\t\t\t\t\n                            <div class=\"postContent box-no-paddding h-100\">\n\n\t\t\t\t\t\t\t\t                                    <div class=\"box-post-category \">\n\t\t\t\t\t\t\t\t\t\t<span>Dermatology<\/span>                                    <\/div>\n\t\t\t\t\t\t\t\t\n\n                                <p class=\"standort-title\">Mauritskliniek \u2013 Utrecht<\/p>\n\n\t\t\t\t\t\t\t                                <div class=\"vorschau-text pb-1 \">\n\t\t\t\t\t\t\t\t\tArthur van Schendelstraat 600A, 3511 MJ Utrecht                                <\/div>\n\t\t\t\t\t\t\t\n\t\t\t\t\t\t\t\t\t\t\t\t\t\t\t\t\t\t\t\t\t\t\t\t\t\t\t\t\t\t\n                        <\/div>\n                <\/div>\n\t\t\t\t                    <\/a>\n\t\t\t\t\n\t\t\t\t\n            <\/div>\n\n        <\/div>\n\t\t\n\t\t\t\t            <div class=\"col-md box-col mb-3 mb-md-3 box-item  boxlayout04 netherlands dermatology     \">\n\n                <div class=\"box-inner flatbox scale-box h-100 \">\n\n\t\t\t\t\t                    <a href=\"https:\/\/mauritskliniek.nl\/\" target=\"_blank\" rel=\"noopener\">\n\t\t\t\t\t\t                        <div class=\"postBox text-left \">\n\n\t\t\t\t\t\t\t                                <div class=\"postImg box-img overflow-hidden  position-relative\">\n\t\t\t\t\t\t\t\t\t<img decoding=\"async\" width=\"500\" height=\"404\" src=\"https:\/\/www.corius.de\/wp-content\/uploads\/2023\/06\/mauritskliniek-den-haag-500x404.jpg\" class=\"img-fluid w-100\" alt=\"Mauritskliniek Den Haag\" \/>\n\t\t\t\t\t\t\t\t\t                                <\/div>\n\t\t\t\t\t\t\t\n                            <div class=\"postContent box-no-paddding h-100\">\n\n\t\t\t\t\t\t\t\t                                    <div class=\"box-post-category \">\n\t\t\t\t\t\t\t\t\t\t<span>Dermatology<\/span>                                    <\/div>\n\t\t\t\t\t\t\t\t\n\n                                <p class=\"standort-title\">Mauritskliniek \u2013 Den Haag<\/p>\n\n\t\t\t\t\t\t\t                                <div class=\"vorschau-text pb-1 \">\n\t\t\t\t\t\t\t\t\tLouis Couperusplein 2, 2514 HP Den Haag                                <\/div>\n\t\t\t\t\t\t\t\n\t\t\t\t\t\t\t\t\t\t\t\t\t\t\t\t\t\t\t\t\t\t\t\t\t\t\t\t\t\t\n                        <\/div>\n                <\/div>\n\t\t\t\t                    <\/a>\n\t\t\t\t\n\t\t\t\t\n            <\/div>\n\n        <\/div>\n\t\t\n\t\t\t\t            <div class=\"col-md box-col mb-3 mb-md-3 box-item  boxlayout04 netherlands dermatology     \">\n\n                <div class=\"box-inner flatbox scale-box h-100 \">\n\n\t\t\t\t\t                    <a href=\"https:\/\/mauritskliniek.nl\/\" target=\"_blank\" rel=\"noopener\">\n\t\t\t\t\t\t                        <div class=\"postBox text-left \">\n\n\t\t\t\t\t\t\t                                <div class=\"postImg box-img overflow-hidden  position-relative\">\n\t\t\t\t\t\t\t\t\t<img decoding=\"async\" width=\"500\" height=\"404\" src=\"https:\/\/www.corius.de\/wp-content\/uploads\/2023\/06\/mauritskliniek-amsterdam-500x404.jpg\" class=\"img-fluid w-100\" alt=\"Mauritskliniek Amsterdam\" \/>\n\t\t\t\t\t\t\t\t\t                                <\/div>\n\t\t\t\t\t\t\t\n                            <div class=\"postContent box-no-paddding h-100\">\n\n\t\t\t\t\t\t\t\t                                    <div class=\"box-post-category \">\n\t\t\t\t\t\t\t\t\t\t<span>Dermatology<\/span>                                    <\/div>\n\t\t\t\t\t\t\t\t\n\n                                <p class=\"standort-title\">Mauritskliniek \u2013 Amsterdam<\/p>\n\n\t\t\t\t\t\t\t                                <div class=\"vorschau-text pb-1 \">\n\t\t\t\t\t\t\t\t\tPieter Calandlaan 101, 1065 KK Amsterdam                                <\/div>\n\t\t\t\t\t\t\t\n\t\t\t\t\t\t\t\t\t\t\t\t\t\t\t\t\t\t\t\t\t\t\t\t\t\t\t\t\t\t\n                        <\/div>\n                <\/div>\n\t\t\t\t                    <\/a>\n\t\t\t\t\n\t\t\t\t\n            <\/div>\n\n        <\/div>\n\t\t\n\t\t\t\t            <div class=\"col-md box-col mb-3 mb-md-3 box-item  boxlayout04 netherlands dermatology     \">\n\n                <div class=\"box-inner flatbox scale-box h-100 \">\n\n\t\t\t\t\t                    <a href=\"https:\/\/mauritskliniek.nl\/\" target=\"_blank\" rel=\"noopener\">\n\t\t\t\t\t\t                        <div class=\"postBox text-left \">\n\n\t\t\t\t\t\t\t                                <div class=\"postImg box-img overflow-hidden  position-relative\">\n\t\t\t\t\t\t\t\t\t<img decoding=\"async\" width=\"500\" height=\"404\" src=\"https:\/\/www.corius.de\/wp-content\/uploads\/2023\/05\/mauritskliniek-500x404.jpg\" class=\"img-fluid w-100\" alt=\"Nijmegen\" srcset=\"https:\/\/www.corius.de\/wp-content\/uploads\/2023\/05\/mauritskliniek-500x404.jpg 500w, https:\/\/www.corius.de\/wp-content\/uploads\/2023\/05\/mauritskliniek-600x485.jpg 600w, https:\/\/www.corius.de\/wp-content\/uploads\/2023\/05\/mauritskliniek-768x621.jpg 768w, https:\/\/www.corius.de\/wp-content\/uploads\/2023\/05\/mauritskliniek.jpg 1000w\" sizes=\"(max-width: 500px) 100vw, 500px\" \/>\n\t\t\t\t\t\t\t\t\t                                <\/div>\n\t\t\t\t\t\t\t\n                            <div class=\"postContent box-no-paddding h-100\">\n\n\t\t\t\t\t\t\t\t                                    <div class=\"box-post-category \">\n\t\t\t\t\t\t\t\t\t\t<span>Dermatology<\/span>                                    <\/div>\n\t\t\t\t\t\t\t\t\n\n                                <p class=\"standort-title\">Mauritskliniek \u2013 Nijmegen<\/p>\n\n\t\t\t\t\t\t\t                                <div class=\"vorschau-text pb-1 \">\n\t\t\t\t\t\t\t\t\tSt. Canisiussingel 1, 6511 TE Nijmegen                                <\/div>\n\t\t\t\t\t\t\t\n\t\t\t\t\t\t\t\t\t\t\t\t\t\t\t\t\t\t\t\t\t\t\t\t\t\t\t\t\t\t\n                        <\/div>\n                <\/div>\n\t\t\t\t                    <\/a>\n\t\t\t\t\n\t\t\t\t\n            <\/div>\n\n        <\/div>\n\t\t\n\t\t\t\t            <div class=\"col-md box-col mb-3 mb-md-3 box-item  boxlayout04 netherlands dermatology     \">\n\n                <div class=\"box-inner flatbox scale-box h-100 \">\n\n\t\t\t\t\t                    <a href=\"https:\/\/kliniekveldhoven.nl\/\" target=\"_blank\" rel=\"noopener\">\n\t\t\t\t\t\t                        <div class=\"postBox text-left \">\n\n\t\t\t\t\t\t\t                                <div class=\"postImg box-img overflow-hidden  position-relative\">\n\t\t\t\t\t\t\t\t\t<img decoding=\"async\" width=\"500\" height=\"404\" src=\"https:\/\/www.corius.de\/wp-content\/uploads\/2023\/05\/kliniek-veldhoven.jpg\" class=\"img-fluid w-100\" alt=\"\" \/>\n\t\t\t\t\t\t\t\t\t                                <\/div>\n\t\t\t\t\t\t\t\n                            <div class=\"postContent box-no-paddding h-100\">\n\n\t\t\t\t\t\t\t\t                                    <div class=\"box-post-category \">\n\t\t\t\t\t\t\t\t\t\t<span>Dermatology<\/span>                                    <\/div>\n\t\t\t\t\t\t\t\t\n\n                                <p class=\"standort-title\">Kliniek Veldhoven<\/p>\n\n\t\t\t\t\t\t\t                                <div class=\"vorschau-text pb-1 \">\n\t\t\t\t\t\t\t\t\tBastion 10, 5509 MJ Veldhoven                                <\/div>\n\t\t\t\t\t\t\t\n\t\t\t\t\t\t\t\t\t\t\t\t\t\t\t\t\t\t\t\t\t\t\t\t\t\t\t\t\t\t\n                        <\/div>\n                <\/div>\n\t\t\t\t                    <\/a>\n\t\t\t\t\n\t\t\t\t\n            <\/div>\n\n        <\/div>\n\t\t\n\t\t\t\t            <div class=\"col-md box-col mb-3 mb-md-3 box-item  boxlayout04 germany phlebology     \">\n\n                <div class=\"box-inner flatbox scale-box h-100 \">\n\n\t\t\t\t\t                    <a href=\"https:\/\/www.venenzentrum-lueneburg.de\/\" target=\"_blank\" rel=\"noopener\">\n\t\t\t\t\t\t                        <div class=\"postBox text-left \">\n\n\t\t\t\t\t\t\t                                <div class=\"postImg box-img overflow-hidden  position-relative\">\n\t\t\t\t\t\t\t\t\t<img decoding=\"async\" width=\"500\" height=\"404\" src=\"https:\/\/www.corius.de\/wp-content\/uploads\/2023\/06\/mvz-venenzentrum-lueneburg-1-500x404.jpg\" class=\"img-fluid w-100\" alt=\"\" srcset=\"https:\/\/www.corius.de\/wp-content\/uploads\/2023\/06\/mvz-venenzentrum-lueneburg-1-500x404.jpg 500w, https:\/\/www.corius.de\/wp-content\/uploads\/2023\/06\/mvz-venenzentrum-lueneburg-1-600x485.jpg 600w, https:\/\/www.corius.de\/wp-content\/uploads\/2023\/06\/mvz-venenzentrum-lueneburg-1-768x621.jpg 768w, https:\/\/www.corius.de\/wp-content\/uploads\/2023\/06\/mvz-venenzentrum-lueneburg-1.jpg 1000w\" sizes=\"(max-width: 500px) 100vw, 500px\" \/>\n\t\t\t\t\t\t\t\t\t                                <\/div>\n\t\t\t\t\t\t\t\n                            <div class=\"postContent box-no-paddding h-100\">\n\n\t\t\t\t\t\t\t\t                                    <div class=\"box-post-category \">\n\t\t\t\t\t\t\t\t\t\t<span>Phlebology<\/span>                                    <\/div>\n\t\t\t\t\t\t\t\t\n\n                                <p class=\"standort-title\">MVZ Venenzentrum L\u00fcneburg<\/p>\n\n\t\t\t\t\t\t\t                                <div class=\"vorschau-text pb-1 \">\n\t\t\t\t\t\t\t\t\tIlmenaugarten 137b, 21337 Lueneburg                                <\/div>\n\t\t\t\t\t\t\t\n\t\t\t\t\t\t\t\t\t\t\t\t\t\t\t\t\t\t\t\t\t\t\t\t\t\t\t\t\t\t\n                        <\/div>\n                <\/div>\n\t\t\t\t                    <\/a>\n\t\t\t\t\n\t\t\t\t\n            <\/div>\n\n        <\/div>\n\t\t\n\t\t\t\t            <div class=\"col-md box-col mb-3 mb-md-3 box-item  boxlayout04 germany dermatology     \">\n\n                <div class=\"box-inner flatbox scale-box h-100 \">\n\n\t\t\t\t\t                    <a href=\"https:\/\/koblenz-hautarzt.de\/\" target=\"_blank\" rel=\"noopener\">\n\t\t\t\t\t\t                        <div class=\"postBox text-left \">\n\n\t\t\t\t\t\t\t                                <div class=\"postImg box-img overflow-hidden  position-relative\">\n\t\t\t\t\t\t\t\t\t<img decoding=\"async\" width=\"500\" height=\"404\" src=\"https:\/\/www.corius.de\/wp-content\/uploads\/2023\/06\/mvz-focus-haut-500x404.jpg\" class=\"img-fluid w-100\" alt=\"\" srcset=\"https:\/\/www.corius.de\/wp-content\/uploads\/2023\/06\/mvz-focus-haut-500x404.jpg 500w, https:\/\/www.corius.de\/wp-content\/uploads\/2023\/06\/mvz-focus-haut-600x485.jpg 600w, https:\/\/www.corius.de\/wp-content\/uploads\/2023\/06\/mvz-focus-haut-768x621.jpg 768w, https:\/\/www.corius.de\/wp-content\/uploads\/2023\/06\/mvz-focus-haut.jpg 1000w\" sizes=\"(max-width: 500px) 100vw, 500px\" \/>\n\t\t\t\t\t\t\t\t\t                                <\/div>\n\t\t\t\t\t\t\t\n                            <div class=\"postContent box-no-paddding h-100\">\n\n\t\t\t\t\t\t\t\t                                    <div class=\"box-post-category \">\n\t\t\t\t\t\t\t\t\t\t<span>Dermatology<\/span>                                    <\/div>\n\t\t\t\t\t\t\t\t\n\n                                <p class=\"standort-title\">MVZ FOKUS HAUT<\/p>\n\n\t\t\t\t\t\t\t                                <div class=\"vorschau-text pb-1 \">\n\t\t\t\t\t\t\t\t\tEmil-Schueller-Strasse 29, 56068 Koblenz                                <\/div>\n\t\t\t\t\t\t\t\n\t\t\t\t\t\t\t\t\t\t\t\t\t\t\t\t\t\t\t\t\t\t\t\t\t\t\t\t\t\t\n                        <\/div>\n                <\/div>\n\t\t\t\t                    <\/a>\n\t\t\t\t\n\t\t\t\t\n            <\/div>\n\n        <\/div>\n\t\t\n\t\t\t\t            <div class=\"col-md box-col mb-3 mb-md-3 box-item  boxlayout04 germany dermatology     \">\n\n                <div class=\"box-inner flatbox scale-box h-100 \">\n\n\t\t\t\t\t                    <a href=\"https:\/\/www.dermatologie-am-friedensengel.de\/\" target=\"_blank\" rel=\"noopener\">\n\t\t\t\t\t\t                        <div class=\"postBox text-left \">\n\n\t\t\t\t\t\t\t                                <div class=\"postImg box-img overflow-hidden  position-relative\">\n\t\t\t\t\t\t\t\t\t<img decoding=\"async\" width=\"500\" height=\"404\" src=\"https:\/\/www.corius.de\/wp-content\/uploads\/2023\/06\/dermatologie-am-friedensengel-500x404.jpg\" class=\"img-fluid w-100\" alt=\"\" srcset=\"https:\/\/www.corius.de\/wp-content\/uploads\/2023\/06\/dermatologie-am-friedensengel-500x404.jpg 500w, https:\/\/www.corius.de\/wp-content\/uploads\/2023\/06\/dermatologie-am-friedensengel-600x485.jpg 600w, https:\/\/www.corius.de\/wp-content\/uploads\/2023\/06\/dermatologie-am-friedensengel-768x621.jpg 768w, https:\/\/www.corius.de\/wp-content\/uploads\/2023\/06\/dermatologie-am-friedensengel.jpg 1000w\" sizes=\"(max-width: 500px) 100vw, 500px\" \/>\n\t\t\t\t\t\t\t\t\t                                <\/div>\n\t\t\t\t\t\t\t\n                            <div class=\"postContent box-no-paddding h-100\">\n\n\t\t\t\t\t\t\t\t                                    <div class=\"box-post-category \">\n\t\t\t\t\t\t\t\t\t\t<span>Dermatology<\/span>                                    <\/div>\n\t\t\t\t\t\t\t\t\n\n                                <p class=\"standort-title\">Dermatologie am Friedensengel<\/p>\n\n\t\t\t\t\t\t\t                                <div class=\"vorschau-text pb-1 \">\n\t\t\t\t\t\t\t\t\tWidenmayerstrasse 31, 80538 Munich                                <\/div>\n\t\t\t\t\t\t\t\n\t\t\t\t\t\t\t\t\t\t\t\t\t\t\t\t\t\t\t\t\t\t\t\t\t\t\t\t\t\t\n                        <\/div>\n                <\/div>\n\t\t\t\t                    <\/a>\n\t\t\t\t\n\t\t\t\t\n            <\/div>\n\n        <\/div>\n\t\t\n\t\t\t\t            <div class=\"col-md box-col mb-3 mb-md-3 box-item  boxlayout04 germany dermatology     \">\n\n                <div class=\"box-inner flatbox scale-box h-100 \">\n\n\t\t\t\t\t                    <a href=\"https:\/\/www.hautarzt-hohenlohe.de\/\" target=\"_blank\" rel=\"noopener\">\n\t\t\t\t\t\t                        <div class=\"postBox text-left \">\n\n\t\t\t\t\t\t\t                                <div class=\"postImg box-img overflow-hidden  position-relative\">\n\t\t\t\t\t\t\t\t\t<img decoding=\"async\" width=\"500\" height=\"404\" src=\"https:\/\/www.corius.de\/wp-content\/uploads\/2023\/06\/mvz-haut-und-laser-oehringen-500x404.jpg\" class=\"img-fluid w-100\" alt=\"\" srcset=\"https:\/\/www.corius.de\/wp-content\/uploads\/2023\/06\/mvz-haut-und-laser-oehringen-500x404.jpg 500w, https:\/\/www.corius.de\/wp-content\/uploads\/2023\/06\/mvz-haut-und-laser-oehringen-600x485.jpg 600w, https:\/\/www.corius.de\/wp-content\/uploads\/2023\/06\/mvz-haut-und-laser-oehringen-768x621.jpg 768w, https:\/\/www.corius.de\/wp-content\/uploads\/2023\/06\/mvz-haut-und-laser-oehringen.jpg 1000w\" sizes=\"(max-width: 500px) 100vw, 500px\" \/>\n\t\t\t\t\t\t\t\t\t                                <\/div>\n\t\t\t\t\t\t\t\n                            <div class=\"postContent box-no-paddding h-100\">\n\n\t\t\t\t\t\t\t\t                                    <div class=\"box-post-category \">\n\t\t\t\t\t\t\t\t\t\t<span>Dermatology<\/span>                                    <\/div>\n\t\t\t\t\t\t\t\t\n\n                                <p class=\"standort-title\">MVZ Haut &#038; Laser \u00d6hringen<\/p>\n\n\t\t\t\t\t\t\t                                <div class=\"vorschau-text pb-1 \">\n\t\t\t\t\t\t\t\t\tMarktstrasse 27-29, 74613 Oehringen                                <\/div>\n\t\t\t\t\t\t\t\n\t\t\t\t\t\t\t\t\t\t\t\t\t\t\t\t\t\t\t\t\t\t\t\t\t\t\t\t\t\t\n                        <\/div>\n                <\/div>\n\t\t\t\t                    <\/a>\n\t\t\t\t\n\t\t\t\t\n            <\/div>\n\n        <\/div>\n\t\t\n\t\t\t\t            <div class=\"col-md box-col mb-3 mb-md-3 box-item  boxlayout04 germany cosmetics-institute     \">\n\n                <div class=\"box-inner flatbox scale-box h-100 \">\n\n\t\t\t\t\t                    <a href=\"https:\/\/www.aesthetic-institut.de\/\" target=\"_blank\" rel=\"noopener\">\n\t\t\t\t\t\t                        <div class=\"postBox text-left \">\n\n\t\t\t\t\t\t\t                                <div class=\"postImg box-img overflow-hidden  position-relative\">\n\t\t\t\t\t\t\t\t\t<img decoding=\"async\" width=\"500\" height=\"404\" src=\"https:\/\/www.corius.de\/wp-content\/uploads\/2023\/06\/aesthetic-institut-oehringen-500x404.jpg\" class=\"img-fluid w-100\" alt=\"\" srcset=\"https:\/\/www.corius.de\/wp-content\/uploads\/2023\/06\/aesthetic-institut-oehringen-500x404.jpg 500w, https:\/\/www.corius.de\/wp-content\/uploads\/2023\/06\/aesthetic-institut-oehringen-600x485.jpg 600w, https:\/\/www.corius.de\/wp-content\/uploads\/2023\/06\/aesthetic-institut-oehringen-768x621.jpg 768w, https:\/\/www.corius.de\/wp-content\/uploads\/2023\/06\/aesthetic-institut-oehringen.jpg 1000w\" sizes=\"(max-width: 500px) 100vw, 500px\" \/>\n\t\t\t\t\t\t\t\t\t                                <\/div>\n\t\t\t\t\t\t\t\n                            <div class=\"postContent box-no-paddding h-100\">\n\n\t\t\t\t\t\t\t\t                                    <div class=\"box-post-category \">\n\t\t\t\t\t\t\t\t\t\t<span>Cosmetics Institute<\/span>                                    <\/div>\n\t\t\t\t\t\t\t\t\n\n                                <p class=\"standort-title\">Aesthetic-Institut \u00d6hringen<\/p>\n\n\t\t\t\t\t\t\t                                <div class=\"vorschau-text pb-1 \">\n\t\t\t\t\t\t\t\t\tMarktstrasse 27-29, 74613 Oehringen                                <\/div>\n\t\t\t\t\t\t\t\n\t\t\t\t\t\t\t\t\t\t\t\t\t\t\t\t\t\t\t\t\t\t\t\t\t\t\t\t\t\t\n                        <\/div>\n                <\/div>\n\t\t\t\t                    <\/a>\n\t\t\t\t\n\t\t\t\t\n            <\/div>\n\n        <\/div>\n\t\t\n\t\t\t\t            <div class=\"col-md box-col mb-3 mb-md-3 box-item  boxlayout04 germany dermatology     \">\n\n                <div class=\"box-inner flatbox scale-box h-100 \">\n\n\t\t\t\t\t                    <a href=\"https:\/\/www.haut-arzt-potsdam.de\/\" target=\"_blank\" rel=\"noopener\">\n\t\t\t\t\t\t                        <div class=\"postBox text-left \">\n\n\t\t\t\t\t\t\t                                <div class=\"postImg box-img overflow-hidden  position-relative\">\n\t\t\t\t\t\t\t\t\t<img decoding=\"async\" width=\"500\" height=\"404\" src=\"https:\/\/www.corius.de\/wp-content\/uploads\/2023\/06\/dermatologie-mvz-praxis-500x404.jpg\" class=\"img-fluid w-100\" alt=\"Dermatologie Potsdam MVZ\" srcset=\"https:\/\/www.corius.de\/wp-content\/uploads\/2023\/06\/dermatologie-mvz-praxis-500x404.jpg 500w, https:\/\/www.corius.de\/wp-content\/uploads\/2023\/06\/dermatologie-mvz-praxis-600x485.jpg 600w, https:\/\/www.corius.de\/wp-content\/uploads\/2023\/06\/dermatologie-mvz-praxis-768x621.jpg 768w, https:\/\/www.corius.de\/wp-content\/uploads\/2023\/06\/dermatologie-mvz-praxis.jpg 1000w\" sizes=\"(max-width: 500px) 100vw, 500px\" \/>\n\t\t\t\t\t\t\t\t\t                                <\/div>\n\t\t\t\t\t\t\t\n                            <div class=\"postContent box-no-paddding h-100\">\n\n\t\t\t\t\t\t\t\t                                    <div class=\"box-post-category \">\n\t\t\t\t\t\t\t\t\t\t<span>Dermatology<\/span>                                    <\/div>\n\t\t\t\t\t\t\t\t\n\n                                <p class=\"standort-title\">Dermatologie Potsdam MVZ<\/p>\n\n\t\t\t\t\t\t\t                                <div class=\"vorschau-text pb-1 \">\n\t\t\t\t\t\t\t\t\tBehlertstrasse 33a, 14467 Potsdam                                <\/div>\n\t\t\t\t\t\t\t\n\t\t\t\t\t\t\t\t\t\t\t\t\t\t\t\t\t\t\t\t\t\t\t\t\t\t\t\t\t\t\n                        <\/div>\n                <\/div>\n\t\t\t\t                    <\/a>\n\t\t\t\t\n\t\t\t\t\n            <\/div>\n\n        <\/div>\n\t\t\n\t\t\t\t            <div class=\"col-md box-col mb-3 mb-md-3 box-item  boxlayout04 germany dermatology     \">\n\n                <div class=\"box-inner flatbox scale-box h-100 \">\n\n\t\t\t\t\t                    <a href=\"https:\/\/www.haut-arzt-potsdam.de\/\" target=\"_blank\" rel=\"noopener\">\n\t\t\t\t\t\t                        <div class=\"postBox text-left \">\n\n\t\t\t\t\t\t\t                                <div class=\"postImg box-img overflow-hidden  position-relative\">\n\t\t\t\t\t\t\t\t\t<img decoding=\"async\" width=\"500\" height=\"404\" src=\"https:\/\/www.corius.de\/wp-content\/uploads\/2023\/06\/dermatologie-potsdam-mvz-500x404.jpg\" class=\"img-fluid w-100\" alt=\"\" srcset=\"https:\/\/www.corius.de\/wp-content\/uploads\/2023\/06\/dermatologie-potsdam-mvz-500x404.jpg 500w, https:\/\/www.corius.de\/wp-content\/uploads\/2023\/06\/dermatologie-potsdam-mvz-600x485.jpg 600w, https:\/\/www.corius.de\/wp-content\/uploads\/2023\/06\/dermatologie-potsdam-mvz-768x621.jpg 768w, https:\/\/www.corius.de\/wp-content\/uploads\/2023\/06\/dermatologie-potsdam-mvz.jpg 1000w\" sizes=\"(max-width: 500px) 100vw, 500px\" \/>\n\t\t\t\t\t\t\t\t\t                                <\/div>\n\t\t\t\t\t\t\t\n                            <div class=\"postContent box-no-paddding h-100\">\n\n\t\t\t\t\t\t\t\t                                    <div class=\"box-post-category \">\n\t\t\t\t\t\t\t\t\t\t<span>Dermatology<\/span>                                    <\/div>\n\t\t\t\t\t\t\t\t\n\n                                <p class=\"standort-title\">Dermatologie Potsdam Privatpraxis<\/p>\n\n\t\t\t\t\t\t\t                                <div class=\"vorschau-text pb-1 \">\n\t\t\t\t\t\t\t\t\tBerliner Strasse 131, 14467 Potsdam                                <\/div>\n\t\t\t\t\t\t\t\n\t\t\t\t\t\t\t\t\t\t\t\t\t\t\t\t\t\t\t\t\t\t\t\t\t\t\t\t\t\t\n                        <\/div>\n                <\/div>\n\t\t\t\t                    <\/a>\n\t\t\t\t\n\t\t\t\t\n            <\/div>\n\n        <\/div>\n\t\t\n\t\t\t\t            <div class=\"col-md box-col mb-3 mb-md-3 box-item  boxlayout04 germany cosmetics-institute     \">\n\n                <div class=\"box-inner flatbox scale-box h-100 \">\n\n\t\t\t\t\t                    <a href=\"https:\/\/www.haut-kosmetik-potsdam.de\/\" target=\"_blank\" rel=\"noopener\">\n\t\t\t\t\t\t                        <div class=\"postBox text-left \">\n\n\t\t\t\t\t\t\t                                <div class=\"postImg box-img overflow-hidden  position-relative\">\n\t\t\t\t\t\t\t\t\t<img decoding=\"async\" width=\"500\" height=\"404\" src=\"https:\/\/www.corius.de\/wp-content\/uploads\/2023\/06\/kosmetikinstitut-potsdam-500x404.jpg\" class=\"img-fluid w-100\" alt=\"\" srcset=\"https:\/\/www.corius.de\/wp-content\/uploads\/2023\/06\/kosmetikinstitut-potsdam-500x404.jpg 500w, https:\/\/www.corius.de\/wp-content\/uploads\/2023\/06\/kosmetikinstitut-potsdam-600x485.jpg 600w, https:\/\/www.corius.de\/wp-content\/uploads\/2023\/06\/kosmetikinstitut-potsdam-768x621.jpg 768w, https:\/\/www.corius.de\/wp-content\/uploads\/2023\/06\/kosmetikinstitut-potsdam.jpg 1000w\" sizes=\"(max-width: 500px) 100vw, 500px\" \/>\n\t\t\t\t\t\t\t\t\t                                <\/div>\n\t\t\t\t\t\t\t\n                            <div class=\"postContent box-no-paddding h-100\">\n\n\t\t\t\t\t\t\t\t                                    <div class=\"box-post-category \">\n\t\t\t\t\t\t\t\t\t\t<span>Cosmetics Institute<\/span>                                    <\/div>\n\t\t\t\t\t\t\t\t\n\n                                <p class=\"standort-title\">Kosmetikinstitut Potsdam<\/p>\n\n\t\t\t\t\t\t\t                                <div class=\"vorschau-text pb-1 \">\n\t\t\t\t\t\t\t\t\tJaegerstrasse 31, 14467 Potsdam                                <\/div>\n\t\t\t\t\t\t\t\n\t\t\t\t\t\t\t\t\t\t\t\t\t\t\t\t\t\t\t\t\t\t\t\t\t\t\t\t\t\t\n                        <\/div>\n                <\/div>\n\t\t\t\t                    <\/a>\n\t\t\t\t\n\t\t\t\t\n            <\/div>\n\n        <\/div>\n\t\t\n\t\t\t\t            <div class=\"col-md box-col mb-3 mb-md-3 box-item  boxlayout04 germany dermatology     \">\n\n                <div class=\"box-inner flatbox scale-box h-100 \">\n\n\t\t\t\t\t                    <a href=\"https:\/\/www.hautarztcentrum.de\/\" target=\"_blank\" rel=\"noopener\">\n\t\t\t\t\t\t                        <div class=\"postBox text-left \">\n\n\t\t\t\t\t\t\t                                <div class=\"postImg box-img overflow-hidden  position-relative\">\n\t\t\t\t\t\t\t\t\t<img decoding=\"async\" width=\"500\" height=\"404\" src=\"https:\/\/www.corius.de\/wp-content\/uploads\/2023\/06\/uebag-hautzentren-oldenburger-land-500x404.jpg\" class=\"img-fluid w-100\" alt=\"\" srcset=\"https:\/\/www.corius.de\/wp-content\/uploads\/2023\/06\/uebag-hautzentren-oldenburger-land-500x404.jpg 500w, https:\/\/www.corius.de\/wp-content\/uploads\/2023\/06\/uebag-hautzentren-oldenburger-land-600x485.jpg 600w, https:\/\/www.corius.de\/wp-content\/uploads\/2023\/06\/uebag-hautzentren-oldenburger-land-768x621.jpg 768w, https:\/\/www.corius.de\/wp-content\/uploads\/2023\/06\/uebag-hautzentren-oldenburger-land.jpg 1000w\" sizes=\"(max-width: 500px) 100vw, 500px\" \/>\n\t\t\t\t\t\t\t\t\t                                <\/div>\n\t\t\t\t\t\t\t\n                            <div class=\"postContent box-no-paddding h-100\">\n\n\t\t\t\t\t\t\t\t                                    <div class=\"box-post-category \">\n\t\t\t\t\t\t\t\t\t\t<span>Dermatology<\/span>                                    <\/div>\n\t\t\t\t\t\t\t\t\n\n                                <p class=\"standort-title\">MVZ Hautzentrum Vechta<\/p>\n\n\t\t\t\t\t\t\t                                <div class=\"vorschau-text pb-1 \">\n\t\t\t\t\t\t\t\t\tMarienstrasse 11, 49377 Vechta                                <\/div>\n\t\t\t\t\t\t\t\n\t\t\t\t\t\t\t\t\t\t\t\t\t\t\t\t\t\t\t\t\t\t\t\t\t\t\t\t\t\t\n                        <\/div>\n                <\/div>\n\t\t\t\t                    <\/a>\n\t\t\t\t\n\t\t\t\t\n            <\/div>\n\n        <\/div>\n\t\t\n\t\t\t\t            <div class=\"col-md box-col mb-3 mb-md-3 box-item  boxlayout04 germany dermatology     \">\n\n                <div class=\"box-inner flatbox scale-box h-100 \">\n\n\t\t\t\t\t                    <a href=\"https:\/\/www.hautarztcentrum.de\/\" target=\"_blank\" rel=\"noopener\">\n\t\t\t\t\t\t                        <div class=\"postBox text-left \">\n\n\t\t\t\t\t\t\t                                <div class=\"postImg box-img overflow-hidden  position-relative\">\n\t\t\t\t\t\t\t\t\t<img decoding=\"async\" width=\"500\" height=\"404\" src=\"https:\/\/www.corius.de\/wp-content\/uploads\/2023\/06\/uebag-hautzentren-oldenburger-land-500x404.jpg\" class=\"img-fluid w-100\" alt=\"\" srcset=\"https:\/\/www.corius.de\/wp-content\/uploads\/2023\/06\/uebag-hautzentren-oldenburger-land-500x404.jpg 500w, https:\/\/www.corius.de\/wp-content\/uploads\/2023\/06\/uebag-hautzentren-oldenburger-land-600x485.jpg 600w, https:\/\/www.corius.de\/wp-content\/uploads\/2023\/06\/uebag-hautzentren-oldenburger-land-768x621.jpg 768w, https:\/\/www.corius.de\/wp-content\/uploads\/2023\/06\/uebag-hautzentren-oldenburger-land.jpg 1000w\" sizes=\"(max-width: 500px) 100vw, 500px\" \/>\n\t\t\t\t\t\t\t\t\t                                <\/div>\n\t\t\t\t\t\t\t\n                            <div class=\"postContent box-no-paddding h-100\">\n\n\t\t\t\t\t\t\t\t                                    <div class=\"box-post-category \">\n\t\t\t\t\t\t\t\t\t\t<span>Dermatology<\/span>                                    <\/div>\n\t\t\t\t\t\t\t\t\n\n                                <p class=\"standort-title\">MVZ Hautzentrum Cloppenburg<\/p>\n\n\t\t\t\t\t\t\t                                <div class=\"vorschau-text pb-1 \">\n\t\t\t\t\t\t\t\t\tKrankenhausstrasse 13-15, 49661 Cloppenburg                                <\/div>\n\t\t\t\t\t\t\t\n\t\t\t\t\t\t\t\t\t\t\t\t\t\t\t\t\t\t\t\t\t\t\t\t\t\t\t\t\t\t\n                        <\/div>\n                <\/div>\n\t\t\t\t                    <\/a>\n\t\t\t\t\n\t\t\t\t\n            <\/div>\n\n        <\/div>\n\t\t\n\t\t\t\t            <div class=\"col-md box-col mb-3 mb-md-3 box-item  boxlayout04 germany dermatology lab     \">\n\n                <div class=\"box-inner flatbox scale-box h-100 \">\n\n\t\t\t\t\t                    <a href=\"https:\/\/www.hautarztpraxis-westerstede.de\/\" target=\"_blank\" rel=\"noopener\">\n\t\t\t\t\t\t                        <div class=\"postBox text-left \">\n\n\t\t\t\t\t\t\t                                <div class=\"postImg box-img overflow-hidden  position-relative\">\n\t\t\t\t\t\t\t\t\t<img decoding=\"async\" width=\"500\" height=\"404\" src=\"https:\/\/www.corius.de\/wp-content\/uploads\/2023\/06\/mvz-dermatologie-histologie-westerstede-500x404.jpg\" class=\"img-fluid w-100\" alt=\"\" srcset=\"https:\/\/www.corius.de\/wp-content\/uploads\/2023\/06\/mvz-dermatologie-histologie-westerstede-500x404.jpg 500w, https:\/\/www.corius.de\/wp-content\/uploads\/2023\/06\/mvz-dermatologie-histologie-westerstede-600x485.jpg 600w, https:\/\/www.corius.de\/wp-content\/uploads\/2023\/06\/mvz-dermatologie-histologie-westerstede-768x621.jpg 768w, https:\/\/www.corius.de\/wp-content\/uploads\/2023\/06\/mvz-dermatologie-histologie-westerstede.jpg 1000w\" sizes=\"(max-width: 500px) 100vw, 500px\" \/>\n\t\t\t\t\t\t\t\t\t                                <\/div>\n\t\t\t\t\t\t\t\n                            <div class=\"postContent box-no-paddding h-100\">\n\n\t\t\t\t\t\t\t\t                                    <div class=\"box-post-category \">\n\t\t\t\t\t\t\t\t\t\t<span>Dermatology<\/span><span>Lab<\/span>                                    <\/div>\n\t\t\t\t\t\t\t\t\n\n                                <p class=\"standort-title\">MVZ Dermatologie &#038; Histologie Westerstede<\/p>\n\n\t\t\t\t\t\t\t                                <div class=\"vorschau-text pb-1 \">\n\t\t\t\t\t\t\t\t\tLange Stra\u00dfe 25, 26655 Westerstede                                <\/div>\n\t\t\t\t\t\t\t\n\t\t\t\t\t\t\t\t\t\t\t\t\t\t\t\t\t\t\t\t\t\t\t\t\t\t\t\t\t\t\n                        <\/div>\n                <\/div>\n\t\t\t\t                    <\/a>\n\t\t\t\t\n\t\t\t\t\n            <\/div>\n\n        <\/div>\n\t\t\n\t\t\t\t            <div class=\"col-md box-col mb-3 mb-md-3 box-item  boxlayout04 netherlands dermatology     \">\n\n                <div class=\"box-inner flatbox scale-box h-100 \">\n\n\t\t\t\t\t                    <a href=\"https:\/\/www.ceulenklinieken.nl\/\" target=\"_blank\" rel=\"noopener\">\n\t\t\t\t\t\t                        <div class=\"postBox text-left \">\n\n\t\t\t\t\t\t\t                                <div class=\"postImg box-img overflow-hidden  position-relative\">\n\t\t\t\t\t\t\t\t\t<img decoding=\"async\" width=\"500\" height=\"404\" src=\"https:\/\/www.corius.de\/wp-content\/uploads\/2023\/06\/ceulen-klinieken-schiedam-500x404.jpg\" class=\"img-fluid w-100\" alt=\"Ceulen Klinieken Schiedam\" \/>\n\t\t\t\t\t\t\t\t\t                                <\/div>\n\t\t\t\t\t\t\t\n                            <div class=\"postContent box-no-paddding h-100\">\n\n\t\t\t\t\t\t\t\t                                    <div class=\"box-post-category \">\n\t\t\t\t\t\t\t\t\t\t<span>Dermatology<\/span>                                    <\/div>\n\t\t\t\t\t\t\t\t\n\n                                <p class=\"standort-title\">Ceulen Kliniek \u2013 Schiedam<\/p>\n\n\t\t\t\t\t\t\t                                <div class=\"vorschau-text pb-1 \">\n\t\t\t\t\t\t\t\t\tLaan van Bol`Es 3a, 3122AE Schiedam                                <\/div>\n\t\t\t\t\t\t\t\n\t\t\t\t\t\t\t\t\t\t\t\t\t\t\t\t\t\t\t\t\t\t\t\t\t\t\t\t\t\t\n                        <\/div>\n                <\/div>\n\t\t\t\t                    <\/a>\n\t\t\t\t\n\t\t\t\t\n            <\/div>\n\n        <\/div>\n\t\t\n\t\t\t\t            <div class=\"col-md box-col mb-3 mb-md-3 box-item  boxlayout04 netherlands dermatology     \">\n\n                <div class=\"box-inner flatbox scale-box h-100 \">\n\n\t\t\t\t\t                    <a href=\"https:\/\/www.ceulenklinieken.nl\/\" target=\"_blank\" rel=\"noopener\">\n\t\t\t\t\t\t                        <div class=\"postBox text-left \">\n\n\t\t\t\t\t\t\t                                <div class=\"postImg box-img overflow-hidden  position-relative\">\n\t\t\t\t\t\t\t\t\t<img decoding=\"async\" width=\"500\" height=\"404\" src=\"https:\/\/www.corius.de\/wp-content\/uploads\/2023\/06\/ceulen-klinieken-udent-500x404.jpg\" class=\"img-fluid w-100\" alt=\"Ceulen Klinieken Uden\" \/>\n\t\t\t\t\t\t\t\t\t                                <\/div>\n\t\t\t\t\t\t\t\n                            <div class=\"postContent box-no-paddding h-100\">\n\n\t\t\t\t\t\t\t\t                                    <div class=\"box-post-category \">\n\t\t\t\t\t\t\t\t\t\t<span>Dermatology<\/span>                                    <\/div>\n\t\t\t\t\t\t\t\t\n\n                                <p class=\"standort-title\">Ceulen Kliniek \u2013 Uden<\/p>\n\n\t\t\t\t\t\t\t                                <div class=\"vorschau-text pb-1 \">\n\t\t\t\t\t\t\t\t\tHyacintstraat 1, 5402ZG Uden                                <\/div>\n\t\t\t\t\t\t\t\n\t\t\t\t\t\t\t\t\t\t\t\t\t\t\t\t\t\t\t\t\t\t\t\t\t\t\t\t\t\t\n                        <\/div>\n                <\/div>\n\t\t\t\t                    <\/a>\n\t\t\t\t\n\t\t\t\t\n            <\/div>\n\n        <\/div>\n\t\t\n\t\t\t\t            <div class=\"col-md box-col mb-3 mb-md-3 box-item  boxlayout04 netherlands dermatology     \">\n\n                <div class=\"box-inner flatbox scale-box h-100 \">\n\n\t\t\t\t\t                    <a href=\"https:\/\/www.ceulenklinieken.nl\/\" target=\"_blank\" rel=\"noopener\">\n\t\t\t\t\t\t                        <div class=\"postBox text-left \">\n\n\t\t\t\t\t\t\t                                <div class=\"postImg box-img overflow-hidden  position-relative\">\n\t\t\t\t\t\t\t\t\t<img decoding=\"async\" width=\"500\" height=\"404\" src=\"https:\/\/www.corius.de\/wp-content\/uploads\/2023\/06\/ceulen-klinieken-breda-500x404.jpg\" class=\"img-fluid w-100\" alt=\"Ceulen Klinieken Breda\" \/>\n\t\t\t\t\t\t\t\t\t                                <\/div>\n\t\t\t\t\t\t\t\n                            <div class=\"postContent box-no-paddding h-100\">\n\n\t\t\t\t\t\t\t\t                                    <div class=\"box-post-category \">\n\t\t\t\t\t\t\t\t\t\t<span>Dermatology<\/span>                                    <\/div>\n\t\t\t\t\t\t\t\t\n\n                                <p class=\"standort-title\">Ceulen Kliniek \u2013 Breda<\/p>\n\n\t\t\t\t\t\t\t                                <div class=\"vorschau-text pb-1 \">\n\t\t\t\t\t\t\t\t\tZomergemstraat 2a, 4826CW Breda                                <\/div>\n\t\t\t\t\t\t\t\n\t\t\t\t\t\t\t\t\t\t\t\t\t\t\t\t\t\t\t\t\t\t\t\t\t\t\t\t\t\t\n                        <\/div>\n                <\/div>\n\t\t\t\t                    <\/a>\n\t\t\t\t\n\t\t\t\t\n            <\/div>\n\n        <\/div>\n\t\t\n\t\t\t\t            <div class=\"col-md box-col mb-3 mb-md-3 box-item  boxlayout04 netherlands dermatology     \">\n\n                <div class=\"box-inner flatbox scale-box h-100 \">\n\n\t\t\t\t\t                    <a href=\"https:\/\/www.ceulenklinieken.nl\/\" target=\"_blank\" rel=\"noopener\">\n\t\t\t\t\t\t                        <div class=\"postBox text-left \">\n\n\t\t\t\t\t\t\t                                <div class=\"postImg box-img overflow-hidden  position-relative\">\n\t\t\t\t\t\t\t\t\t<img decoding=\"async\" width=\"500\" height=\"404\" src=\"https:\/\/www.corius.de\/wp-content\/uploads\/2023\/06\/ceulen-klinieken-amersfoort-500x404.jpg\" class=\"img-fluid w-100\" alt=\"Ceulen Klinieken Amersfoort\" \/>\n\t\t\t\t\t\t\t\t\t                                <\/div>\n\t\t\t\t\t\t\t\n                            <div class=\"postContent box-no-paddding h-100\">\n\n\t\t\t\t\t\t\t\t                                    <div class=\"box-post-category \">\n\t\t\t\t\t\t\t\t\t\t<span>Dermatology<\/span>                                    <\/div>\n\t\t\t\t\t\t\t\t\n\n                                <p class=\"standort-title\">Ceulen Kliniek \u2013 Amersfoort<\/p>\n\n\t\t\t\t\t\t\t                                <div class=\"vorschau-text pb-1 \">\n\t\t\t\t\t\t\t\t\tBlokzijlpark 30a, 3826BN Amersfoort                                <\/div>\n\t\t\t\t\t\t\t\n\t\t\t\t\t\t\t\t\t\t\t\t\t\t\t\t\t\t\t\t\t\t\t\t\t\t\t\t\t\t\n                        <\/div>\n                <\/div>\n\t\t\t\t                    <\/a>\n\t\t\t\t\n\t\t\t\t\n            <\/div>\n\n        <\/div>\n\t\t\n\t\t\t\t            <div class=\"col-md box-col mb-3 mb-md-3 box-item  boxlayout04 netherlands dermatology     \">\n\n                <div class=\"box-inner flatbox scale-box h-100 \">\n\n\t\t\t\t\t                    <a href=\"https:\/\/www.ceulenklinieken.nl\/\" target=\"_blank\" rel=\"noopener\">\n\t\t\t\t\t\t                        <div class=\"postBox text-left \">\n\n\t\t\t\t\t\t\t                                <div class=\"postImg box-img overflow-hidden  position-relative\">\n\t\t\t\t\t\t\t\t\t<img decoding=\"async\" width=\"500\" height=\"404\" src=\"https:\/\/www.corius.de\/wp-content\/uploads\/2023\/06\/ceulen-klinieken-500x404.jpg\" class=\"img-fluid w-100\" alt=\"Ceulen Klinieken Helmond\" srcset=\"https:\/\/www.corius.de\/wp-content\/uploads\/2023\/06\/ceulen-klinieken-500x404.jpg 500w, https:\/\/www.corius.de\/wp-content\/uploads\/2023\/06\/ceulen-klinieken-600x485.jpg 600w, https:\/\/www.corius.de\/wp-content\/uploads\/2023\/06\/ceulen-klinieken-768x621.jpg 768w, https:\/\/www.corius.de\/wp-content\/uploads\/2023\/06\/ceulen-klinieken.jpg 1000w\" sizes=\"(max-width: 500px) 100vw, 500px\" \/>\n\t\t\t\t\t\t\t\t\t                                <\/div>\n\t\t\t\t\t\t\t\n                            <div class=\"postContent box-no-paddding h-100\">\n\n\t\t\t\t\t\t\t\t                                    <div class=\"box-post-category \">\n\t\t\t\t\t\t\t\t\t\t<span>Dermatology<\/span>                                    <\/div>\n\t\t\t\t\t\t\t\t\n\n                                <p class=\"standort-title\">Ceulen Kliniek \u2013 Helmond<\/p>\n\n\t\t\t\t\t\t\t                                <div class=\"vorschau-text pb-1 \">\n\t\t\t\t\t\t\t\t\tStationsstraat 1, 5701 MK Helmond                                <\/div>\n\t\t\t\t\t\t\t\n\t\t\t\t\t\t\t\t\t\t\t\t\t\t\t\t\t\t\t\t\t\t\t\t\t\t\t\t\t\t\n                        <\/div>\n                <\/div>\n\t\t\t\t                    <\/a>\n\t\t\t\t\n\t\t\t\t\n            <\/div>\n\n        <\/div>\n\t\t\n\t\t\t\t            <div class=\"col-md box-col mb-3 mb-md-3 box-item  boxlayout04 netherlands dermatology     \">\n\n                <div class=\"box-inner flatbox scale-box h-100 \">\n\n\t\t\t\t\t                    <a href=\"https:\/\/dcu.nu\/\" target=\"_blank\" rel=\"noopener\">\n\t\t\t\t\t\t                        <div class=\"postBox text-left \">\n\n\t\t\t\t\t\t\t                                <div class=\"postImg box-img overflow-hidden  position-relative\">\n\t\t\t\t\t\t\t\t\t<img decoding=\"async\" width=\"500\" height=\"404\" src=\"https:\/\/www.corius.de\/wp-content\/uploads\/2023\/06\/dermatologisch-centrum-utrecht-vinkeveen-500x404.jpg\" class=\"img-fluid w-100\" alt=\"Vinkeveen\" \/>\n\t\t\t\t\t\t\t\t\t                                <\/div>\n\t\t\t\t\t\t\t\n                            <div class=\"postContent box-no-paddding h-100\">\n\n\t\t\t\t\t\t\t\t                                    <div class=\"box-post-category \">\n\t\t\t\t\t\t\t\t\t\t<span>Dermatology<\/span>                                    <\/div>\n\t\t\t\t\t\t\t\t\n\n                                <p class=\"standort-title\">Dermatologisch Centrum Utrecht \u2013 Vinkeveen<\/p>\n\n\t\t\t\t\t\t\t                                <div class=\"vorschau-text pb-1 \">\n\t\t\t\t\t\t\t\t\tTuinderslaantje 3, 3645EX Vinkeveen                                <\/div>\n\t\t\t\t\t\t\t\n\t\t\t\t\t\t\t\t\t\t\t\t\t\t\t\t\t\t\t\t\t\t\t\t\t\t\t\t\t\t\n                        <\/div>\n                <\/div>\n\t\t\t\t                    <\/a>\n\t\t\t\t\n\t\t\t\t\n            <\/div>\n\n        <\/div>\n\t\t\n\t\t\t\t            <div class=\"col-md box-col mb-3 mb-md-3 box-item  boxlayout04 netherlands dermatology     \">\n\n                <div class=\"box-inner flatbox scale-box h-100 \">\n\n\t\t\t\t\t                    <a href=\"https:\/\/dcu.nu\/\" target=\"_blank\" rel=\"noopener\">\n\t\t\t\t\t\t                        <div class=\"postBox text-left \">\n\n\t\t\t\t\t\t\t                                <div class=\"postImg box-img overflow-hidden  position-relative\">\n\t\t\t\t\t\t\t\t\t<img decoding=\"async\" width=\"500\" height=\"404\" src=\"https:\/\/www.corius.de\/wp-content\/uploads\/2023\/06\/dermatologisch-centrum-utrecht-2-binnenstad-500x404.jpg\" class=\"img-fluid w-100\" alt=\"Dermatologisch Centrum Utrecht Binnenstad\" \/>\n\t\t\t\t\t\t\t\t\t                                <\/div>\n\t\t\t\t\t\t\t\n                            <div class=\"postContent box-no-paddding h-100\">\n\n\t\t\t\t\t\t\t\t                                    <div class=\"box-post-category \">\n\t\t\t\t\t\t\t\t\t\t<span>Dermatology<\/span>                                    <\/div>\n\t\t\t\t\t\t\t\t\n\n                                <p class=\"standort-title\">Dermatologisch Centrum Utrecht \u2013 Binnenstad<\/p>\n\n\t\t\t\t\t\t\t                                <div class=\"vorschau-text pb-1 \">\n\t\t\t\t\t\t\t\t\tVan Asch van Wijckskade 28, 3512 VS Utrecht                                <\/div>\n\t\t\t\t\t\t\t\n\t\t\t\t\t\t\t\t\t\t\t\t\t\t\t\t\t\t\t\t\t\t\t\t\t\t\t\t\t\t\n                        <\/div>\n                <\/div>\n\t\t\t\t                    <\/a>\n\t\t\t\t\n\t\t\t\t\n            <\/div>\n\n        <\/div>\n\t\t\n\t\t\t\t            <div class=\"col-md box-col mb-3 mb-md-3 box-item  boxlayout04 netherlands dermatology     \">\n\n                <div class=\"box-inner flatbox scale-box h-100 \">\n\n\t\t\t\t\t                    <a href=\"https:\/\/dcu.nu\/\" target=\"_blank\" rel=\"noopener\">\n\t\t\t\t\t\t                        <div class=\"postBox text-left \">\n\n\t\t\t\t\t\t\t                                <div class=\"postImg box-img overflow-hidden  position-relative\">\n\t\t\t\t\t\t\t\t\t<img decoding=\"async\" width=\"500\" height=\"404\" src=\"https:\/\/www.corius.de\/wp-content\/uploads\/2023\/06\/dermatologisch-centrum-utrecht-500x404.jpg\" class=\"img-fluid w-100\" alt=\"Dermatologisch Centrum Utrecht\" srcset=\"https:\/\/www.corius.de\/wp-content\/uploads\/2023\/06\/dermatologisch-centrum-utrecht-500x404.jpg 500w, https:\/\/www.corius.de\/wp-content\/uploads\/2023\/06\/dermatologisch-centrum-utrecht-600x485.jpg 600w, https:\/\/www.corius.de\/wp-content\/uploads\/2023\/06\/dermatologisch-centrum-utrecht-768x621.jpg 768w, https:\/\/www.corius.de\/wp-content\/uploads\/2023\/06\/dermatologisch-centrum-utrecht.jpg 1000w\" sizes=\"(max-width: 500px) 100vw, 500px\" \/>\n\t\t\t\t\t\t\t\t\t                                <\/div>\n\t\t\t\t\t\t\t\n                            <div class=\"postContent box-no-paddding h-100\">\n\n\t\t\t\t\t\t\t\t                                    <div class=\"box-post-category \">\n\t\t\t\t\t\t\t\t\t\t<span>Dermatology<\/span>                                    <\/div>\n\t\t\t\t\t\t\t\t\n\n                                <p class=\"standort-title\">Dermatologisch Centrum Utrecht \u2013 Maarssen<\/p>\n\n\t\t\t\t\t\t\t                                <div class=\"vorschau-text pb-1 \">\n\t\t\t\t\t\t\t\t\tJ. Homan van der Heideplein 36, 3604DK Maarssen                                <\/div>\n\t\t\t\t\t\t\t\n\t\t\t\t\t\t\t\t\t\t\t\t\t\t\t\t\t\t\t\t\t\t\t\t\t\t\t\t\t\t\n                        <\/div>\n                <\/div>\n\t\t\t\t                    <\/a>\n\t\t\t\t\n\t\t\t\t\n            <\/div>\n\n        <\/div>\n\t\t\n\t\t\t\t            <div class=\"col-md box-col mb-3 mb-md-3 box-item  boxlayout04 netherlands dermatology     \">\n\n                <div class=\"box-inner flatbox scale-box h-100 \">\n\n\t\t\t\t\t                    <a href=\"https:\/\/dcu.nu\/\" target=\"_blank\" rel=\"noopener\">\n\t\t\t\t\t\t                        <div class=\"postBox text-left \">\n\n\t\t\t\t\t\t\t                                <div class=\"postImg box-img overflow-hidden  position-relative\">\n\t\t\t\t\t\t\t\t\t<img decoding=\"async\" width=\"500\" height=\"404\" src=\"https:\/\/www.corius.de\/wp-content\/uploads\/2023\/06\/dermatologisch-centrum-utrecht-1-500x404.jpg\" class=\"img-fluid w-100\" alt=\"Dermatologisch Centrum Utrecht\" \/>\n\t\t\t\t\t\t\t\t\t                                <\/div>\n\t\t\t\t\t\t\t\n                            <div class=\"postContent box-no-paddding h-100\">\n\n\t\t\t\t\t\t\t\t                                    <div class=\"box-post-category \">\n\t\t\t\t\t\t\t\t\t\t<span>Dermatology<\/span>                                    <\/div>\n\t\t\t\t\t\t\t\t\n\n                                <p class=\"standort-title\">Dermatologisch Centrum Utrecht<\/p>\n\n\t\t\t\t\t\t\t                                <div class=\"vorschau-text pb-1 \">\n\t\t\t\t\t\t\t\t\tGrauwaartsingel 476-478, 3541 DA Utrecht                                <\/div>\n\t\t\t\t\t\t\t\n\t\t\t\t\t\t\t\t\t\t\t\t\t\t\t\t\t\t\t\t\t\t\t\t\t\t\t\t\t\t\n                        <\/div>\n                <\/div>\n\t\t\t\t                    <\/a>\n\t\t\t\t\n\t\t\t\t\n            <\/div>\n\n        <\/div>\n\t\t\n\t\t\t\t            <div class=\"col-md box-col mb-3 mb-md-3 box-item  boxlayout04 netherlands dermatology     \">\n\n                <div class=\"box-inner flatbox scale-box h-100 \">\n\n\t\t\t\t\t                    <a href=\"https:\/\/mohsklinieken.nl\/\" target=\"_blank\" rel=\"noopener\">\n\t\t\t\t\t\t                        <div class=\"postBox text-left \">\n\n\t\t\t\t\t\t\t                                <div class=\"postImg box-img overflow-hidden  position-relative\">\n\t\t\t\t\t\t\t\t\t<img decoding=\"async\" width=\"500\" height=\"404\" src=\"https:\/\/www.corius.de\/wp-content\/uploads\/2023\/10\/mohs-klinieken-dordrecht-500x404.jpg\" class=\"img-fluid w-100\" alt=\"Mohs Klinieken Dordrecht\" srcset=\"https:\/\/www.corius.de\/wp-content\/uploads\/2023\/10\/mohs-klinieken-dordrecht-500x404.jpg 500w, https:\/\/www.corius.de\/wp-content\/uploads\/2023\/10\/mohs-klinieken-dordrecht-600x485.jpg 600w, https:\/\/www.corius.de\/wp-content\/uploads\/2023\/10\/mohs-klinieken-dordrecht-768x621.jpg 768w, https:\/\/www.corius.de\/wp-content\/uploads\/2023\/10\/mohs-klinieken-dordrecht.jpg 1000w\" sizes=\"(max-width: 500px) 100vw, 500px\" \/>\n\t\t\t\t\t\t\t\t\t                                <\/div>\n\t\t\t\t\t\t\t\n                            <div class=\"postContent box-no-paddding h-100\">\n\n\t\t\t\t\t\t\t\t                                    <div class=\"box-post-category \">\n\t\t\t\t\t\t\t\t\t\t<span>Dermatology<\/span>                                    <\/div>\n\t\t\t\t\t\t\t\t\n\n                                <p class=\"standort-title\">Mohs Klinieken \u2013 Dordrecht<\/p>\n\n\t\t\t\t\t\t\t                                <div class=\"vorschau-text pb-1 \">\n\t\t\t\t\t\t\t\t\tSpuiboulevard 226, 3311 GR Dordrecht                                <\/div>\n\t\t\t\t\t\t\t\n\t\t\t\t\t\t\t\t\t\t\t\t\t\t\t\t\t\t\t\t\t\t\t\t\t\t\t\t\t\t\n                        <\/div>\n                <\/div>\n\t\t\t\t                    <\/a>\n\t\t\t\t\n\t\t\t\t\n            <\/div>\n\n        <\/div>\n\t\t\n\t\t\t\t            <div class=\"col-md box-col mb-3 mb-md-3 box-item  boxlayout04 netherlands dermatology     \">\n\n                <div class=\"box-inner flatbox scale-box h-100 \">\n\n\t\t\t\t\t                    <a href=\"https:\/\/mohsklinieken.nl\/\" target=\"_blank\" rel=\"noopener\">\n\t\t\t\t\t\t                        <div class=\"postBox text-left \">\n\n\t\t\t\t\t\t\t                                <div class=\"postImg box-img overflow-hidden  position-relative\">\n\t\t\t\t\t\t\t\t\t<img decoding=\"async\" width=\"500\" height=\"404\" src=\"https:\/\/www.corius.de\/wp-content\/uploads\/2023\/10\/mohs-klinieken-hoorn-500x404.jpg\" class=\"img-fluid w-100\" alt=\"Mohs Klinieken Hoorn\" srcset=\"https:\/\/www.corius.de\/wp-content\/uploads\/2023\/10\/mohs-klinieken-hoorn-500x404.jpg 500w, https:\/\/www.corius.de\/wp-content\/uploads\/2023\/10\/mohs-klinieken-hoorn-600x485.jpg 600w, https:\/\/www.corius.de\/wp-content\/uploads\/2023\/10\/mohs-klinieken-hoorn-768x621.jpg 768w, https:\/\/www.corius.de\/wp-content\/uploads\/2023\/10\/mohs-klinieken-hoorn.jpg 1000w\" sizes=\"(max-width: 500px) 100vw, 500px\" \/>\n\t\t\t\t\t\t\t\t\t                                <\/div>\n\t\t\t\t\t\t\t\n                            <div class=\"postContent box-no-paddding h-100\">\n\n\t\t\t\t\t\t\t\t                                    <div class=\"box-post-category \">\n\t\t\t\t\t\t\t\t\t\t<span>Dermatology<\/span>                                    <\/div>\n\t\t\t\t\t\t\t\t\n\n                                <p class=\"standort-title\">Mohs Klinieken \u2013 Hoorn<\/p>\n\n\t\t\t\t\t\t\t                                <div class=\"vorschau-text pb-1 \">\n\t\t\t\t\t\t\t\t\tMaelsonstraat 26, 1624 NP Hoorn                                <\/div>\n\t\t\t\t\t\t\t\n\t\t\t\t\t\t\t\t\t\t\t\t\t\t\t\t\t\t\t\t\t\t\t\t\t\t\t\t\t\t\n                        <\/div>\n                <\/div>\n\t\t\t\t                    <\/a>\n\t\t\t\t\n\t\t\t\t\n            <\/div>\n\n        <\/div>\n\t\t\n\t\t\t\t            <div class=\"col-md box-col mb-3 mb-md-3 box-item  boxlayout04 netherlands dermatology     \">\n\n                <div class=\"box-inner flatbox scale-box h-100 \">\n\n\t\t\t\t\t                    <a href=\"https:\/\/mohsklinieken.nl\/\" target=\"_blank\" rel=\"noopener\">\n\t\t\t\t\t\t                        <div class=\"postBox text-left \">\n\n\t\t\t\t\t\t\t                                <div class=\"postImg box-img overflow-hidden  position-relative\">\n\t\t\t\t\t\t\t\t\t<img decoding=\"async\" width=\"500\" height=\"404\" src=\"https:\/\/www.corius.de\/wp-content\/uploads\/2023\/06\/mohs-klinieken-amsterdam-photo-500x404.jpg\" class=\"img-fluid w-100\" alt=\"Mohs Klinieken Amsterdam\" srcset=\"https:\/\/www.corius.de\/wp-content\/uploads\/2023\/06\/mohs-klinieken-amsterdam-photo-500x404.jpg 500w, https:\/\/www.corius.de\/wp-content\/uploads\/2023\/06\/mohs-klinieken-amsterdam-photo-600x485.jpg 600w, https:\/\/www.corius.de\/wp-content\/uploads\/2023\/06\/mohs-klinieken-amsterdam-photo-768x621.jpg 768w, https:\/\/www.corius.de\/wp-content\/uploads\/2023\/06\/mohs-klinieken-amsterdam-photo.jpg 1000w\" sizes=\"(max-width: 500px) 100vw, 500px\" \/>\n\t\t\t\t\t\t\t\t\t                                <\/div>\n\t\t\t\t\t\t\t\n                            <div class=\"postContent box-no-paddding h-100\">\n\n\t\t\t\t\t\t\t\t                                    <div class=\"box-post-category \">\n\t\t\t\t\t\t\t\t\t\t<span>Dermatology<\/span>                                    <\/div>\n\t\t\t\t\t\t\t\t\n\n                                <p class=\"standort-title\">Mohs Klinieken \u2013 Amsterdam<\/p>\n\n\t\t\t\t\t\t\t                                <div class=\"vorschau-text pb-1 \">\n\t\t\t\t\t\t\t\t\tZwaansvliet 5, 1081 AP Amsterdam                                <\/div>\n\t\t\t\t\t\t\t\n\t\t\t\t\t\t\t\t\t\t\t\t\t\t\t\t\t\t\t\t\t\t\t\t\t\t\t\t\t\t\n                        <\/div>\n                <\/div>\n\t\t\t\t                    <\/a>\n\t\t\t\t\n\t\t\t\t\n            <\/div>\n\n        <\/div>\n\t\t\n\t\t\t\t            <div class=\"col-md box-col mb-3 mb-md-3 box-item  boxlayout04 netherlands dermatology     \">\n\n                <div class=\"box-inner flatbox scale-box h-100 \">\n\n\t\t\t\t\t                    <a href=\"https:\/\/mohsklinieken.nl\/\" target=\"_blank\" rel=\"noopener\">\n\t\t\t\t\t\t                        <div class=\"postBox text-left \">\n\n\t\t\t\t\t\t\t                                <div class=\"postImg box-img overflow-hidden  position-relative\">\n\t\t\t\t\t\t\t\t\t<img decoding=\"async\" width=\"500\" height=\"404\" src=\"https:\/\/www.corius.de\/wp-content\/uploads\/2023\/10\/mohs-klinieken-standorte-500x404.jpg\" class=\"img-fluid w-100\" alt=\"Mohs Klinieken \" srcset=\"https:\/\/www.corius.de\/wp-content\/uploads\/2023\/10\/mohs-klinieken-standorte-500x404.jpg 500w, https:\/\/www.corius.de\/wp-content\/uploads\/2023\/10\/mohs-klinieken-standorte-600x485.jpg 600w, https:\/\/www.corius.de\/wp-content\/uploads\/2023\/10\/mohs-klinieken-standorte-768x621.jpg 768w, https:\/\/www.corius.de\/wp-content\/uploads\/2023\/10\/mohs-klinieken-standorte.jpg 1000w\" sizes=\"(max-width: 500px) 100vw, 500px\" \/>\n\t\t\t\t\t\t\t\t\t                                <\/div>\n\t\t\t\t\t\t\t\n                            <div class=\"postContent box-no-paddding h-100\">\n\n\t\t\t\t\t\t\t\t                                    <div class=\"box-post-category \">\n\t\t\t\t\t\t\t\t\t\t<span>Dermatology<\/span>                                    <\/div>\n\t\t\t\t\t\t\t\t\n\n                                <p class=\"standort-title\">Mohs Klinieken \u2013 Buitenpoli Gorinchem<\/p>\n\n\t\t\t\t\t\t\t                                <div class=\"vorschau-text pb-1 \">\n\t\t\t\t\t\t\t\t\tColvenierstraat 1D, 4205 JN Gorinchem                                <\/div>\n\t\t\t\t\t\t\t\n\t\t\t\t\t\t\t\t\t\t\t\t\t\t\t\t\t\t\t\t\t\t\t\t\t\t\t\t\t\t\n                        <\/div>\n                <\/div>\n\t\t\t\t                    <\/a>\n\t\t\t\t\n\t\t\t\t\n            <\/div>\n\n        <\/div>\n\t\t\n\t\t\t\t            <div class=\"col-md box-col mb-3 mb-md-3 box-item  boxlayout04 netherlands dermatology     \">\n\n                <div class=\"box-inner flatbox scale-box h-100 \">\n\n\t\t\t\t\t                    <a href=\"https:\/\/mohsklinieken.nl\/\" target=\"_blank\" rel=\"noopener\">\n\t\t\t\t\t\t                        <div class=\"postBox text-left \">\n\n\t\t\t\t\t\t\t                                <div class=\"postImg box-img overflow-hidden  position-relative\">\n\t\t\t\t\t\t\t\t\t<img decoding=\"async\" width=\"500\" height=\"404\" src=\"https:\/\/www.corius.de\/wp-content\/uploads\/2023\/10\/mohs-klinieken-gravendeel-500x404.jpg\" class=\"img-fluid w-100\" alt=\"Mohs Klinieken \u2019s-Gravendeel \" srcset=\"https:\/\/www.corius.de\/wp-content\/uploads\/2023\/10\/mohs-klinieken-gravendeel-500x404.jpg 500w, https:\/\/www.corius.de\/wp-content\/uploads\/2023\/10\/mohs-klinieken-gravendeel-600x485.jpg 600w, https:\/\/www.corius.de\/wp-content\/uploads\/2023\/10\/mohs-klinieken-gravendeel-768x621.jpg 768w, https:\/\/www.corius.de\/wp-content\/uploads\/2023\/10\/mohs-klinieken-gravendeel.jpg 1000w\" sizes=\"(max-width: 500px) 100vw, 500px\" \/>\n\t\t\t\t\t\t\t\t\t                                <\/div>\n\t\t\t\t\t\t\t\n                            <div class=\"postContent box-no-paddding h-100\">\n\n\t\t\t\t\t\t\t\t                                    <div class=\"box-post-category \">\n\t\t\t\t\t\t\t\t\t\t<span>Dermatology<\/span>                                    <\/div>\n\t\t\t\t\t\t\t\t\n\n                                <p class=\"standort-title\">Mohs Klinieken \u2013 Buitenpoli \u2018s-Gravendeel<\/p>\n\n\t\t\t\t\t\t\t                                <div class=\"vorschau-text pb-1 \">\n\t\t\t\t\t\t\t\t\tHendrik Hamerstraat 89, 3295 CG, \u2019s-Gravendeel                                <\/div>\n\t\t\t\t\t\t\t\n\t\t\t\t\t\t\t\t\t\t\t\t\t\t\t\t\t\t\t\t\t\t\t\t\t\t\t\t\t\t\n                        <\/div>\n                <\/div>\n\t\t\t\t                    <\/a>\n\t\t\t\t\n\t\t\t\t\n            <\/div>\n\n        <\/div>\n\t\t\n\t\t\t\t            <div class=\"col-md box-col mb-3 mb-md-3 box-item  boxlayout04 netherlands dermatology     \">\n\n                <div class=\"box-inner flatbox scale-box h-100 \">\n\n\t\t\t\t\t                    <a href=\"https:\/\/mohsklinieken.nl\/\" target=\"_blank\" rel=\"noopener\">\n\t\t\t\t\t\t                        <div class=\"postBox text-left \">\n\n\t\t\t\t\t\t\t                                <div class=\"postImg box-img overflow-hidden  position-relative\">\n\t\t\t\t\t\t\t\t\t<img decoding=\"async\" width=\"500\" height=\"404\" src=\"https:\/\/www.corius.de\/wp-content\/uploads\/2023\/10\/mohs-klinieken-grootenbroek-500x404.jpg\" class=\"img-fluid w-100\" alt=\"Mohs Klinieken\" srcset=\"https:\/\/www.corius.de\/wp-content\/uploads\/2023\/10\/mohs-klinieken-grootenbroek-500x404.jpg 500w, https:\/\/www.corius.de\/wp-content\/uploads\/2023\/10\/mohs-klinieken-grootenbroek-600x485.jpg 600w, https:\/\/www.corius.de\/wp-content\/uploads\/2023\/10\/mohs-klinieken-grootenbroek-768x621.jpg 768w, https:\/\/www.corius.de\/wp-content\/uploads\/2023\/10\/mohs-klinieken-grootenbroek.jpg 1000w\" sizes=\"(max-width: 500px) 100vw, 500px\" \/>\n\t\t\t\t\t\t\t\t\t                                <\/div>\n\t\t\t\t\t\t\t\n                            <div class=\"postContent box-no-paddding h-100\">\n\n\t\t\t\t\t\t\t\t                                    <div class=\"box-post-category \">\n\t\t\t\t\t\t\t\t\t\t<span>Dermatology<\/span>                                    <\/div>\n\t\t\t\t\t\t\t\t\n\n                                <p class=\"standort-title\">Mohs Klinieken \u2013 Buitenpoli Grootebroek<\/p>\n\n\t\t\t\t\t\t\t                                <div class=\"vorschau-text pb-1 \">\n\t\t\t\t\t\t\t\t\tRigtershof 1, 1613 SJ Grootebroek                                <\/div>\n\t\t\t\t\t\t\t\n\t\t\t\t\t\t\t\t\t\t\t\t\t\t\t\t\t\t\t\t\t\t\t\t\t\t\t\t\t\t\n                        <\/div>\n                <\/div>\n\t\t\t\t                    <\/a>\n\t\t\t\t\n\t\t\t\t\n            <\/div>\n\n        <\/div>\n\t\t\n\t\t\t\t            <div class=\"col-md box-col mb-3 mb-md-3 box-item  boxlayout04 germany dermatology     \">\n\n                <div class=\"box-inner flatbox scale-box h-100 \">\n\n\t\t\t\t\t                    <a href=\"http:\/\/www.hautzentrum-karlsruhe.de\" target=\"_blank\" rel=\"noopener\">\n\t\t\t\t\t\t                        <div class=\"postBox text-left \">\n\n\t\t\t\t\t\t\t                                <div class=\"postImg box-img overflow-hidden  position-relative\">\n\t\t\t\t\t\t\t\t\t<img decoding=\"async\" width=\"500\" height=\"404\" src=\"https:\/\/www.corius.de\/wp-content\/uploads\/2023\/08\/mvz-hautzentrum-meyer-rogge-pm-500x404.jpg\" class=\"img-fluid w-100\" alt=\"MVZ Hautzentrum Meyer-Rogge in Karlsruhe\" \/>\n\t\t\t\t\t\t\t\t\t                                <\/div>\n\t\t\t\t\t\t\t\n                            <div class=\"postContent box-no-paddding h-100\">\n\n\t\t\t\t\t\t\t\t                                    <div class=\"box-post-category \">\n\t\t\t\t\t\t\t\t\t\t<span>Dermatology<\/span>                                    <\/div>\n\t\t\t\t\t\t\t\t\n\n                                <p class=\"standort-title\">MVZ Hautzentrum Karlsruhe<\/p>\n\n\t\t\t\t\t\t\t                                <div class=\"vorschau-text pb-1 \">\n\t\t\t\t\t\t\t\t\tKaiserstrasse 231-233, 76133 Karlsruhe                                <\/div>\n\t\t\t\t\t\t\t\n\t\t\t\t\t\t\t\t\t\t\t\t\t\t\t\t\t\t\t\t\t\t\t\t\t\t\t\t\t\t\n                        <\/div>\n                <\/div>\n\t\t\t\t                    <\/a>\n\t\t\t\t\n\t\t\t\t\n            <\/div>\n\n        <\/div>\n\t\t\n\t\t\t\t            <div class=\"col-md box-col mb-3 mb-md-3 box-item  boxlayout04 germany dermatology     \">\n\n                <div class=\"box-inner flatbox scale-box h-100 \">\n\n\t\t\t\t\t                    <a href=\"https:\/\/derma-clinic.de\/\" target=\"_blank\" rel=\"noopener\">\n\t\t\t\t\t\t                        <div class=\"postBox text-left \">\n\n\t\t\t\t\t\t\t                                <div class=\"postImg box-img overflow-hidden  position-relative\">\n\t\t\t\t\t\t\t\t\t<img decoding=\"async\" width=\"500\" height=\"404\" src=\"https:\/\/www.corius.de\/wp-content\/uploads\/2023\/12\/derma-clinic-500x404.jpg\" class=\"img-fluid w-100\" alt=\"Derma-Clinic Karlsruhe\" srcset=\"https:\/\/www.corius.de\/wp-content\/uploads\/2023\/12\/derma-clinic-500x404.jpg 500w, https:\/\/www.corius.de\/wp-content\/uploads\/2023\/12\/derma-clinic-600x485.jpg 600w, https:\/\/www.corius.de\/wp-content\/uploads\/2023\/12\/derma-clinic-768x621.jpg 768w, https:\/\/www.corius.de\/wp-content\/uploads\/2023\/12\/derma-clinic.jpg 1000w\" sizes=\"(max-width: 500px) 100vw, 500px\" \/>\n\t\t\t\t\t\t\t\t\t                                <\/div>\n\t\t\t\t\t\t\t\n                            <div class=\"postContent box-no-paddding h-100\">\n\n\t\t\t\t\t\t\t\t                                    <div class=\"box-post-category \">\n\t\t\t\t\t\t\t\t\t\t<span>Dermatology<\/span>                                    <\/div>\n\t\t\t\t\t\t\t\t\n\n                                <p class=\"standort-title\">Derma-Clinic<\/p>\n\n\t\t\t\t\t\t\t                                <div class=\"vorschau-text pb-1 \">\n\t\t\t\t\t\t\t\t\tKaiserstrasse 231-233, 76133 Karlsruhe                                <\/div>\n\t\t\t\t\t\t\t\n\t\t\t\t\t\t\t\t\t\t\t\t\t\t\t\t\t\t\t\t\t\t\t\t\t\t\t\t\t\t\n                        <\/div>\n                <\/div>\n\t\t\t\t                    <\/a>\n\t\t\t\t\n\t\t\t\t\n            <\/div>\n\n        <\/div>\n\t\t\n\t\t\t\t            <div class=\"col-md box-col mb-3 mb-md-3 box-item  boxlayout04 germany cosmetics-institute     \">\n\n                <div class=\"box-inner flatbox scale-box h-100 \">\n\n\t\t\t\t\t                    <a href=\"https:\/\/cc-karlsruhe.de\/\" target=\"_blank\" rel=\"noopener\">\n\t\t\t\t\t\t                        <div class=\"postBox text-left \">\n\n\t\t\t\t\t\t\t                                <div class=\"postImg box-img overflow-hidden  position-relative\">\n\t\t\t\t\t\t\t\t\t<img decoding=\"async\" width=\"500\" height=\"404\" src=\"https:\/\/www.corius.de\/wp-content\/uploads\/2023\/09\/cosmetic-center-karlsruhe-500x404.jpg\" class=\"img-fluid w-100\" alt=\"Cosmetic Center Karlsruhe (CCK)\" srcset=\"https:\/\/www.corius.de\/wp-content\/uploads\/2023\/09\/cosmetic-center-karlsruhe-500x404.jpg 500w, https:\/\/www.corius.de\/wp-content\/uploads\/2023\/09\/cosmetic-center-karlsruhe-600x485.jpg 600w, https:\/\/www.corius.de\/wp-content\/uploads\/2023\/09\/cosmetic-center-karlsruhe-768x621.jpg 768w, https:\/\/www.corius.de\/wp-content\/uploads\/2023\/09\/cosmetic-center-karlsruhe.jpg 1000w\" sizes=\"(max-width: 500px) 100vw, 500px\" \/>\n\t\t\t\t\t\t\t\t\t                                <\/div>\n\t\t\t\t\t\t\t\n                            <div class=\"postContent box-no-paddding h-100\">\n\n\t\t\t\t\t\t\t\t                                    <div class=\"box-post-category \">\n\t\t\t\t\t\t\t\t\t\t<span>Cosmetics Institute<\/span>                                    <\/div>\n\t\t\t\t\t\t\t\t\n\n                                <p class=\"standort-title\">Cosmetic Center Karlsruhe<\/p>\n\n\t\t\t\t\t\t\t                                <div class=\"vorschau-text pb-1 \">\n\t\t\t\t\t\t\t\t\tKaiserstrasse 231-233, 76133 Karlsruhe                                <\/div>\n\t\t\t\t\t\t\t\n\t\t\t\t\t\t\t\t\t\t\t\t\t\t\t\t\t\t\t\t\t\t\t\t\t\t\t\t\t\t\n                        <\/div>\n                <\/div>\n\t\t\t\t                    <\/a>\n\t\t\t\t\n\t\t\t\t\n            <\/div>\n\n        <\/div>\n\t\t\n\t\t\t\t            <div class=\"col-md box-col mb-3 mb-md-3 box-item  boxlayout04 germany dermatology     \">\n\n                <div class=\"box-inner flatbox scale-box h-100 \">\n\n\t\t\t\t\t                    <a href=\"https:\/\/www.hautarzt-kempen.de\/\" target=\"_blank\" rel=\"noopener\">\n\t\t\t\t\t\t                        <div class=\"postBox text-left \">\n\n\t\t\t\t\t\t\t                                <div class=\"postImg box-img overflow-hidden  position-relative\">\n\t\t\t\t\t\t\t\t\t<img decoding=\"async\" width=\"500\" height=\"404\" src=\"https:\/\/www.corius.de\/wp-content\/uploads\/2024\/03\/hautaerztliches-mvz-kempen-500x404.jpg\" class=\"img-fluid w-100\" alt=\"Haut\u00e4rztliches MVZ Kempen GmbH\" srcset=\"https:\/\/www.corius.de\/wp-content\/uploads\/2024\/03\/hautaerztliches-mvz-kempen-500x404.jpg 500w, https:\/\/www.corius.de\/wp-content\/uploads\/2024\/03\/hautaerztliches-mvz-kempen-600x485.jpg 600w, https:\/\/www.corius.de\/wp-content\/uploads\/2024\/03\/hautaerztliches-mvz-kempen-768x621.jpg 768w, https:\/\/www.corius.de\/wp-content\/uploads\/2024\/03\/hautaerztliches-mvz-kempen.jpg 1000w\" sizes=\"(max-width: 500px) 100vw, 500px\" \/>\n\t\t\t\t\t\t\t\t\t                                <\/div>\n\t\t\t\t\t\t\t\n                            <div class=\"postContent box-no-paddding h-100\">\n\n\t\t\t\t\t\t\t\t                                    <div class=\"box-post-category \">\n\t\t\t\t\t\t\t\t\t\t<span>Dermatology<\/span>                                    <\/div>\n\t\t\t\t\t\t\t\t\n\n                                <p class=\"standort-title\">Haut\u00e4rztliches MVZ Kempen GmbH<\/p>\n\n\t\t\t\t\t\t\t                                <div class=\"vorschau-text pb-1 \">\n\t\t\t\t\t\t\t\t\tSt. Huberter Strasse 25, 47906 Kempen                                <\/div>\n\t\t\t\t\t\t\t\n\t\t\t\t\t\t\t\t\t\t\t\t\t\t\t\t\t\t\t\t\t\t\t\t\t\t\t\t\t\t\n                        <\/div>\n                <\/div>\n\t\t\t\t                    <\/a>\n\t\t\t\t\n\t\t\t\t\n            <\/div>\n\n        <\/div>\n\t\t\n\t\t\t\t            <div class=\"col-md box-col mb-3 mb-md-3 box-item  boxlayout04 germany dermatology     \">\n\n                <div class=\"box-inner flatbox scale-box h-100 \">\n\n\t\t\t\t\t                    <a href=\"https:\/\/www.hautaerzte-an-der-oper.de\/\" target=\"_blank\" rel=\"noopener\">\n\t\t\t\t\t\t                        <div class=\"postBox text-left \">\n\n\t\t\t\t\t\t\t                                <div class=\"postImg box-img overflow-hidden  position-relative\">\n\t\t\t\t\t\t\t\t\t<img decoding=\"async\" width=\"500\" height=\"404\" src=\"https:\/\/www.corius.de\/wp-content\/uploads\/2024\/03\/dermatologie-an-der-oper-hannover-500x404.jpg\" class=\"img-fluid w-100\" alt=\"Haut\u00e4rztliches MVZ Kempen GmbH\" srcset=\"https:\/\/www.corius.de\/wp-content\/uploads\/2024\/03\/dermatologie-an-der-oper-hannover-500x404.jpg 500w, https:\/\/www.corius.de\/wp-content\/uploads\/2024\/03\/dermatologie-an-der-oper-hannover-600x485.jpg 600w, https:\/\/www.corius.de\/wp-content\/uploads\/2024\/03\/dermatologie-an-der-oper-hannover-768x621.jpg 768w, https:\/\/www.corius.de\/wp-content\/uploads\/2024\/03\/dermatologie-an-der-oper-hannover.jpg 1000w\" sizes=\"(max-width: 500px) 100vw, 500px\" \/>\n\t\t\t\t\t\t\t\t\t                                <\/div>\n\t\t\t\t\t\t\t\n                            <div class=\"postContent box-no-paddding h-100\">\n\n\t\t\t\t\t\t\t\t                                    <div class=\"box-post-category \">\n\t\t\t\t\t\t\t\t\t\t<span>Dermatology<\/span>                                    <\/div>\n\t\t\t\t\t\t\t\t\n\n                                <p class=\"standort-title\">MVZ Dermatologie an der Oper<\/p>\n\n\t\t\t\t\t\t\t                                <div class=\"vorschau-text pb-1 \">\n\t\t\t\t\t\t\t\t\tGeorgstrasse 34, 30159 Hannover                                <\/div>\n\t\t\t\t\t\t\t\n\t\t\t\t\t\t\t\t\t\t\t\t\t\t\t\t\t\t\t\t\t\t\t\t\t\t\t\t\t\t\n                        <\/div>\n                <\/div>\n\t\t\t\t                    <\/a>\n\t\t\t\t\n\t\t\t\t\n            <\/div>\n\n        <\/div>\n\t\t\n\t\t\t\t            <div class=\"col-md box-col mb-3 mb-md-3 box-item  boxlayout04 germany dermatology     \">\n\n                <div class=\"box-inner flatbox scale-box h-100 \">\n\n\t\t\t\t\t                    <a href=\"https:\/\/www.kramer-dermatologie.de\/\" target=\"_blank\" rel=\"noopener\">\n\t\t\t\t\t\t                        <div class=\"postBox text-left \">\n\n\t\t\t\t\t\t\t                                <div class=\"postImg box-img overflow-hidden  position-relative\">\n\t\t\t\t\t\t\t\t\t<img decoding=\"async\" width=\"500\" height=\"404\" src=\"https:\/\/www.corius.de\/wp-content\/uploads\/2024\/06\/dermatologie-nuernberg-500x404.jpg\" class=\"img-fluid w-100\" alt=\"MVZ Dermatologie N\u00fcrnberg\" srcset=\"https:\/\/www.corius.de\/wp-content\/uploads\/2024\/06\/dermatologie-nuernberg-500x404.jpg 500w, https:\/\/www.corius.de\/wp-content\/uploads\/2024\/06\/dermatologie-nuernberg-600x485.jpg 600w, https:\/\/www.corius.de\/wp-content\/uploads\/2024\/06\/dermatologie-nuernberg-768x621.jpg 768w, https:\/\/www.corius.de\/wp-content\/uploads\/2024\/06\/dermatologie-nuernberg.jpg 1000w\" sizes=\"(max-width: 500px) 100vw, 500px\" \/>\n\t\t\t\t\t\t\t\t\t                                <\/div>\n\t\t\t\t\t\t\t\n                            <div class=\"postContent box-no-paddding h-100\">\n\n\t\t\t\t\t\t\t\t                                    <div class=\"box-post-category \">\n\t\t\t\t\t\t\t\t\t\t<span>Dermatology<\/span>                                    <\/div>\n\t\t\t\t\t\t\t\t\n\n                                <p class=\"standort-title\">MVZ Dermatologie N\u00fcrnberg<\/p>\n\n\t\t\t\t\t\t\t                                <div class=\"vorschau-text pb-1 \">\n\t\t\t\t\t\t\t\t\tBahnhofstrasse 11a, 90402 Nuernberg                                <\/div>\n\t\t\t\t\t\t\t\n\t\t\t\t\t\t\t\t\t\t\t\t\t\t\t\t\t\t\t\t\t\t\t\t\t\t\t\t\t\t\n                        <\/div>\n                <\/div>\n\t\t\t\t                    <\/a>\n\t\t\t\t\n\t\t\t\t\n            <\/div>\n\n        <\/div>\n\t\t\n\t\t\t\t            <div class=\"col-md box-col mb-3 mb-md-3 box-item  boxlayout04 germany dermatology     \">\n\n                <div class=\"box-inner flatbox scale-box h-100 \">\n\n\t\t\t\t\t                    <a href=\"https:\/\/www.kramer-dermatologie.de\/\" target=\"_blank\" rel=\"noopener\">\n\t\t\t\t\t\t                        <div class=\"postBox text-left \">\n\n\t\t\t\t\t\t\t                                <div class=\"postImg box-img overflow-hidden  position-relative\">\n\t\t\t\t\t\t\t\t\t<img decoding=\"async\" width=\"500\" height=\"404\" src=\"https:\/\/www.corius.de\/wp-content\/uploads\/2024\/06\/dermatologie-bad-windsheim-500x404.jpg\" class=\"img-fluid w-100\" alt=\"MVZ Dermatologie Bad Windsheim\" srcset=\"https:\/\/www.corius.de\/wp-content\/uploads\/2024\/06\/dermatologie-bad-windsheim-500x404.jpg 500w, https:\/\/www.corius.de\/wp-content\/uploads\/2024\/06\/dermatologie-bad-windsheim-600x485.jpg 600w, https:\/\/www.corius.de\/wp-content\/uploads\/2024\/06\/dermatologie-bad-windsheim-768x621.jpg 768w, https:\/\/www.corius.de\/wp-content\/uploads\/2024\/06\/dermatologie-bad-windsheim.jpg 1000w\" sizes=\"(max-width: 500px) 100vw, 500px\" \/>\n\t\t\t\t\t\t\t\t\t                                <\/div>\n\t\t\t\t\t\t\t\n                            <div class=\"postContent box-no-paddding h-100\">\n\n\t\t\t\t\t\t\t\t                                    <div class=\"box-post-category \">\n\t\t\t\t\t\t\t\t\t\t<span>Dermatology<\/span>                                    <\/div>\n\t\t\t\t\t\t\t\t\n\n                                <p class=\"standort-title\">MVZ Dermatologie Bad Windsheim<\/p>\n\n\t\t\t\t\t\t\t                                <div class=\"vorschau-text pb-1 \">\n\t\t\t\t\t\t\t\t\tErkenbrechtallee 10a, 91438 Bad Windsheim                                <\/div>\n\t\t\t\t\t\t\t\n\t\t\t\t\t\t\t\t\t\t\t\t\t\t\t\t\t\t\t\t\t\t\t\t\t\t\t\t\t\t\n                        <\/div>\n                <\/div>\n\t\t\t\t                    <\/a>\n\t\t\t\t\n\t\t\t\t\n            <\/div>\n\n        <\/div>\n\t\t\n\t\t\t\t            <div class=\"col-md box-col mb-3 mb-md-3 box-item  boxlayout04 germany dermatology     \">\n\n                <div class=\"box-inner flatbox scale-box h-100 \">\n\n\t\t\t\t\t                    <a href=\"https:\/\/www.hautarzt-radolfzell.de\/\" target=\"_blank\" rel=\"noopener\">\n\t\t\t\t\t\t                        <div class=\"postBox text-left \">\n\n\t\t\t\t\t\t\t                                <div class=\"postImg box-img overflow-hidden  position-relative\">\n\t\t\t\t\t\t\t\t\t<img decoding=\"async\" width=\"500\" height=\"404\" src=\"https:\/\/www.corius.de\/wp-content\/uploads\/2024\/09\/hautzentrum-radolfzell-500x404.jpg\" class=\"img-fluid w-100\" alt=\"MVZ Hautzentrum Radolfzell\" srcset=\"https:\/\/www.corius.de\/wp-content\/uploads\/2024\/09\/hautzentrum-radolfzell-500x404.jpg 500w, https:\/\/www.corius.de\/wp-content\/uploads\/2024\/09\/hautzentrum-radolfzell-600x485.jpg 600w, https:\/\/www.corius.de\/wp-content\/uploads\/2024\/09\/hautzentrum-radolfzell-768x621.jpg 768w, https:\/\/www.corius.de\/wp-content\/uploads\/2024\/09\/hautzentrum-radolfzell.jpg 1000w\" sizes=\"(max-width: 500px) 100vw, 500px\" \/>\n\t\t\t\t\t\t\t\t\t                                <\/div>\n\t\t\t\t\t\t\t\n                            <div class=\"postContent box-no-paddding h-100\">\n\n\t\t\t\t\t\t\t\t                                    <div class=\"box-post-category \">\n\t\t\t\t\t\t\t\t\t\t<span>Dermatology<\/span>                                    <\/div>\n\t\t\t\t\t\t\t\t\n\n                                <p class=\"standort-title\">MVZ Hautzentrum Radolfzell<\/p>\n\n\t\t\t\t\t\t\t                                <div class=\"vorschau-text pb-1 \">\n\t\t\t\t\t\t\t\t\tSankt-Johannis-Strasse 3\n78315 Radolfzell am Bodensee\n                                <\/div>\n\t\t\t\t\t\t\t\n\t\t\t\t\t\t\t\t\t\t\t\t\t\t\t\t\t\t\t\t\t\t\t\t\t\t\t\t\t\t\n                        <\/div>\n                <\/div>\n\t\t\t\t                    <\/a>\n\t\t\t\t\n\t\t\t\t\n            <\/div>\n\n        <\/div>\n\t\t\n\t\t\t\t            <div class=\"col-md box-col mb-3 mb-md-3 box-item  boxlayout04 germany dermatology     \">\n\n                <div class=\"box-inner flatbox scale-box h-100 \">\n\n\t\t\t\t\t                    <a href=\"https:\/\/www.hautarzt-wuerzburg.de\/\" target=\"_blank\" rel=\"noopener\">\n\t\t\t\t\t\t                        <div class=\"postBox text-left \">\n\n\t\t\t\t\t\t\t                                <div class=\"postImg box-img overflow-hidden  position-relative\">\n\t\t\t\t\t\t\t\t\t<img decoding=\"async\" width=\"500\" height=\"404\" src=\"https:\/\/www.corius.de\/wp-content\/uploads\/2024\/09\/haut-und-laserzentrum-wuerzburg-500x404.jpg\" class=\"img-fluid w-100\" alt=\"MVZ Haut- und Laserzentrum W\u00fcrzburg\" srcset=\"https:\/\/www.corius.de\/wp-content\/uploads\/2024\/09\/haut-und-laserzentrum-wuerzburg-500x404.jpg 500w, https:\/\/www.corius.de\/wp-content\/uploads\/2024\/09\/haut-und-laserzentrum-wuerzburg-600x485.jpg 600w, https:\/\/www.corius.de\/wp-content\/uploads\/2024\/09\/haut-und-laserzentrum-wuerzburg-768x621.jpg 768w, https:\/\/www.corius.de\/wp-content\/uploads\/2024\/09\/haut-und-laserzentrum-wuerzburg.jpg 1000w\" sizes=\"(max-width: 500px) 100vw, 500px\" \/>\n\t\t\t\t\t\t\t\t\t                                <\/div>\n\t\t\t\t\t\t\t\n                            <div class=\"postContent box-no-paddding h-100\">\n\n\t\t\t\t\t\t\t\t                                    <div class=\"box-post-category \">\n\t\t\t\t\t\t\t\t\t\t<span>Dermatology<\/span>                                    <\/div>\n\t\t\t\t\t\t\t\t\n\n                                <p class=\"standort-title\">MVZ Haut- und Laserzentrum W\u00fcrzburg<\/p>\n\n\t\t\t\t\t\t\t                                <div class=\"vorschau-text pb-1 \">\n\t\t\t\t\t\t\t\t\tSchweinfurter Str. 1, 97080 Wuerzburg\n                                <\/div>\n\t\t\t\t\t\t\t\n\t\t\t\t\t\t\t\t\t\t\t\t\t\t\t\t\t\t\t\t\t\t\t\t\t\t\t\t\t\t\n                        <\/div>\n                <\/div>\n\t\t\t\t                    <\/a>\n\t\t\t\t\n\t\t\t\t\n            <\/div>\n\n        <\/div>\n\t\t\n\t\t\t\t            <div class=\"col-md box-col mb-3 mb-md-3 box-item  boxlayout04 germany lymphology phlebology     \">\n\n                <div class=\"box-inner flatbox scale-box h-100 \">\n\n\t\t\t\t\t                    <a href=\"https:\/\/www.mvz-philippstor.de\/\" target=\"_blank\" rel=\"noopener\">\n\t\t\t\t\t\t                        <div class=\"postBox text-left \">\n\n\t\t\t\t\t\t\t                                <div class=\"postImg box-img overflow-hidden  position-relative\">\n\t\t\t\t\t\t\t\t\t<img decoding=\"async\" width=\"500\" height=\"404\" src=\"https:\/\/www.corius.de\/wp-content\/uploads\/2024\/10\/mvz-philippstor-gmbh-500x404.jpg\" class=\"img-fluid w-100\" alt=\"MVZ Philippstor GmbH in D\u00fcren\" srcset=\"https:\/\/www.corius.de\/wp-content\/uploads\/2024\/10\/mvz-philippstor-gmbh-500x404.jpg 500w, https:\/\/www.corius.de\/wp-content\/uploads\/2024\/10\/mvz-philippstor-gmbh-600x485.jpg 600w, https:\/\/www.corius.de\/wp-content\/uploads\/2024\/10\/mvz-philippstor-gmbh-768x621.jpg 768w, https:\/\/www.corius.de\/wp-content\/uploads\/2024\/10\/mvz-philippstor-gmbh.jpg 1000w\" sizes=\"(max-width: 500px) 100vw, 500px\" \/>\n\t\t\t\t\t\t\t\t\t                                <\/div>\n\t\t\t\t\t\t\t\n                            <div class=\"postContent box-no-paddding h-100\">\n\n\t\t\t\t\t\t\t\t                                    <div class=\"box-post-category \">\n\t\t\t\t\t\t\t\t\t\t<span>Lymphology<\/span><span>Phlebology<\/span>                                    <\/div>\n\t\t\t\t\t\t\t\t\n\n                                <p class=\"standort-title\">MVZ Philippstor GmbH<\/p>\n\n\t\t\t\t\t\t\t                                <div class=\"vorschau-text pb-1 \">\n\t\t\t\t\t\t\t\t\tVictor-Gollancz-Strasse 13, 52349 Dueren                                <\/div>\n\t\t\t\t\t\t\t\n\t\t\t\t\t\t\t\t\t\t\t\t\t\t\t\t\t\t\t\t\t\t\t\t\t\t\t\t\t\t\n                        <\/div>\n                <\/div>\n\t\t\t\t                    <\/a>\n\t\t\t\t\n\t\t\t\t\n            <\/div>\n\n        <\/div>\n\t\t\n\t\t\t\t            <div class=\"col-md box-col mb-3 mb-md-3 box-item  boxlayout04 germany dermatology     \">\n\n                <div class=\"box-inner flatbox scale-box h-100 \">\n\n\t\t\t\t\t                    <a href=\"https:\/\/www.hautgesundheit-bochum.de\/\" target=\"_blank\" rel=\"noopener\">\n\t\t\t\t\t\t                        <div class=\"postBox text-left \">\n\n\t\t\t\t\t\t\t                                <div class=\"postImg box-img overflow-hidden  position-relative\">\n\t\t\t\t\t\t\t\t\t<img decoding=\"async\" width=\"500\" height=\"404\" src=\"https:\/\/www.corius.de\/wp-content\/uploads\/2025\/01\/hautzentrum-musikforum-bochum-500x404.jpg\" class=\"img-fluid w-100\" alt=\"MVZ Corius Hautzentrum am Musikforum\" srcset=\"https:\/\/www.corius.de\/wp-content\/uploads\/2025\/01\/hautzentrum-musikforum-bochum-500x404.jpg 500w, https:\/\/www.corius.de\/wp-content\/uploads\/2025\/01\/hautzentrum-musikforum-bochum-600x485.jpg 600w, https:\/\/www.corius.de\/wp-content\/uploads\/2025\/01\/hautzentrum-musikforum-bochum-768x621.jpg 768w, https:\/\/www.corius.de\/wp-content\/uploads\/2025\/01\/hautzentrum-musikforum-bochum.jpg 1000w\" sizes=\"(max-width: 500px) 100vw, 500px\" \/>\n\t\t\t\t\t\t\t\t\t                                <\/div>\n\t\t\t\t\t\t\t\n                            <div class=\"postContent box-no-paddding h-100\">\n\n\t\t\t\t\t\t\t\t                                    <div class=\"box-post-category \">\n\t\t\t\t\t\t\t\t\t\t<span>Dermatology<\/span>                                    <\/div>\n\t\t\t\t\t\t\t\t\n\n                                <p class=\"standort-title\">MVZ Corius Hautzentrum am Musikforum &#8211; Bochum<\/p>\n\n\t\t\t\t\t\t\t                                <div class=\"vorschau-text pb-1 \">\n\t\t\t\t\t\t\t\t\tHumboldtstrasse 72, 44787 Bochum                                <\/div>\n\t\t\t\t\t\t\t\n\t\t\t\t\t\t\t\t\t\t\t\t\t\t\t\t\t\t\t\t\t\t\t\t\t\t\t\t\t\t\n                        <\/div>\n                <\/div>\n\t\t\t\t                    <\/a>\n\t\t\t\t\n\t\t\t\t\n            <\/div>\n\n        <\/div>\n\t\t\n\t\t\t\t            <div class=\"col-md box-col mb-3 mb-md-3 box-item  boxlayout04 germany dermatology     \">\n\n                <div class=\"box-inner flatbox scale-box h-100 \">\n\n\t\t\t\t\t                    <a href=\"https:\/\/www.hautgesundheit-bochum.de\/\" target=\"_blank\" rel=\"noopener\">\n\t\t\t\t\t\t                        <div class=\"postBox text-left \">\n\n\t\t\t\t\t\t\t                                <div class=\"postImg box-img overflow-hidden  position-relative\">\n\t\t\t\t\t\t\t\t\t<img decoding=\"async\" width=\"500\" height=\"404\" src=\"https:\/\/www.corius.de\/wp-content\/uploads\/2024\/12\/hautzentrum-am-musikforum-2-500x404.jpg\" class=\"img-fluid w-100\" alt=\"MVZ Corius Hautzentrum am Musikforum in Herne\" srcset=\"https:\/\/www.corius.de\/wp-content\/uploads\/2024\/12\/hautzentrum-am-musikforum-2-500x404.jpg 500w, https:\/\/www.corius.de\/wp-content\/uploads\/2024\/12\/hautzentrum-am-musikforum-2-600x485.jpg 600w, https:\/\/www.corius.de\/wp-content\/uploads\/2024\/12\/hautzentrum-am-musikforum-2-768x621.jpg 768w, https:\/\/www.corius.de\/wp-content\/uploads\/2024\/12\/hautzentrum-am-musikforum-2.jpg 1000w\" sizes=\"(max-width: 500px) 100vw, 500px\" \/>\n\t\t\t\t\t\t\t\t\t                                <\/div>\n\t\t\t\t\t\t\t\n                            <div class=\"postContent box-no-paddding h-100\">\n\n\t\t\t\t\t\t\t\t                                    <div class=\"box-post-category \">\n\t\t\t\t\t\t\t\t\t\t<span>Dermatology<\/span>                                    <\/div>\n\t\t\t\t\t\t\t\t\n\n                                <p class=\"standort-title\">MVZ Corius Hautzentrum am Musikforum &#8211; Herne<\/p>\n\n\t\t\t\t\t\t\t                                <div class=\"vorschau-text pb-1 \">\n\t\t\t\t\t\t\t\t\tSchaeferstr. 9, 44623 Herne                                <\/div>\n\t\t\t\t\t\t\t\n\t\t\t\t\t\t\t\t\t\t\t\t\t\t\t\t\t\t\t\t\t\t\t\t\t\t\t\t\t\t\n                        <\/div>\n                <\/div>\n\t\t\t\t                    <\/a>\n\t\t\t\t\n\t\t\t\t\n            <\/div>\n\n        <\/div>\n\t\t\n\t\t\t\t            <div class=\"col-md box-col mb-3 mb-md-3 box-item  boxlayout04 germany dermatology     \">\n\n                <div class=\"box-inner flatbox scale-box h-100 \">\n\n\t\t\t\t\t                    <a href=\"https:\/\/derma-darmstadt.de\/\" target=\"_blank\" rel=\"noopener\">\n\t\t\t\t\t\t                        <div class=\"postBox text-left \">\n\n\t\t\t\t\t\t\t                                <div class=\"postImg box-img overflow-hidden  position-relative\">\n\t\t\t\t\t\t\t\t\t<img decoding=\"async\" width=\"500\" height=\"404\" src=\"https:\/\/www.corius.de\/wp-content\/uploads\/2025\/03\/darmstadt-mvz-500x404.jpg\" class=\"img-fluid w-100\" alt=\"Zentrum f\u00fcr Dermatologie, Allergologie und Dermatopathologie Darmstadt MVZ \" srcset=\"https:\/\/www.corius.de\/wp-content\/uploads\/2025\/03\/darmstadt-mvz-500x404.jpg 500w, https:\/\/www.corius.de\/wp-content\/uploads\/2025\/03\/darmstadt-mvz-600x485.jpg 600w, https:\/\/www.corius.de\/wp-content\/uploads\/2025\/03\/darmstadt-mvz-768x621.jpg 768w, https:\/\/www.corius.de\/wp-content\/uploads\/2025\/03\/darmstadt-mvz.jpg 1000w\" sizes=\"(max-width: 500px) 100vw, 500px\" \/>\n\t\t\t\t\t\t\t\t\t                                <\/div>\n\t\t\t\t\t\t\t\n                            <div class=\"postContent box-no-paddding h-100\">\n\n\t\t\t\t\t\t\t\t                                    <div class=\"box-post-category \">\n\t\t\t\t\t\t\t\t\t\t<span>Dermatology<\/span>                                    <\/div>\n\t\t\t\t\t\t\t\t\n\n                                <p class=\"standort-title\">Zentrum f\u00fcr Dermatologie, Allergologie und Dermatopathologie Darmstadt MVZ<\/p>\n\n\t\t\t\t\t\t\t                                <div class=\"vorschau-text pb-1 \">\n\t\t\t\t\t\t\t\t\tElisabethenstr. 20-22, 64283 Darmstadt                                <\/div>\n\t\t\t\t\t\t\t\n\t\t\t\t\t\t\t\t\t\t\t\t\t\t\t\t\t\t\t\t\t\t\t\t\t\t\t\t\t\t\n                        <\/div>\n                <\/div>\n\t\t\t\t                    <\/a>\n\t\t\t\t\n\t\t\t\t\n            <\/div>\n\n        <\/div>\n\t\t\n\t\t\t\t            <div class=\"col-md box-col mb-3 mb-md-3 box-item  boxlayout04 germany dermatology     \">\n\n                <div class=\"box-inner flatbox scale-box h-100 \">\n\n\t\t\t\t\t                    <a href=\"https:\/\/www.medicorium.de\/\" target=\"_blank\" rel=\"noopener\">\n\t\t\t\t\t\t                        <div class=\"postBox text-left \">\n\n\t\t\t\t\t\t\t                                <div class=\"postImg box-img overflow-hidden  position-relative\">\n\t\t\t\t\t\t\t\t\t<img decoding=\"async\" width=\"500\" height=\"404\" src=\"https:\/\/www.corius.de\/wp-content\/uploads\/2025\/03\/medicorium-oberursel-500x404.jpg\" class=\"img-fluid w-100\" alt=\"MVZ MediCorium in Oberursel\" srcset=\"https:\/\/www.corius.de\/wp-content\/uploads\/2025\/03\/medicorium-oberursel-500x404.jpg 500w, https:\/\/www.corius.de\/wp-content\/uploads\/2025\/03\/medicorium-oberursel-600x485.jpg 600w, https:\/\/www.corius.de\/wp-content\/uploads\/2025\/03\/medicorium-oberursel-768x621.jpg 768w, https:\/\/www.corius.de\/wp-content\/uploads\/2025\/03\/medicorium-oberursel.jpg 1000w\" sizes=\"(max-width: 500px) 100vw, 500px\" \/>\n\t\t\t\t\t\t\t\t\t                                <\/div>\n\t\t\t\t\t\t\t\n                            <div class=\"postContent box-no-paddding h-100\">\n\n\t\t\t\t\t\t\t\t                                    <div class=\"box-post-category \">\n\t\t\t\t\t\t\t\t\t\t<span>Dermatology<\/span>                                    <\/div>\n\t\t\t\t\t\t\t\t\n\n                                <p class=\"standort-title\">MVZ MediCorium &#8211; Oberursel<\/p>\n\n\t\t\t\t\t\t\t                                <div class=\"vorschau-text pb-1 \">\n\t\t\t\t\t\t\t\t\tNassauer Strasse 10, 61440 Oberursel                                <\/div>\n\t\t\t\t\t\t\t\n\t\t\t\t\t\t\t\t\t\t\t\t\t\t\t\t\t\t\t\t\t\t\t\t\t\t\t\t\t\t\n                        <\/div>\n                <\/div>\n\t\t\t\t                    <\/a>\n\t\t\t\t\n\t\t\t\t\n            <\/div>\n\n        <\/div>\n\t\t\n\t\t\t\t            <div class=\"col-md box-col mb-3 mb-md-3 box-item  boxlayout04 germany dermatology     \">\n\n                <div class=\"box-inner flatbox scale-box h-100 \">\n\n\t\t\t\t\t                    <a href=\"https:\/\/www.medicorium.de\/\" target=\"_blank\" rel=\"noopener\">\n\t\t\t\t\t\t                        <div class=\"postBox text-left \">\n\n\t\t\t\t\t\t\t                                <div class=\"postImg box-img overflow-hidden  position-relative\">\n\t\t\t\t\t\t\t\t\t<img decoding=\"async\" width=\"500\" height=\"404\" src=\"https:\/\/www.corius.de\/wp-content\/uploads\/2025\/03\/medicorium-friedrichsdorf-500x404.jpg\" class=\"img-fluid w-100\" alt=\"MVZ MediCorium in Friedrichsdorf\" srcset=\"https:\/\/www.corius.de\/wp-content\/uploads\/2025\/03\/medicorium-friedrichsdorf-500x404.jpg 500w, https:\/\/www.corius.de\/wp-content\/uploads\/2025\/03\/medicorium-friedrichsdorf-600x485.jpg 600w, https:\/\/www.corius.de\/wp-content\/uploads\/2025\/03\/medicorium-friedrichsdorf-768x621.jpg 768w, https:\/\/www.corius.de\/wp-content\/uploads\/2025\/03\/medicorium-friedrichsdorf.jpg 1000w\" sizes=\"(max-width: 500px) 100vw, 500px\" \/>\n\t\t\t\t\t\t\t\t\t                                <\/div>\n\t\t\t\t\t\t\t\n                            <div class=\"postContent box-no-paddding h-100\">\n\n\t\t\t\t\t\t\t\t                                    <div class=\"box-post-category \">\n\t\t\t\t\t\t\t\t\t\t<span>Dermatology<\/span>                                    <\/div>\n\t\t\t\t\t\t\t\t\n\n                                <p class=\"standort-title\">MVZ MediCorium &#8211; Friedrichsdorf<\/p>\n\n\t\t\t\t\t\t\t                                <div class=\"vorschau-text pb-1 \">\n\t\t\t\t\t\t\t\t\tAm Zollstock 1, 61381 Friedrichsdorf                                <\/div>\n\t\t\t\t\t\t\t\n\t\t\t\t\t\t\t\t\t\t\t\t\t\t\t\t\t\t\t\t\t\t\t\t\t\t\t\t\t\t\n                        <\/div>\n                <\/div>\n\t\t\t\t                    <\/a>\n\t\t\t\t\n\t\t\t\t\n            <\/div>\n\n        <\/div>\n\t\t\n\t\t\t\t            <div class=\"col-md box-col mb-3 mb-md-3 box-item  boxlayout04 germany lymphology phlebology     \">\n\n                <div class=\"box-inner flatbox scale-box h-100 \">\n\n\t\t\t\t\t                    <a href=\"https:\/\/www.gefaesscentrum-koeln.de\/\" target=\"_blank\" rel=\"noopener\">\n\t\t\t\t\t\t                        <div class=\"postBox text-left \">\n\n\t\t\t\t\t\t\t                                <div class=\"postImg box-img overflow-hidden  position-relative\">\n\t\t\t\t\t\t\t\t\t<img decoding=\"async\" width=\"500\" height=\"404\" src=\"https:\/\/www.corius.de\/wp-content\/uploads\/2025\/07\/gefaessmedizin-und-venenchirurgie-koeln-500x404.jpg\" class=\"img-fluid w-100\" alt=\"MVZ f\u00fcr Gef\u00e4\u00dfmedizin und Venenchirurgie K\u00f6ln\" srcset=\"https:\/\/www.corius.de\/wp-content\/uploads\/2025\/07\/gefaessmedizin-und-venenchirurgie-koeln-500x404.jpg 500w, https:\/\/www.corius.de\/wp-content\/uploads\/2025\/07\/gefaessmedizin-und-venenchirurgie-koeln-600x485.jpg 600w, https:\/\/www.corius.de\/wp-content\/uploads\/2025\/07\/gefaessmedizin-und-venenchirurgie-koeln-768x621.jpg 768w, https:\/\/www.corius.de\/wp-content\/uploads\/2025\/07\/gefaessmedizin-und-venenchirurgie-koeln.jpg 1000w\" sizes=\"(max-width: 500px) 100vw, 500px\" \/>\n\t\t\t\t\t\t\t\t\t                                <\/div>\n\t\t\t\t\t\t\t\n                            <div class=\"postContent box-no-paddding h-100\">\n\n\t\t\t\t\t\t\t\t                                    <div class=\"box-post-category \">\n\t\t\t\t\t\t\t\t\t\t<span>Lymphology<\/span><span>Phlebology<\/span>                                    <\/div>\n\t\t\t\t\t\t\t\t\n\n                                <p class=\"standort-title\">MVZ f\u00fcr Gef\u00e4\u00dfmedizin und Venenchirurgie K\u00f6ln<\/p>\n\n\t\t\t\t\t\t\t                                <div class=\"vorschau-text pb-1 \">\n\t\t\t\t\t\t\t\t\tBeethovenstrasse 5\u201313, 50674 Koeln                                <\/div>\n\t\t\t\t\t\t\t\n\t\t\t\t\t\t\t\t\t\t\t\t\t\t\t\t\t\t\t\t\t\t\t\t\t\t\t\t\t\t\n                        <\/div>\n                <\/div>\n\t\t\t\t                    <\/a>\n\t\t\t\t\n\t\t\t\t\n            <\/div>\n\n        <\/div>\n\t\t\n\t\t\t\t            <div class=\"col-md box-col mb-3 mb-md-3 box-item  boxlayout04 germany dermatology phlebology     \">\n\n                <div class=\"box-inner flatbox scale-box h-100 \">\n\n\t\t\t\t\t                    <a href=\"https:\/\/www.hautundlaserzentrum-barnim.de\/\" target=\"_blank\" rel=\"noopener\">\n\t\t\t\t\t\t                        <div class=\"postBox text-left \">\n\n\t\t\t\t\t\t\t                                <div class=\"postImg box-img overflow-hidden  position-relative\">\n\t\t\t\t\t\t\t\t\t<img decoding=\"async\" width=\"500\" height=\"404\" src=\"https:\/\/www.corius.de\/wp-content\/uploads\/2025\/09\/haut-und-laserzentrum-barnim-500x404.jpg\" class=\"img-fluid w-100\" alt=\"Eingangsbereich im MVZ Haut- und Laserzentrum Barnim\" srcset=\"https:\/\/www.corius.de\/wp-content\/uploads\/2025\/09\/haut-und-laserzentrum-barnim-500x404.jpg 500w, https:\/\/www.corius.de\/wp-content\/uploads\/2025\/09\/haut-und-laserzentrum-barnim-600x485.jpg 600w, https:\/\/www.corius.de\/wp-content\/uploads\/2025\/09\/haut-und-laserzentrum-barnim-768x621.jpg 768w, https:\/\/www.corius.de\/wp-content\/uploads\/2025\/09\/haut-und-laserzentrum-barnim.jpg 1000w\" sizes=\"(max-width: 500px) 100vw, 500px\" \/>\n\t\t\t\t\t\t\t\t\t                                <\/div>\n\t\t\t\t\t\t\t\n                            <div class=\"postContent box-no-paddding h-100\">\n\n\t\t\t\t\t\t\t\t                                    <div class=\"box-post-category \">\n\t\t\t\t\t\t\t\t\t\t<span>Dermatology<\/span><span>Phlebology<\/span>                                    <\/div>\n\t\t\t\t\t\t\t\t\n\n                                <p class=\"standort-title\">MVZ Haut- und Laserzentrum Barnim<\/p>\n\n\t\t\t\t\t\t\t                                <div class=\"vorschau-text pb-1 \">\n\t\t\t\t\t\t\t\t\tLadeburger Strasse 21, 16321 Bernau                                <\/div>\n\t\t\t\t\t\t\t\n\t\t\t\t\t\t\t\t\t\t\t\t\t\t\t\t\t\t\t\t\t\t\t\t\t\t\t\t\t\t\n                        <\/div>\n                <\/div>\n\t\t\t\t                    <\/a>\n\t\t\t\t\n\t\t\t\t\n            <\/div>\n\n        <\/div>\n\t\t\n\t\t\t\t            <div class=\"col-md box-col mb-3 mb-md-3 box-item  boxlayout04 germany dermatology     \">\n\n                <div class=\"box-inner flatbox scale-box h-100 \">\n\n\t\t\t\t\t                    <a href=\"https:\/\/www.hautarztpraxis-koenigstein.de\/\" target=\"_blank\" rel=\"noopener\">\n\t\t\t\t\t\t                        <div class=\"postBox text-left \">\n\n\t\t\t\t\t\t\t                                <div class=\"postImg box-img overflow-hidden  position-relative\">\n\t\t\t\t\t\t\t\t\t<img decoding=\"async\" width=\"500\" height=\"404\" src=\"https:\/\/www.corius.de\/wp-content\/uploads\/2025\/09\/hautarztpraxis-mvz-koenigstein-500x404.jpg\" class=\"img-fluid w-100\" alt=\"Aussenansicht der Hautarztpraxis MVZ K\u00f6nigstein im Taunus\" srcset=\"https:\/\/www.corius.de\/wp-content\/uploads\/2025\/09\/hautarztpraxis-mvz-koenigstein-500x404.jpg 500w, https:\/\/www.corius.de\/wp-content\/uploads\/2025\/09\/hautarztpraxis-mvz-koenigstein-600x485.jpg 600w, https:\/\/www.corius.de\/wp-content\/uploads\/2025\/09\/hautarztpraxis-mvz-koenigstein-768x621.jpg 768w, https:\/\/www.corius.de\/wp-content\/uploads\/2025\/09\/hautarztpraxis-mvz-koenigstein.jpg 1000w\" sizes=\"(max-width: 500px) 100vw, 500px\" \/>\n\t\t\t\t\t\t\t\t\t                                <\/div>\n\t\t\t\t\t\t\t\n                            <div class=\"postContent box-no-paddding h-100\">\n\n\t\t\t\t\t\t\t\t                                    <div class=\"box-post-category \">\n\t\t\t\t\t\t\t\t\t\t<span>Dermatology<\/span>                                    <\/div>\n\t\t\t\t\t\t\t\t\n\n                                <p class=\"standort-title\">Die Hautarztpraxis MVZ K\u00f6nigstein im Taunus<\/p>\n\n\t\t\t\t\t\t\t                                <div class=\"vorschau-text pb-1 \">\n\t\t\t\t\t\t\t\t\tBischof-Kaller-Str. 1a, 61462 Koenigstein im Taunus                                  <\/div>\n\t\t\t\t\t\t\t\n\t\t\t\t\t\t\t\t\t\t\t\t\t\t\t\t\t\t\t\t\t\t\t\t\t\t\t\t\t\t\n                        <\/div>\n                <\/div>\n\t\t\t\t                    <\/a>\n\t\t\t\t\n\t\t\t\t\n            <\/div>\n\n        <\/div>\n\t\t\n\t\t\t\t            <div class=\"col-md box-col mb-3 mb-md-3 box-item  boxlayout04 germany lab     \">\n\n                <div class=\"box-inner flatbox scale-box h-100 \">\n\n\t\t\t\t\t                    <a href=\"https:\/\/pathologie24.de\/\" target=\"_blank\" rel=\"noopener\">\n\t\t\t\t\t\t                        <div class=\"postBox text-left \">\n\n\t\t\t\t\t\t\t                                <div class=\"postImg box-img overflow-hidden  position-relative\">\n\t\t\t\t\t\t\t\t\t<img decoding=\"async\" width=\"500\" height=\"404\" src=\"https:\/\/www.corius.de\/wp-content\/uploads\/2026\/01\/mvz-pathologie24-500x404.jpg\" class=\"img-fluid w-100\" alt=\"Mikroskop im MVZ Pathologie24 Bonn\" srcset=\"https:\/\/www.corius.de\/wp-content\/uploads\/2026\/01\/mvz-pathologie24-500x404.jpg 500w, https:\/\/www.corius.de\/wp-content\/uploads\/2026\/01\/mvz-pathologie24-600x485.jpg 600w, https:\/\/www.corius.de\/wp-content\/uploads\/2026\/01\/mvz-pathologie24-768x621.jpg 768w, https:\/\/www.corius.de\/wp-content\/uploads\/2026\/01\/mvz-pathologie24.jpg 1000w\" sizes=\"(max-width: 500px) 100vw, 500px\" \/>\n\t\t\t\t\t\t\t\t\t                                <\/div>\n\t\t\t\t\t\t\t\n                            <div class=\"postContent box-no-paddding h-100\">\n\n\t\t\t\t\t\t\t\t                                    <div class=\"box-post-category \">\n\t\t\t\t\t\t\t\t\t\t<span>Lab<\/span>                                    <\/div>\n\t\t\t\t\t\t\t\t\n\n                                <p class=\"standort-title\">MVZ Pathologie24 Bonn<\/p>\n\n\t\t\t\t\t\t\t                                <div class=\"vorschau-text pb-1 \">\n\t\t\t\t\t\t\t\t\tPrinz-Albert-Str. 26, 53113 Bonn-Zentrum                                <\/div>\n\t\t\t\t\t\t\t\n\t\t\t\t\t\t\t\t\t\t\t\t\t\t\t\t\t\t\t\t\t\t\t\t\t\t\t\t\t\t\n                        <\/div>\n                <\/div>\n\t\t\t\t                    <\/a>\n\t\t\t\t\n\t\t\t\t\n            <\/div>\n\n        <\/div>\n\t\t\n\t\t\t\t            <div class=\"col-md box-col mb-3 mb-md-3 box-item  boxlayout04 germany dermatology     \">\n\n                <div class=\"box-inner flatbox scale-box h-100 \">\n\n\t\t\t\t\t                    <a href=\"https:\/\/hautarztpraxis-baege.de\/\" target=\"_blank\" rel=\"noopener\">\n\t\t\t\t\t\t                        <div class=\"postBox text-left \">\n\n\t\t\t\t\t\t\t                                <div class=\"postImg box-img overflow-hidden  position-relative\">\n\t\t\t\t\t\t\t\t\t<img decoding=\"async\" width=\"500\" height=\"404\" src=\"https:\/\/www.corius.de\/wp-content\/uploads\/2026\/03\/mvz-hautzentrum-leipzig-500x404.jpg\" class=\"img-fluid w-100\" alt=\"MVZ Hautzentrum Leipzig\" srcset=\"https:\/\/www.corius.de\/wp-content\/uploads\/2026\/03\/mvz-hautzentrum-leipzig-500x404.jpg 500w, https:\/\/www.corius.de\/wp-content\/uploads\/2026\/03\/mvz-hautzentrum-leipzig-600x485.jpg 600w, https:\/\/www.corius.de\/wp-content\/uploads\/2026\/03\/mvz-hautzentrum-leipzig-768x621.jpg 768w, https:\/\/www.corius.de\/wp-content\/uploads\/2026\/03\/mvz-hautzentrum-leipzig.jpg 1000w\" sizes=\"(max-width: 500px) 100vw, 500px\" \/>\n\t\t\t\t\t\t\t\t\t                                <\/div>\n\t\t\t\t\t\t\t\n                            <div class=\"postContent box-no-paddding h-100\">\n\n\t\t\t\t\t\t\t\t                                    <div class=\"box-post-category \">\n\t\t\t\t\t\t\t\t\t\t<span>Dermatology<\/span>                                    <\/div>\n\t\t\t\t\t\t\t\t\n\n                                <p class=\"standort-title\">MVZ Hautzentrum Leipzig<\/p>\n\n\t\t\t\t\t\t\t                                <div class=\"vorschau-text pb-1 \">\n\t\t\t\t\t\t\t\t\tGerhard-Ellrodt-Str. 19, 04249 Leipzig                                <\/div>\n\t\t\t\t\t\t\t\n\t\t\t\t\t\t\t\t\t\t\t\t\t\t\t\t\t\t\t\t\t\t\t\t\t\t\t\t\t\t\n                        <\/div>\n                <\/div>\n\t\t\t\t                    <\/a>\n\t\t\t\t\n\t\t\t\t\n            <\/div>\n\n        <\/div>\n\t\t\n\t\t\t\t            <div class=\"col-md box-col mb-3 mb-md-3 box-item  boxlayout04 germany micro-neurosurgery     \">\n\n                <div class=\"box-inner flatbox scale-box h-100 \">\n\n\t\t\t\t\t                    <a href=\"https:\/\/www.bandscheiben.de\/\" target=\"_blank\" rel=\"noopener\">\n\t\t\t\t\t\t                        <div class=\"postBox text-left \">\n\n\t\t\t\t\t\t\t                                <div class=\"postImg box-img overflow-hidden  position-relative\">\n\t\t\t\t\t\t\t\t\t<img decoding=\"async\" width=\"500\" height=\"404\" src=\"https:\/\/www.corius.de\/wp-content\/uploads\/2023\/06\/bandscheibenklinik-gensingen-500x404.jpg\" class=\"img-fluid w-100\" alt=\"\" srcset=\"https:\/\/www.corius.de\/wp-content\/uploads\/2023\/06\/bandscheibenklinik-gensingen-500x404.jpg 500w, https:\/\/www.corius.de\/wp-content\/uploads\/2023\/06\/bandscheibenklinik-gensingen-600x485.jpg 600w, https:\/\/www.corius.de\/wp-content\/uploads\/2023\/06\/bandscheibenklinik-gensingen-768x621.jpg 768w, https:\/\/www.corius.de\/wp-content\/uploads\/2023\/06\/bandscheibenklinik-gensingen.jpg 1000w\" sizes=\"(max-width: 500px) 100vw, 500px\" \/>\n\t\t\t\t\t\t\t\t\t                                <\/div>\n\t\t\t\t\t\t\t\n                            <div class=\"postContent box-no-paddding h-100\">\n\n\t\t\t\t\t\t\t\t                                    <div class=\"box-post-category \">\n\t\t\t\t\t\t\t\t\t\t<span>Micro-neurosurgery<\/span>                                    <\/div>\n\t\t\t\t\t\t\t\t\n\n                                <p class=\"standort-title\">Bandscheibenklinik Gensingen<\/p>\n\n\t\t\t\t\t\t\t                                <div class=\"vorschau-text pb-1 \">\n\t\t\t\t\t\t\t\t\tAlzeyer Strasse 23, 55457 Gensingen                                <\/div>\n\t\t\t\t\t\t\t\n\t\t\t\t\t\t\t\t\t\t\t\t\t\t\t\t\t\t\t\t\t\t\t\t\t\t\t\t\t\t\n                        <\/div>\n                <\/div>\n\t\t\t\t                    <\/a>\n\t\t\t\t\n\t\t\t\t\n            <\/div>\n\n        <\/div>\n\t\t\n\t\t\t\t            <div class=\"col-md box-col mb-3 mb-md-3 box-item  boxlayout04 germany micro-neurosurgery     \">\n\n                <div class=\"box-inner flatbox scale-box h-100 \">\n\n\t\t\t\t\t                    <a href=\"https:\/\/www.bandscheiben-praxis.de\/\" target=\"_blank\" rel=\"noopener\">\n\t\t\t\t\t\t                        <div class=\"postBox text-left \">\n\n\t\t\t\t\t\t\t                                <div class=\"postImg box-img overflow-hidden  position-relative\">\n\t\t\t\t\t\t\t\t\t<img decoding=\"async\" width=\"500\" height=\"404\" src=\"https:\/\/www.corius.de\/wp-content\/uploads\/2023\/06\/bandscheibenklinik-gensingen-500x404.jpg\" class=\"img-fluid w-100\" alt=\"\" srcset=\"https:\/\/www.corius.de\/wp-content\/uploads\/2023\/06\/bandscheibenklinik-gensingen-500x404.jpg 500w, https:\/\/www.corius.de\/wp-content\/uploads\/2023\/06\/bandscheibenklinik-gensingen-600x485.jpg 600w, https:\/\/www.corius.de\/wp-content\/uploads\/2023\/06\/bandscheibenklinik-gensingen-768x621.jpg 768w, https:\/\/www.corius.de\/wp-content\/uploads\/2023\/06\/bandscheibenklinik-gensingen.jpg 1000w\" sizes=\"(max-width: 500px) 100vw, 500px\" \/>\n\t\t\t\t\t\t\t\t\t                                <\/div>\n\t\t\t\t\t\t\t\n                            <div class=\"postContent box-no-paddding h-100\">\n\n\t\t\t\t\t\t\t\t                                    <div class=\"box-post-category \">\n\t\t\t\t\t\t\t\t\t\t<span>Micro-neurosurgery<\/span>                                    <\/div>\n\t\t\t\t\t\t\t\t\n\n                                <p class=\"standort-title\">MVZ Bandscheibenpraxis Gensingen<\/p>\n\n\t\t\t\t\t\t\t                                <div class=\"vorschau-text pb-1 \">\n\t\t\t\t\t\t\t\t\tAlzeyer Strasse 23, 55457 Gensingen                                <\/div>\n\t\t\t\t\t\t\t\n\t\t\t\t\t\t\t\t\t\t\t\t\t\t\t\t\t\t\t\t\t\t\t\t\t\t\t\t\t\t\n                        <\/div>\n                <\/div>\n\t\t\t\t                    <\/a>\n\t\t\t\t\n\t\t\t\t\n            <\/div>\n\n        <\/div>\n\t\t\n\t\t\t\t            <div class=\"col-md box-col mb-3 mb-md-3 box-item  boxlayout04 germany micro-neurosurgery     \">\n\n                <div class=\"box-inner flatbox scale-box h-100 \">\n\n\t\t\t\t\t                    <a href=\"https:\/\/www.bandscheiben-praxis.de\/\" target=\"_blank\" rel=\"noopener\">\n\t\t\t\t\t\t                        <div class=\"postBox text-left \">\n\n\t\t\t\t\t\t\t                                <div class=\"postImg box-img overflow-hidden  position-relative\">\n\t\t\t\t\t\t\t\t\t<img decoding=\"async\" width=\"500\" height=\"404\" src=\"https:\/\/www.corius.de\/wp-content\/uploads\/2023\/06\/mvz-neurochirurgie-neuroradiologie-mainz-500x404.jpg\" class=\"img-fluid w-100\" alt=\"\" srcset=\"https:\/\/www.corius.de\/wp-content\/uploads\/2023\/06\/mvz-neurochirurgie-neuroradiologie-mainz-500x404.jpg 500w, https:\/\/www.corius.de\/wp-content\/uploads\/2023\/06\/mvz-neurochirurgie-neuroradiologie-mainz-600x485.jpg 600w, https:\/\/www.corius.de\/wp-content\/uploads\/2023\/06\/mvz-neurochirurgie-neuroradiologie-mainz-768x621.jpg 768w, https:\/\/www.corius.de\/wp-content\/uploads\/2023\/06\/mvz-neurochirurgie-neuroradiologie-mainz.jpg 1000w\" sizes=\"(max-width: 500px) 100vw, 500px\" \/>\n\t\t\t\t\t\t\t\t\t                                <\/div>\n\t\t\t\t\t\t\t\n                            <div class=\"postContent box-no-paddding h-100\">\n\n\t\t\t\t\t\t\t\t                                    <div class=\"box-post-category \">\n\t\t\t\t\t\t\t\t\t\t<span>Micro-neurosurgery<\/span>                                    <\/div>\n\t\t\t\t\t\t\t\t\n\n                                <p class=\"standort-title\">MVZ Bandscheibenpraxis Mainz<\/p>\n\n\t\t\t\t\t\t\t                                <div class=\"vorschau-text pb-1 \">\n\t\t\t\t\t\t\t\t\tDijonstrasse 38, 55122 Mainz                                <\/div>\n\t\t\t\t\t\t\t\n\t\t\t\t\t\t\t\t\t\t\t\t\t\t\t\t\t\t\t\t\t\t\t\t\t\t\t\t\t\t\n                        <\/div>\n                <\/div>\n\t\t\t\t                    <\/a>\n\t\t\t\t\n\t\t\t\t\n            <\/div>\n\n        <\/div>\n\t\t\n\t\t<\/div>\n\n\t\t       \n\t\t\t\t<\/div>\n\n\t\t\t<\/section>\n\n\n\n\n<div style=\"height:100px\" aria-hidden=\"true\" class=\"wp-block-spacer\"><\/div>\n","protected":false},"excerpt":{"rendered":"","protected":false},"author":1,"featured_media":0,"parent":10645,"menu_order":0,"comment_status":"closed","ping_status":"closed","template":"","meta":{"footnotes":""},"class_list":["post-10708","page","type-page","status-publish","hentry"],"acf":[],"_links":{"self":[{"href":"https:\/\/www.corius.de\/en\/wp-json\/wp\/v2\/pages\/10708","targetHints":{"allow":["GET"]}}],"collection":[{"href":"https:\/\/www.corius.de\/en\/wp-json\/wp\/v2\/pages"}],"about":[{"href":"https:\/\/www.corius.de\/en\/wp-json\/wp\/v2\/types\/page"}],"author":[{"embeddable":true,"href":"https:\/\/www.corius.de\/en\/wp-json\/wp\/v2\/users\/1"}],"replies":[{"embeddable":true,"href":"https:\/\/www.corius.de\/en\/wp-json\/wp\/v2\/comments?post=10708"}],"version-history":[{"count":8,"href":"https:\/\/www.corius.de\/en\/wp-json\/wp\/v2\/pages\/10708\/revisions"}],"predecessor-version":[{"id":19047,"href":"https:\/\/www.corius.de\/en\/wp-json\/wp\/v2\/pages\/10708\/revisions\/19047"}],"up":[{"embeddable":true,"href":"https:\/\/www.corius.de\/en\/wp-json\/wp\/v2\/pages\/10645"}],"wp:attachment":[{"href":"https:\/\/www.corius.de\/en\/wp-json\/wp\/v2\/media?parent=10708"}],"curies":[{"name":"wp","href":"https:\/\/api.w.org\/{rel}","templated":true}]}}